{"id":3376,"date":"2024-03-05T08:50:29","date_gmt":"2024-03-05T11:50:29","guid":{"rendered":"https:\/\/rtpd.com.br\/solucoes\/?page_id=3376"},"modified":"2025-04-14T13:23:05","modified_gmt":"2025-04-14T16:23:05","slug":"normas-da-anvisa-para-saloes-de-beleza-clinicas-e-barbearias","status":"publish","type":"page","link":"https:\/\/rtpd.com.br\/solucoes\/index.php\/normas-da-anvisa-para-saloes-de-beleza-clinicas-e-barbearias\/","title":{"rendered":"Normas da Anvisa para Sal\u00f5es de Beleza, Cl\u00ednicas e Barbearias\u200b"},"content":{"rendered":"\t\t<div data-elementor-type=\"wp-page\" data-elementor-id=\"3376\" class=\"elementor elementor-3376\" data-elementor-post-type=\"page\">\n\t\t\t\t\t\t<section class=\"elementor-section elementor-top-section elementor-element elementor-element-ab5082 elementor-section-content-middle elementor-reverse-mobile elementor-section-stretched elementor-section-boxed elementor-section-height-default elementor-section-height-default\" data-id=\"ab5082\" data-element_type=\"section\" data-settings=\"{&quot;background_background&quot;:&quot;gradient&quot;,&quot;stretch_section&quot;:&quot;section-stretched&quot;}\">\n\t\t\t\t\t\t\t<div class=\"elementor-background-overlay\"><\/div>\n\t\t\t\t\t\t\t<div class=\"elementor-container elementor-column-gap-default\">\n\t\t\t\t\t<div class=\"elementor-column elementor-col-50 elementor-top-column elementor-element elementor-element-3b3b46a4 elementor-invisible\" data-id=\"3b3b46a4\" data-element_type=\"column\" data-settings=\"{&quot;animation&quot;:&quot;fadeInLeft&quot;}\">\n\t\t\t<div class=\"elementor-widget-wrap elementor-element-populated\">\n\t\t\t\t\t\t<div class=\"elementor-element elementor-element-728db6e5 elementor-invisible elementor-widget elementor-widget-heading\" data-id=\"728db6e5\" data-element_type=\"widget\" data-settings=\"{&quot;_animation&quot;:&quot;fadeInUp&quot;,&quot;_animation_delay&quot;:200}\" data-widget_type=\"heading.default\">\n\t\t\t\t<div class=\"elementor-widget-container\">\n\t\t\t\t\t<h1 class=\"elementor-heading-title elementor-size-default\">Normas da Anvisa para Sal\u00f5es de Beleza,  Cl\u00ednicas e Barbearias<\/h1>\t\t\t\t<\/div>\n\t\t\t\t<\/div>\n\t\t\t\t<div class=\"elementor-element elementor-element-4a8e119c elementor-invisible elementor-widget elementor-widget-heading\" data-id=\"4a8e119c\" data-element_type=\"widget\" data-settings=\"{&quot;_animation&quot;:&quot;fadeInUp&quot;,&quot;_animation_delay&quot;:400}\" data-widget_type=\"heading.default\">\n\t\t\t\t<div class=\"elementor-widget-container\">\n\t\t\t\t\t<div class=\"elementor-heading-title elementor-size-default\">D\u00eduvidas e Orienta\u00e7\u00f5es Sobre Formaliza\u00e7\u00e3o<\/div>\t\t\t\t<\/div>\n\t\t\t\t<\/div>\n\t\t\t\t<div class=\"elementor-element elementor-element-78556d2c elementor-widget elementor-widget-text-editor\" data-id=\"78556d2c\" data-element_type=\"widget\" data-widget_type=\"text-editor.default\">\n\t\t\t\t<div class=\"elementor-widget-container\">\n\t\t\t\t\t\t\t\t\t<p><strong>Fique em Dia com as Normas da Anvisa<\/strong><\/p>\t\t\t\t\t\t\t\t<\/div>\n\t\t\t\t<\/div>\n\t\t\t\t<div class=\"elementor-element elementor-element-3e835fe9 elementor-widget elementor-widget-text-editor\" data-id=\"3e835fe9\" data-element_type=\"widget\" data-widget_type=\"text-editor.default\">\n\t\t\t\t<div class=\"elementor-widget-container\">\n\t\t\t\t\t\t\t\t\t<p>Nesta se\u00e7\u00e3o, apresentamos um resumo das normas e regulamenta\u00e7\u00f5es estabelecidas pela <b>Ag\u00eancia Nacional de Vigil\u00e2ncia Sanit\u00e1ria (Anvisa) <\/b>para garantir a seguran\u00e7a e a qualidade dos servi\u00e7os oferecidos em <b>sal\u00f5es de beleza, cl\u00ednicas est\u00e9ticas e barbearias<\/b>. Aqui, voc\u00ea encontrar\u00e1 informa\u00e7\u00f5es essenciais sobre higiene, esteriliza\u00e7\u00e3o de equipamentos, descarte adequado de res\u00edduos, cuidados com produtos qu\u00edmicos, entre outros aspectos relevantes para a prote\u00e7\u00e3o da sa\u00fade dos clientes e dos profissionais. <b>Estar em conformidade com as normas da Anvisa \u00e9 fundamental para garantir a confian\u00e7a e a credibilidade do seu estabelecimento<\/b>, al\u00e9m de demonstrar compromisso com a sa\u00fade p\u00fablica e o bem-estar da comunidade atendida.<\/p>\t\t\t\t\t\t\t\t<\/div>\n\t\t\t\t<\/div>\n\t\t\t\t\t<\/div>\n\t\t<\/div>\n\t\t\t\t<div class=\"elementor-column elementor-col-50 elementor-top-column elementor-element elementor-element-49739688\" data-id=\"49739688\" data-element_type=\"column\">\n\t\t\t<div class=\"elementor-widget-wrap elementor-element-populated\">\n\t\t\t\t\t\t<div class=\"elementor-element elementor-element-2a9fd27a elementor-arrows-position-inside elementor-pagination-position-outside elementor-widget elementor-widget-image-carousel\" data-id=\"2a9fd27a\" data-element_type=\"widget\" data-settings=\"{&quot;slides_to_show&quot;:&quot;1&quot;,&quot;navigation&quot;:&quot;both&quot;,&quot;autoplay&quot;:&quot;yes&quot;,&quot;pause_on_hover&quot;:&quot;yes&quot;,&quot;pause_on_interaction&quot;:&quot;yes&quot;,&quot;autoplay_speed&quot;:5000,&quot;infinite&quot;:&quot;yes&quot;,&quot;effect&quot;:&quot;slide&quot;,&quot;speed&quot;:500}\" data-widget_type=\"image-carousel.default\">\n\t\t\t\t<div class=\"elementor-widget-container\">\n\t\t\t\t\t\t\t<div class=\"elementor-image-carousel-wrapper swiper\" role=\"region\" aria-roledescription=\"carousel\" aria-label=\"Carrossel de imagens\" dir=\"ltr\">\n\t\t\t<div class=\"elementor-image-carousel swiper-wrapper swiper-image-stretch\" aria-live=\"off\">\n\t\t\t\t\t\t\t\t<div class=\"swiper-slide\" role=\"group\" aria-roledescription=\"slide\" aria-label=\"1 de 7\"><figure class=\"swiper-slide-inner\"><img decoding=\"async\" class=\"swiper-slide-image\" src=\"https:\/\/rtpd.com.br\/solucoes\/wp-content\/uploads\/2024\/02\/Padrao-de-Qualidade-Anvisa-12.png\" alt=\"POP - Procedimento Operacional Padr\u00e3o\u200b\" \/><\/figure><\/div><div class=\"swiper-slide\" role=\"group\" aria-roledescription=\"slide\" aria-label=\"2 de 7\"><figure class=\"swiper-slide-inner\"><img decoding=\"async\" class=\"swiper-slide-image\" src=\"https:\/\/rtpd.com.br\/solucoes\/wp-content\/uploads\/2024\/02\/Padrao-de-Qualidade-Anvisa-7.png\" alt=\"POP - Procedimento Operacional Padr\u00e3o\u200b\" \/><\/figure><\/div><div class=\"swiper-slide\" role=\"group\" aria-roledescription=\"slide\" aria-label=\"3 de 7\"><figure class=\"swiper-slide-inner\"><img decoding=\"async\" class=\"swiper-slide-image\" src=\"https:\/\/rtpd.com.br\/solucoes\/wp-content\/uploads\/2024\/02\/Padrao-de-Qualidade-Anvisa-9.png\" alt=\"POP para Barbearia Anvisa\" \/><\/figure><\/div><div class=\"swiper-slide\" role=\"group\" aria-roledescription=\"slide\" aria-label=\"4 de 7\"><figure class=\"swiper-slide-inner\"><img decoding=\"async\" class=\"swiper-slide-image\" src=\"https:\/\/rtpd.com.br\/solucoes\/wp-content\/uploads\/2024\/02\/Padrao-de-Qualidade-Anvisa-8.png\" alt=\"POP - Procedimento Operacional Padr\u00e3o\u200b\" \/><\/figure><\/div><div class=\"swiper-slide\" role=\"group\" aria-roledescription=\"slide\" aria-label=\"5 de 7\"><figure class=\"swiper-slide-inner\"><img decoding=\"async\" class=\"swiper-slide-image\" src=\"https:\/\/rtpd.com.br\/solucoes\/wp-content\/uploads\/2024\/02\/Padrao-de-Qualidade-Anvisa-16.png\" alt=\"Alerta NT Anvisa 2024: Servi\u00e7os de Est\u00e9tica e Embelezamento\" \/><\/figure><\/div><div class=\"swiper-slide\" role=\"group\" aria-roledescription=\"slide\" aria-label=\"6 de 7\"><figure class=\"swiper-slide-inner\"><img decoding=\"async\" class=\"swiper-slide-image\" src=\"https:\/\/rtpd.com.br\/solucoes\/wp-content\/uploads\/2024\/02\/Padrao-de-Qualidade-Anvisa-18.png\" alt=\"Confira a Lista de POPs Necess\u00e1rios para Cl\u00ednica de Est\u00e9tica\u200b\" \/><\/figure><\/div><div class=\"swiper-slide\" role=\"group\" aria-roledescription=\"slide\" aria-label=\"7 de 7\"><figure class=\"swiper-slide-inner\"><img decoding=\"async\" class=\"swiper-slide-image\" src=\"https:\/\/rtpd.com.br\/solucoes\/wp-content\/uploads\/2024\/02\/Padrao-de-Qualidade-Anvisa-5.png\" alt=\"POP - Procedimento Operacional Padr\u00e3o\u200b\" \/><\/figure><\/div>\t\t\t<\/div>\n\t\t\t\t\t\t\t\t\t\t\t\t<div class=\"elementor-swiper-button elementor-swiper-button-prev\" role=\"button\" tabindex=\"0\">\n\t\t\t\t\t\t<i aria-hidden=\"true\" class=\"eicon-chevron-left\"><\/i>\t\t\t\t\t<\/div>\n\t\t\t\t\t<div class=\"elementor-swiper-button elementor-swiper-button-next\" role=\"button\" tabindex=\"0\">\n\t\t\t\t\t\t<i aria-hidden=\"true\" class=\"eicon-chevron-right\"><\/i>\t\t\t\t\t<\/div>\n\t\t\t\t\n\t\t\t\t\t\t\t\t\t<div class=\"swiper-pagination\"><\/div>\n\t\t\t\t\t\t\t\t\t<\/div>\n\t\t\t\t\t\t<\/div>\n\t\t\t\t<\/div>\n\t\t\t\t\t<\/div>\n\t\t<\/div>\n\t\t\t\t\t<\/div>\n\t\t<\/section>\n\t\t\t\t<section class=\"elementor-section elementor-top-section elementor-element elementor-element-45be34d elementor-section-content-middle elementor-reverse-mobile elementor-section-stretched elementor-section-boxed elementor-section-height-default elementor-section-height-default\" data-id=\"45be34d\" data-element_type=\"section\" data-settings=\"{&quot;background_background&quot;:&quot;gradient&quot;,&quot;stretch_section&quot;:&quot;section-stretched&quot;}\">\n\t\t\t\t\t\t\t<div class=\"elementor-background-overlay\"><\/div>\n\t\t\t\t\t\t\t<div class=\"elementor-container elementor-column-gap-default\">\n\t\t\t\t\t<div class=\"elementor-column elementor-col-50 elementor-top-column elementor-element elementor-element-33ff285 elementor-invisible\" data-id=\"33ff285\" data-element_type=\"column\" data-settings=\"{&quot;animation&quot;:&quot;fadeInLeft&quot;}\">\n\t\t\t<div class=\"elementor-widget-wrap elementor-element-populated\">\n\t\t\t\t\t\t<div class=\"elementor-element elementor-element-4014466 elementor-invisible elementor-widget elementor-widget-heading\" data-id=\"4014466\" data-element_type=\"widget\" data-settings=\"{&quot;_animation&quot;:&quot;fadeInUp&quot;,&quot;_animation_delay&quot;:200}\" data-widget_type=\"heading.default\">\n\t\t\t\t<div class=\"elementor-widget-container\">\n\t\t\t\t\t<h1 class=\"elementor-heading-title elementor-size-default\">Sua Cl\u00ednica de Est\u00e9tica com Aplicativo Pr\u00f3prio e Personalizado<\/h1>\t\t\t\t<\/div>\n\t\t\t\t<\/div>\n\t\t\t\t<div class=\"elementor-element elementor-element-e6c81d2 elementor-invisible elementor-widget elementor-widget-heading\" data-id=\"e6c81d2\" data-element_type=\"widget\" data-settings=\"{&quot;_animation&quot;:&quot;fadeInUp&quot;,&quot;_animation_delay&quot;:400}\" data-widget_type=\"heading.default\">\n\t\t\t\t<div class=\"elementor-widget-container\">\n\t\t\t\t\t<div class=\"elementor-heading-title elementor-size-default\">Lan\u00e7amento  Exclusivo <b>Android &amp; iOS<\/b><\/div>\t\t\t\t<\/div>\n\t\t\t\t<\/div>\n\t\t\t\t<div class=\"elementor-element elementor-element-cce564d elementor-align-left elementor-mobile-align-center elementor-widget elementor-widget-button\" data-id=\"cce564d\" data-element_type=\"widget\" data-widget_type=\"button.default\">\n\t\t\t\t<div class=\"elementor-widget-container\">\n\t\t\t\t\t\t\t\t\t<div class=\"elementor-button-wrapper\">\n\t\t\t\t\t<a class=\"elementor-button elementor-button-link elementor-size-md\" href=\"https:\/\/rtpd.com.br\/solucoes\/index.php\/sua-clinica-de-estetica-com-aplicativo-proprio-e-personalizado\/\">\n\t\t\t\t\t\t<span class=\"elementor-button-content-wrapper\">\n\t\t\t\t\t\t<span class=\"elementor-button-icon\">\n\t\t\t\t<i aria-hidden=\"true\" class=\"fas fa-hand-point-right\"><\/i>\t\t\t<\/span>\n\t\t\t\t\t\t\t\t\t<span class=\"elementor-button-text\">Saiba Mais<\/span>\n\t\t\t\t\t<\/span>\n\t\t\t\t\t<\/a>\n\t\t\t\t<\/div>\n\t\t\t\t\t\t\t\t<\/div>\n\t\t\t\t<\/div>\n\t\t\t\t\t<\/div>\n\t\t<\/div>\n\t\t\t\t<div class=\"elementor-column elementor-col-50 elementor-top-column elementor-element elementor-element-65b6109\" data-id=\"65b6109\" data-element_type=\"column\">\n\t\t\t<div class=\"elementor-widget-wrap elementor-element-populated\">\n\t\t\t\t\t\t<div class=\"elementor-element elementor-element-ea950c8 elementor-widget elementor-widget-image-carousel\" data-id=\"ea950c8\" data-element_type=\"widget\" data-settings=\"{&quot;slides_to_show&quot;:&quot;1&quot;,&quot;navigation&quot;:&quot;none&quot;,&quot;autoplay_speed&quot;:3000,&quot;speed&quot;:1800,&quot;autoplay&quot;:&quot;yes&quot;,&quot;pause_on_hover&quot;:&quot;yes&quot;,&quot;pause_on_interaction&quot;:&quot;yes&quot;,&quot;infinite&quot;:&quot;yes&quot;,&quot;effect&quot;:&quot;slide&quot;}\" data-widget_type=\"image-carousel.default\">\n\t\t\t\t<div class=\"elementor-widget-container\">\n\t\t\t\t\t\t\t<div class=\"elementor-image-carousel-wrapper swiper\" role=\"region\" aria-roledescription=\"carousel\" aria-label=\"Carrossel de imagens\" dir=\"ltr\">\n\t\t\t<div class=\"elementor-image-carousel swiper-wrapper swiper-image-stretch\" aria-live=\"off\">\n\t\t\t\t\t\t\t\t<div class=\"swiper-slide\" role=\"group\" aria-roledescription=\"slide\" aria-label=\"1 de 2\"><figure class=\"swiper-slide-inner\"><img decoding=\"async\" class=\"swiper-slide-image\" src=\"https:\/\/rtpd.com.br\/solucoes\/wp-content\/uploads\/2025\/04\/Sua-Clinica-com-Aplicativo-Proprio-7.png\" alt=\"Sua Cl\u00ednica de Est\u00e9tica com Aplicativo Pr\u00f3prio e Personalizado\" \/><\/figure><\/div><div class=\"swiper-slide\" role=\"group\" aria-roledescription=\"slide\" aria-label=\"2 de 2\"><figure class=\"swiper-slide-inner\"><img decoding=\"async\" class=\"swiper-slide-image\" src=\"https:\/\/rtpd.com.br\/solucoes\/wp-content\/uploads\/2025\/04\/Sua-Clinica-com-Aplicativo-Proprio-4.png\" alt=\"Sua Cl\u00ednica de Est\u00e9tica com Aplicativo Pr\u00f3prio e Personalizado\" \/><\/figure><\/div>\t\t\t<\/div>\n\t\t\t\t\t\t\t\n\t\t\t\t\t\t\t\t\t<\/div>\n\t\t\t\t\t\t<\/div>\n\t\t\t\t<\/div>\n\t\t\t\t\t<\/div>\n\t\t<\/div>\n\t\t\t\t\t<\/div>\n\t\t<\/section>\n\t\t\t\t<section class=\"elementor-section elementor-top-section elementor-element elementor-element-70e4918c elementor-section-boxed elementor-section-height-default elementor-section-height-default\" data-id=\"70e4918c\" data-element_type=\"section\">\n\t\t\t\t\t\t<div class=\"elementor-container elementor-column-gap-default\">\n\t\t\t\t\t<div class=\"elementor-column elementor-col-100 elementor-top-column elementor-element elementor-element-2fb46eac\" data-id=\"2fb46eac\" data-element_type=\"column\">\n\t\t\t<div class=\"elementor-widget-wrap elementor-element-populated\">\n\t\t\t\t\t\t<div class=\"elementor-element elementor-element-72c2056d elementor-headline--style-highlight elementor-widget elementor-widget-animated-headline\" data-id=\"72c2056d\" data-element_type=\"widget\" data-settings=\"{&quot;highlighted_text&quot;:&quot;Embelezamento&quot;,&quot;headline_style&quot;:&quot;highlight&quot;,&quot;marker&quot;:&quot;circle&quot;,&quot;loop&quot;:&quot;yes&quot;,&quot;highlight_animation_duration&quot;:1200,&quot;highlight_iteration_delay&quot;:8000}\" data-widget_type=\"animated-headline.default\">\n\t\t\t\t<div class=\"elementor-widget-container\">\n\t\t\t\t\t\t\t<h3 class=\"elementor-headline\">\n\t\t\t\t\t<span class=\"elementor-headline-plain-text elementor-headline-text-wrapper\">Principais D\u00favidas Sobre as Normas da Anvisa<\/span>\n\t\t\t\t<span class=\"elementor-headline-dynamic-wrapper elementor-headline-text-wrapper\">\n\t\t\t\t\t<span class=\"elementor-headline-dynamic-text elementor-headline-text-active\">Embelezamento<\/span>\n\t\t\t\t<\/span>\n\t\t\t\t<\/h3>\n\t\t\t\t\t\t<\/div>\n\t\t\t\t<\/div>\n\t\t\t\t<div class=\"elementor-element elementor-element-7faaa893 elementor-widget elementor-widget-accordion\" data-id=\"7faaa893\" data-element_type=\"widget\" data-widget_type=\"accordion.default\">\n\t\t\t\t<div class=\"elementor-widget-container\">\n\t\t\t\t\t\t\t<div class=\"elementor-accordion\">\n\t\t\t\t\t\t\t<div class=\"elementor-accordion-item\">\n\t\t\t\t\t<div id=\"elementor-tab-title-2141\" class=\"elementor-tab-title\" data-tab=\"1\" role=\"button\" aria-controls=\"elementor-tab-content-2141\" aria-expanded=\"false\">\n\t\t\t\t\t\t\t\t\t\t\t\t\t<span class=\"elementor-accordion-icon elementor-accordion-icon-left\" aria-hidden=\"true\">\n\t\t\t\t\t\t\t\t\t\t\t\t\t\t\t<span class=\"elementor-accordion-icon-closed\"><i class=\"fas fa-caret-down\"><\/i><\/span>\n\t\t\t\t\t\t\t\t<span class=\"elementor-accordion-icon-opened\"><i class=\"fas fa-caret-up\"><\/i><\/span>\n\t\t\t\t\t\t\t\t\t\t\t\t\t\t<\/span>\n\t\t\t\t\t\t\t\t\t\t\t\t<a class=\"elementor-accordion-title\" tabindex=\"0\">O que s\u00e3o Servi\u00e7os de Interesse para a Sa\u00fade?<\/a>\n\t\t\t\t\t<\/div>\n\t\t\t\t\t<div id=\"elementor-tab-content-2141\" class=\"elementor-tab-content elementor-clearfix\" data-tab=\"1\" role=\"region\" aria-labelledby=\"elementor-tab-title-2141\"><p>S\u00e3o atividades em que h\u00e1 presta\u00e7\u00e3o de assist\u00eancia ao indiv\u00edduo ou \u00e0 popula\u00e7\u00e3o humana que possa alterar o seu estado de sa\u00fade, onde a realiza\u00e7\u00e3o destes servi\u00e7os pode ser exercida por distintos profissionais, n\u00e3o necessariamente da \u00e1rea de sa\u00fade.<br \/><br \/><\/p><p>Por\u00e9m, Servi\u00e7os de Sa\u00fade s\u00e3o as atividades em que h\u00e1 presta\u00e7\u00e3o de assist\u00eancia ao indiv\u00edduo ou \u00e0 popula\u00e7\u00e3o humana que possa alterar o seu estado de sa\u00fade, objetivando a preven\u00e7\u00e3o e o diagn\u00f3stico de doen\u00e7as, o tratamento, a recupera\u00e7\u00e3o, a est\u00e9tica ou a reabilita\u00e7\u00e3o, realizada obrigatoriamente por profissional de sa\u00fade ou sob sua supervis\u00e3o.<br \/><br \/><\/p><p>A Vigil\u00e2ncia Sanit\u00e1ria de Servi\u00e7os de Interesse da Sa\u00fade tem como objetivos verificar e promover a ades\u00e3o \u00e0s normas e aos regulamentos t\u00e9cnicos vigentes, avaliar as condi\u00e7\u00f5es de funcionamento e identificar os riscos e os danos \u00e0 sa\u00fade dos usu\u00e1rios, dos trabalhadores e do meio ambiente destes estabelecimentos.<\/p><p>Entre os servi\u00e7os considerados de interesse para a sa\u00fade est\u00e3o os sal\u00f5es de beleza, estabelecimentos de tatuagem e piercing, comunidades terap\u00eauticas, institui\u00e7\u00f5es de longa perman\u00eancia para idosos, entre outros.<br \/><br \/><\/p><p>De acordo com a NR 6, considera-se Equipamento de Prote\u00e7\u00e3o Individual: \u201ctodo dispositivo ou produto, de uso individual utilizado pelo trabalhador, destinado \u00e0 prote\u00e7\u00e3o de riscos suscet\u00edveis de amea\u00e7ar a seguran\u00e7a e sa\u00fade no trabalho.\u201d<\/p><\/div>\n\t\t\t\t<\/div>\n\t\t\t\t\t\t\t<div class=\"elementor-accordion-item\">\n\t\t\t\t\t<div id=\"elementor-tab-title-2142\" class=\"elementor-tab-title\" data-tab=\"2\" role=\"button\" aria-controls=\"elementor-tab-content-2142\" aria-expanded=\"false\">\n\t\t\t\t\t\t\t\t\t\t\t\t\t<span class=\"elementor-accordion-icon elementor-accordion-icon-left\" aria-hidden=\"true\">\n\t\t\t\t\t\t\t\t\t\t\t\t\t\t\t<span class=\"elementor-accordion-icon-closed\"><i class=\"fas fa-caret-down\"><\/i><\/span>\n\t\t\t\t\t\t\t\t<span class=\"elementor-accordion-icon-opened\"><i class=\"fas fa-caret-up\"><\/i><\/span>\n\t\t\t\t\t\t\t\t\t\t\t\t\t\t<\/span>\n\t\t\t\t\t\t\t\t\t\t\t\t<a class=\"elementor-accordion-title\" tabindex=\"0\">O que s\u00e3o atividades de embelezamento?<\/a>\n\t\t\t\t\t<\/div>\n\t\t\t\t\t<div id=\"elementor-tab-content-2142\" class=\"elementor-tab-content elementor-clearfix\" data-tab=\"2\" role=\"region\" aria-labelledby=\"elementor-tab-title-2142\"><p>S\u00e3o consideradas atividades de embelezamento as de corte, penteado, alisamento, colora\u00e7\u00e3o, descolora\u00e7\u00e3o, alongamento, hidrata\u00e7\u00e3o e nutri\u00e7\u00e3o de cabelos, barba, embelezamento de m\u00e3os e p\u00e9s, depila\u00e7\u00f5es, embelezamento dos olhos, maquiagem, est\u00e9tica corporal, capilar e facial.<\/p><\/div>\n\t\t\t\t<\/div>\n\t\t\t\t\t\t\t<div class=\"elementor-accordion-item\">\n\t\t\t\t\t<div id=\"elementor-tab-title-2143\" class=\"elementor-tab-title\" data-tab=\"3\" role=\"button\" aria-controls=\"elementor-tab-content-2143\" aria-expanded=\"false\">\n\t\t\t\t\t\t\t\t\t\t\t\t\t<span class=\"elementor-accordion-icon elementor-accordion-icon-left\" aria-hidden=\"true\">\n\t\t\t\t\t\t\t\t\t\t\t\t\t\t\t<span class=\"elementor-accordion-icon-closed\"><i class=\"fas fa-caret-down\"><\/i><\/span>\n\t\t\t\t\t\t\t\t<span class=\"elementor-accordion-icon-opened\"><i class=\"fas fa-caret-up\"><\/i><\/span>\n\t\t\t\t\t\t\t\t\t\t\t\t\t\t<\/span>\n\t\t\t\t\t\t\t\t\t\t\t\t<a class=\"elementor-accordion-title\" tabindex=\"0\">Quais s\u00e3o os procedimentos perante a Vigil\u00e2ncia Sanit\u00e1ria para a regulariza\u00e7\u00e3o de um servi\u00e7o de embelezamento?<\/a>\n\t\t\t\t\t<\/div>\n\t\t\t\t\t<div id=\"elementor-tab-content-2143\" class=\"elementor-tab-content elementor-clearfix\" data-tab=\"3\" role=\"region\" aria-labelledby=\"elementor-tab-title-2143\"><p>A\u00e7\u00f5es como a fiscaliza\u00e7\u00e3o, a emiss\u00e3o de alvar\u00e1 de licenciamento e a instaura\u00e7\u00e3o, caso necess\u00e1rio, de processo administrativo para apura\u00e7\u00e3o de infra\u00e7\u00f5es sanit\u00e1rias em servi\u00e7os de interesse para a sa\u00fade, constituem compet\u00eancias do \u00f3rg\u00e3o de vigil\u00e2ncia sanit\u00e1ria local. Al\u00e9m disso, estados e munic\u00edpios possuem compet\u00eancia para normatizar quest\u00f5es de Vigil\u00e2ncia Sanit\u00e1ria de maneira complementar \u00e0 Uni\u00e3o, al\u00e9m de possu\u00edrem procedimentos administrativos pr\u00f3prios. Portanto, sempre orientamos o contato com a vigil\u00e2ncia sanit\u00e1ria municipal onde estar\u00e1 localizado o estabelecimento a fim de verificar o processo de regulariza\u00e7\u00e3o passo-a-passo.<\/p><\/div>\n\t\t\t\t<\/div>\n\t\t\t\t\t\t\t<div class=\"elementor-accordion-item\">\n\t\t\t\t\t<div id=\"elementor-tab-title-2144\" class=\"elementor-tab-title\" data-tab=\"4\" role=\"button\" aria-controls=\"elementor-tab-content-2144\" aria-expanded=\"false\">\n\t\t\t\t\t\t\t\t\t\t\t\t\t<span class=\"elementor-accordion-icon elementor-accordion-icon-left\" aria-hidden=\"true\">\n\t\t\t\t\t\t\t\t\t\t\t\t\t\t\t<span class=\"elementor-accordion-icon-closed\"><i class=\"fas fa-caret-down\"><\/i><\/span>\n\t\t\t\t\t\t\t\t<span class=\"elementor-accordion-icon-opened\"><i class=\"fas fa-caret-up\"><\/i><\/span>\n\t\t\t\t\t\t\t\t\t\t\t\t\t\t<\/span>\n\t\t\t\t\t\t\t\t\t\t\t\t<a class=\"elementor-accordion-title\" tabindex=\"0\">Existe uma Legisla\u00e7\u00e3o Federal sobre atividades de embelezamento?<\/a>\n\t\t\t\t\t<\/div>\n\t\t\t\t\t<div id=\"elementor-tab-content-2144\" class=\"elementor-tab-content elementor-clearfix\" data-tab=\"4\" role=\"region\" aria-labelledby=\"elementor-tab-title-2144\"><p>O exerc\u00edcio das atividades profissionais de cabeleireiro, barbeiro, esteticista, manicure, pedicure, depilador e maquiador foi regulamentado pela Lei n\u00ba 12.592, de 18 de janeiro de 2012. Conforme o art. 4\u00ba da Lei, \u00e9 responsabilidade desses profissionais efetuar a esteriliza\u00e7\u00e3o de materiais e utens\u00edlios utilizados no atendimento a seus clientes. Atualmente, as normas sanit\u00e1rias espec\u00edficas para estas \u00e1reas s\u00e3o definidas por estados e munic\u00edpios. Os sal\u00f5es de beleza s\u00e3o considerados estabelecimentos de interesse da sa\u00fade. N\u00e3o h\u00e1 norma da Anvisa at\u00e9 o presente momento sobre as atividades de embelezamento, e assim orientamos procurar o \u00f3rg\u00e3o local de vigil\u00e2ncia sanit\u00e1ria. Os contatos das visas locais est\u00e3o dispon\u00edveis para consulta no portal da Anvisa.<\/p><\/div>\n\t\t\t\t<\/div>\n\t\t\t\t\t\t\t<div class=\"elementor-accordion-item\">\n\t\t\t\t\t<div id=\"elementor-tab-title-2145\" class=\"elementor-tab-title\" data-tab=\"5\" role=\"button\" aria-controls=\"elementor-tab-content-2145\" aria-expanded=\"false\">\n\t\t\t\t\t\t\t\t\t\t\t\t\t<span class=\"elementor-accordion-icon elementor-accordion-icon-left\" aria-hidden=\"true\">\n\t\t\t\t\t\t\t\t\t\t\t\t\t\t\t<span class=\"elementor-accordion-icon-closed\"><i class=\"fas fa-caret-down\"><\/i><\/span>\n\t\t\t\t\t\t\t\t<span class=\"elementor-accordion-icon-opened\"><i class=\"fas fa-caret-up\"><\/i><\/span>\n\t\t\t\t\t\t\t\t\t\t\t\t\t\t<\/span>\n\t\t\t\t\t\t\t\t\t\t\t\t<a class=\"elementor-accordion-title\" tabindex=\"0\">Qual legisla\u00e7\u00e3o sanit\u00e1ria estabelece os crit\u00e9rios para aprova\u00e7\u00e3o de projeto arquitet\u00f4nico para obten\u00e7\u00e3o do alvar\u00e1 de sa\u00fade para estabelecimentos de est\u00e9tica que realizam procedimentos como criolip\u00f3lise, drenagem linf\u00e1tica, dentre outros?<\/a>\n\t\t\t\t\t<\/div>\n\t\t\t\t\t<div id=\"elementor-tab-content-2145\" class=\"elementor-tab-content elementor-clearfix\" data-tab=\"5\" role=\"region\" aria-labelledby=\"elementor-tab-title-2145\"><p>A aprova\u00e7\u00e3o de projeto b\u00e1sico arquitet\u00f4nico, anterior ao licenciamento, \u00e9 em geral um requisito para o servi\u00e7o de sa\u00fade. N\u00e3o existe em \u00e2mbito federal obrigatoriedade de aprova\u00e7\u00e3o do projeto b\u00e1sico arquitet\u00f4nico para servi\u00e7os de est\u00e9tica que n\u00e3o executem atividades restritas a profissionais de sa\u00fade, ou seja, aqueles que n\u00e3o fazem procedimentos invasivos ou uso de medicamentos. Contudo, estados e munic\u00edpios possuem tamb\u00e9m compet\u00eancia para regulamentar quest\u00f5es de vigil\u00e2ncia sanit\u00e1ria, e assim \u00e9 poss\u00edvel que exista normas mais restritivas (isto \u00e9, mais exigentes) em sua localidade. Neste sentido, orientamos para que seja feito contato com a Vigil\u00e2ncia Sanit\u00e1ria de seu munic\u00edpio.<\/p><\/div>\n\t\t\t\t<\/div>\n\t\t\t\t\t\t\t<div class=\"elementor-accordion-item\">\n\t\t\t\t\t<div id=\"elementor-tab-title-2146\" class=\"elementor-tab-title\" data-tab=\"6\" role=\"button\" aria-controls=\"elementor-tab-content-2146\" aria-expanded=\"false\">\n\t\t\t\t\t\t\t\t\t\t\t\t\t<span class=\"elementor-accordion-icon elementor-accordion-icon-left\" aria-hidden=\"true\">\n\t\t\t\t\t\t\t\t\t\t\t\t\t\t\t<span class=\"elementor-accordion-icon-closed\"><i class=\"fas fa-caret-down\"><\/i><\/span>\n\t\t\t\t\t\t\t\t<span class=\"elementor-accordion-icon-opened\"><i class=\"fas fa-caret-up\"><\/i><\/span>\n\t\t\t\t\t\t\t\t\t\t\t\t\t\t<\/span>\n\t\t\t\t\t\t\t\t\t\t\t\t<a class=\"elementor-accordion-title\" tabindex=\"0\">A RDC 50\/2002, que traz crit\u00e9rios de infraestrutura para os servi\u00e7os de sa\u00fade, \u00e9 aplic\u00e1vel aos servi\u00e7os de embelezamento?<\/a>\n\t\t\t\t\t<\/div>\n\t\t\t\t\t<div id=\"elementor-tab-content-2146\" class=\"elementor-tab-content elementor-clearfix\" data-tab=\"6\" role=\"region\" aria-labelledby=\"elementor-tab-title-2146\"><p>Primeiramente esclarecemos que Servi\u00e7os de Interesse para a Sa\u00fade s\u00e3o atividades em que h\u00e1 presta\u00e7\u00e3o de assist\u00eancia ao indiv\u00edduo ou \u00e0 popula\u00e7\u00e3o humana que possa alterar o seu estado de sa\u00fade, onde a responsabilidade por estes servi\u00e7os pode ser exercida por distintos profissionais, n\u00e3o necessariamente da \u00e1rea de sa\u00fade. J\u00e1 os Servi\u00e7os de Sa\u00fade s\u00e3o as atividades em que h\u00e1 presta\u00e7\u00e3o de assist\u00eancia ao indiv\u00edduo ou \u00e0 popula\u00e7\u00e3o humana que possa alterar o seu estado de sa\u00fade, objetivando a preven\u00e7\u00e3o e o diagn\u00f3stico de doen\u00e7as, o tratamento, a recupera\u00e7\u00e3o, a est\u00e9tica ou a reabilita\u00e7\u00e3o, realizada obrigatoriamente por profissional de sa\u00fade ou sob sua supervis\u00e3o.<br \/><br \/><\/p><p>Dito isso, em regra os servi\u00e7os de embelezamento n\u00e3o se enquadram como servi\u00e7os de sa\u00fade uma vez que a grande maioria n\u00e3o executa atividades privativas de profissionais de sa\u00fade. Caso o servi\u00e7o de embelezamento execute tais atividades se torna um servi\u00e7o de sa\u00fade e, portanto, aplica-se a RDC 50 de 2002 e demais normas pertinentes ao servi\u00e7o de sa\u00fade.<\/p><\/div>\n\t\t\t\t<\/div>\n\t\t\t\t\t\t\t<div class=\"elementor-accordion-item\">\n\t\t\t\t\t<div id=\"elementor-tab-title-2147\" class=\"elementor-tab-title\" data-tab=\"7\" role=\"button\" aria-controls=\"elementor-tab-content-2147\" aria-expanded=\"false\">\n\t\t\t\t\t\t\t\t\t\t\t\t\t<span class=\"elementor-accordion-icon elementor-accordion-icon-left\" aria-hidden=\"true\">\n\t\t\t\t\t\t\t\t\t\t\t\t\t\t\t<span class=\"elementor-accordion-icon-closed\"><i class=\"fas fa-caret-down\"><\/i><\/span>\n\t\t\t\t\t\t\t\t<span class=\"elementor-accordion-icon-opened\"><i class=\"fas fa-caret-up\"><\/i><\/span>\n\t\t\t\t\t\t\t\t\t\t\t\t\t\t<\/span>\n\t\t\t\t\t\t\t\t\t\t\t\t<a class=\"elementor-accordion-title\" tabindex=\"0\">Qual a forma correta para a desinfec\u00e7\u00e3o ou esteriliza\u00e7\u00e3o dos materiais utilizados nas atividades de embelezamento? O uso de estufa est\u00e1 proibido?<\/a>\n\t\t\t\t\t<\/div>\n\t\t\t\t\t<div id=\"elementor-tab-content-2147\" class=\"elementor-tab-content elementor-clearfix\" data-tab=\"7\" role=\"region\" aria-labelledby=\"elementor-tab-title-2147\"><p>N\u00e3o existe norma sanit\u00e1ria federal sobre as atividades de embelezamento, por\u00e9m, esses servi\u00e7os est\u00e3o sujeitos \u00e0 fiscaliza\u00e7\u00e3o e regulamenta\u00e7\u00e3o pelas vigil\u00e2ncias sanit\u00e1rias de estados e munic\u00edpios.<br \/><br \/><\/p><p>As vigil\u00e2ncias sanit\u00e1rias de estados e munic\u00edpios s\u00e3o os \u00f3rg\u00e3os respons\u00e1veis pela fiscaliza\u00e7\u00e3o dos estabelecimentos de interesse \u00e0 sa\u00fade, sendo que estados e munic\u00edpios podem elaborar normas locais para tais servi\u00e7os. Em caso de d\u00favidas sobre o funcionamento de tais servi\u00e7os ou mesmo de den\u00fancias, recomenda-se contatar a visa local. Os contatos das Visas locais est\u00e3o dispon\u00edveis para consulta no portal da Anvisa.<br \/><br \/><\/p><p>Quanto \u00e0 esteriliza\u00e7\u00e3o de materiais met\u00e1licos que podem entrar em contato com sangue (por exemplo, alicates e esp\u00e1tulas), na aus\u00eancia de regulamenta\u00e7\u00e3o nacional e regional, recomenda-se utilizar m\u00e9todos de esteriliza\u00e7\u00e3o reconhecidos, com efic\u00e1cia comprovada e que sejam pass\u00edveis de controle e valida\u00e7\u00e3o. Para artigos que entram em contato com sangue, orienta-se o uso da autoclave, que \u00e9 mais eficiente na esteriliza\u00e7\u00e3o do que a estufa. Na autoclave, a esteriliza\u00e7\u00e3o \u00e9 feita por vapor sob press\u00e3o. Chamamos a aten\u00e7\u00e3o para que caso se decida pela utiliza\u00e7\u00e3o da autoclave que se verifique que realmente se trata de um equipamento que utiliza vapor saturado sob press\u00e3o, pois temos recebido queixas acerca de comerciantes que vendem supostos esterilizadores que utilizam outras metodologias que n\u00e3o o vapor saturado sob press\u00e3o e mesmo assim os tem denominado erroneamente de autoclave.<br \/><br \/><\/p><p>Al\u00e9m disso, atualmente, a esteriliza\u00e7\u00e3o em estufas (calor seco) \u00e9 recomendada para \u00f3leos e p\u00f3s na \u00e1rea m\u00e9dica. N\u00e3o orientamos, contudo, o uso da estufa para outros materiais, pois o processo de esteriliza\u00e7\u00e3o em estufas \u00e9 menos seguro do que em autoclaves, uma vez que exige longa perman\u00eancia e altas temperaturas, podendo ocorrer falhas no processo de esteriliza\u00e7\u00e3o, al\u00e9m disso os equipamentos utilizados atualmente n\u00e3o s\u00e3o automatizados, n\u00e3o permitem registros confi\u00e1veis dos par\u00e2metros f\u00edsicos do processo, permitem a interrup\u00e7\u00e3o do processo e o monitoramento biol\u00f3gico \u00e9 complexo.<br \/><br \/><\/p><p><b>OBJETIVO:<\/b><\/p><p>O objetivo do dermaplaning \u00e9 proporcionar uma esfolia\u00e7\u00e3o profunda e remo\u00e7\u00e3o suave do pelo facial, promovendo a renova\u00e7\u00e3o celular, melhorando a textura da pele, estimulando a produ\u00e7\u00e3o de col\u00e1geno e permitindo uma melhor absor\u00e7\u00e3o de produtos de cuidados com a pele.<\/p><\/div>\n\t\t\t\t<\/div>\n\t\t\t\t\t\t\t<div class=\"elementor-accordion-item\">\n\t\t\t\t\t<div id=\"elementor-tab-title-2148\" class=\"elementor-tab-title\" data-tab=\"8\" role=\"button\" aria-controls=\"elementor-tab-content-2148\" aria-expanded=\"false\">\n\t\t\t\t\t\t\t\t\t\t\t\t\t<span class=\"elementor-accordion-icon elementor-accordion-icon-left\" aria-hidden=\"true\">\n\t\t\t\t\t\t\t\t\t\t\t\t\t\t\t<span class=\"elementor-accordion-icon-closed\"><i class=\"fas fa-caret-down\"><\/i><\/span>\n\t\t\t\t\t\t\t\t<span class=\"elementor-accordion-icon-opened\"><i class=\"fas fa-caret-up\"><\/i><\/span>\n\t\t\t\t\t\t\t\t\t\t\t\t\t\t<\/span>\n\t\t\t\t\t\t\t\t\t\t\t\t<a class=\"elementor-accordion-title\" tabindex=\"0\">Quais s\u00e3o os procedimentos est\u00e9ticos permitidos no Brasil?<\/a>\n\t\t\t\t\t<\/div>\n\t\t\t\t\t<div id=\"elementor-tab-content-2148\" class=\"elementor-tab-content elementor-clearfix\" data-tab=\"8\" role=\"region\" aria-labelledby=\"elementor-tab-title-2148\"><p>N\u00e3o \u00e9 da compet\u00eancia da Ag\u00eancia Nacional de Vigil\u00e2ncia Sanit\u00e1ria (Anvisa) regular procedimentos em si, mas sim de Conselhos Profissionais. O que \u00e9 atribui\u00e7\u00e3o da Ag\u00eancia \u00e9 a regula\u00e7\u00e3o dos aspectos sanit\u00e1rios que envolvem a realiza\u00e7\u00e3o das atividades, cabendo ainda \u00e0 vigil\u00e2ncia sanit\u00e1ria a constata\u00e7\u00e3o da exist\u00eancia de profissional legalmente habilitado no estabelecimento, conforme diretrizes legais.<\/p><p><b>OBJETIVO:<\/b><\/p><p>O objetivo da depila\u00e7\u00e3o com cera quente \u00e9 remover os pelos indesejados de forma eficaz e duradoura, deixando a pele suave e sem pelos por v\u00e1rias semanas. Al\u00e9m disso, esse m\u00e9todo de depila\u00e7\u00e3o tamb\u00e9m pode enfraquecer os pelos ao longo do tempo, fazendo com que cres\u00e7am mais finos e mais lentamente.<\/p><\/div>\n\t\t\t\t<\/div>\n\t\t\t\t\t\t\t<div class=\"elementor-accordion-item\">\n\t\t\t\t\t<div id=\"elementor-tab-title-2149\" class=\"elementor-tab-title\" data-tab=\"9\" role=\"button\" aria-controls=\"elementor-tab-content-2149\" aria-expanded=\"false\">\n\t\t\t\t\t\t\t\t\t\t\t\t\t<span class=\"elementor-accordion-icon elementor-accordion-icon-left\" aria-hidden=\"true\">\n\t\t\t\t\t\t\t\t\t\t\t\t\t\t\t<span class=\"elementor-accordion-icon-closed\"><i class=\"fas fa-caret-down\"><\/i><\/span>\n\t\t\t\t\t\t\t\t<span class=\"elementor-accordion-icon-opened\"><i class=\"fas fa-caret-up\"><\/i><\/span>\n\t\t\t\t\t\t\t\t\t\t\t\t\t\t<\/span>\n\t\t\t\t\t\t\t\t\t\t\t\t<a class=\"elementor-accordion-title\" tabindex=\"0\">Quais as normas e procedimentos exigidos para sal\u00f5es de beleza, bem como cl\u00ednicas de est\u00e9tica, sobre a venda de alimentos nestes locais?<\/a>\n\t\t\t\t\t<\/div>\n\t\t\t\t\t<div id=\"elementor-tab-content-2149\" class=\"elementor-tab-content elementor-clearfix\" data-tab=\"9\" role=\"region\" aria-labelledby=\"elementor-tab-title-2149\"><p>Atualmente, as normas sanit\u00e1rias espec\u00edficas para estas atividades s\u00e3o definidas por estados e munic\u00edpios. Logo, \u00e9 necess\u00e1rio consultar a vigil\u00e2ncia sanit\u00e1ria local, inclusive no que tange ao com\u00e9rcio de bebidas e alimentos nesses estabelecimentos, pois haver\u00e1 necessidade de licenciamento tamb\u00e9m desta atividade. Importante destacar que, caso haja manipula\u00e7\u00e3o de alimentos no local, devem ser observadas n\u00e3o s\u00f3 as normas sanit\u00e1rias referentes aos servi\u00e7os de embelezamento, mas tamb\u00e9m as boas-pr\u00e1ticas que envolvem os alimentos, reguladas principalmente pela RDC Anvisa n\u00b0 216 de 2004<\/p><\/div>\n\t\t\t\t<\/div>\n\t\t\t\t\t\t\t<div class=\"elementor-accordion-item\">\n\t\t\t\t\t<div id=\"elementor-tab-title-21410\" class=\"elementor-tab-title\" data-tab=\"10\" role=\"button\" aria-controls=\"elementor-tab-content-21410\" aria-expanded=\"false\">\n\t\t\t\t\t\t\t\t\t\t\t\t\t<span class=\"elementor-accordion-icon elementor-accordion-icon-left\" aria-hidden=\"true\">\n\t\t\t\t\t\t\t\t\t\t\t\t\t\t\t<span class=\"elementor-accordion-icon-closed\"><i class=\"fas fa-caret-down\"><\/i><\/span>\n\t\t\t\t\t\t\t\t<span class=\"elementor-accordion-icon-opened\"><i class=\"fas fa-caret-up\"><\/i><\/span>\n\t\t\t\t\t\t\t\t\t\t\t\t\t\t<\/span>\n\t\t\t\t\t\t\t\t\t\t\t\t<a class=\"elementor-accordion-title\" tabindex=\"0\">Existem normas para as vestimentas dos profissionais que realizam as atividades de embelezamento?<\/a>\n\t\t\t\t\t<\/div>\n\t\t\t\t\t<div id=\"elementor-tab-content-21410\" class=\"elementor-tab-content elementor-clearfix\" data-tab=\"10\" role=\"region\" aria-labelledby=\"elementor-tab-title-21410\"><p>A Anvisa recomenda como medida de boas pr\u00e1ticas o uso de uniforme de cor clara, pois evidencia melhor as sujidades e o uso de sapatos fechados (pela possibilidade de materiais perfurocortantes \u2013 alicates de unha, por exemplo \u2013 poderem cair e atingir os p\u00e9s do profissional). Contudo, pelo fato de estados e munic\u00edpios serem respons\u00e1veis pelas a\u00e7\u00f5es de licenciamento e fiscaliza\u00e7\u00e3o de tais atividades orientamos que seja feito contato com o \u00f3rg\u00e3o de vigil\u00e2ncia sanit\u00e1ria de sua localidade, principalmente em virtude ainda de aus\u00eancia de norma sanit\u00e1ria federal espec\u00edfica. Os contatos (telefones e endere\u00e7os) desses \u00f3rg\u00e3os podem ser obtidos por meio do Portal da Anvisa.<\/p><\/div>\n\t\t\t\t<\/div>\n\t\t\t\t\t\t\t<div class=\"elementor-accordion-item\">\n\t\t\t\t\t<div id=\"elementor-tab-title-21411\" class=\"elementor-tab-title\" data-tab=\"11\" role=\"button\" aria-controls=\"elementor-tab-content-21411\" aria-expanded=\"false\">\n\t\t\t\t\t\t\t\t\t\t\t\t\t<span class=\"elementor-accordion-icon elementor-accordion-icon-left\" aria-hidden=\"true\">\n\t\t\t\t\t\t\t\t\t\t\t\t\t\t\t<span class=\"elementor-accordion-icon-closed\"><i class=\"fas fa-caret-down\"><\/i><\/span>\n\t\t\t\t\t\t\t\t<span class=\"elementor-accordion-icon-opened\"><i class=\"fas fa-caret-up\"><\/i><\/span>\n\t\t\t\t\t\t\t\t\t\t\t\t\t\t<\/span>\n\t\t\t\t\t\t\t\t\t\t\t\t<a class=\"elementor-accordion-title\" tabindex=\"0\">Quais as diretrizes existentes em n\u00edvel federal para o funcionamento de um servi\u00e7o de embelezamento relacionadas a equipamentos, cosm\u00e9ticos, uniformes, EPIs e res\u00edduos?<\/a>\n\t\t\t\t\t<\/div>\n\t\t\t\t\t<div id=\"elementor-tab-content-21411\" class=\"elementor-tab-content elementor-clearfix\" data-tab=\"11\" role=\"region\" aria-labelledby=\"elementor-tab-title-21411\"><p>Quanto aos equipamentos e cosm\u00e9ticos a serem utilizados, ressaltamos que todos eles devem estar regularizados perante a Anvisa.<br \/><br \/><\/p><p>Os EPIs s\u00e3o s\u00e3o pressupostos b\u00e1sicos de biosseguran\u00e7a e boas pr\u00e1ticas, portanto \u00e9 imprescind\u00edvel o seu uso. Nesse sentido, a Anvisa recomenda como medida de Boas Pr\u00e1ticas o uso de uniforme de cor clara (pois evidencia melhor as sujidades) e uso de sapatos fechados (pela possibilidade de materiais perfurocortantes \u2013 alicates de unha, por exemplo \u2013 poderem cair e atingir os p\u00e9s do profissional).<br \/><br \/><\/p><p>No que se refere aos res\u00edduos gerados pelo estabelecimento, ressaltamos que devem ser observadas as disposi\u00e7\u00f5es da RDC 222\/2018 (que trata do gerenciamento de res\u00edduos em servi\u00e7os de sa\u00fade e assemelhados).<br \/><br \/><\/p><p>Por fim, orientamos que, principalmente em virtude ainda de aus\u00eancia de norma sanit\u00e1ria federal espec\u00edfica para os servi\u00e7os de embelezamento, seja consultada a vigil\u00e2ncia sanit\u00e1ria de sua localidade, uma vez que Estados e Munic\u00edpios normatizam quest\u00f5es de vigil\u00e2ncia sanit\u00e1ria complementarmente \u00e0 esfera federal. Imprescind\u00edvel, portanto, a consulta \u00e0 vigil\u00e2ncia sanit\u00e1ria local para o esclarecimento das outras d\u00favidas.<\/p><\/div>\n\t\t\t\t<\/div>\n\t\t\t\t\t\t\t<div class=\"elementor-accordion-item\">\n\t\t\t\t\t<div id=\"elementor-tab-title-21412\" class=\"elementor-tab-title\" data-tab=\"12\" role=\"button\" aria-controls=\"elementor-tab-content-21412\" aria-expanded=\"false\">\n\t\t\t\t\t\t\t\t\t\t\t\t\t<span class=\"elementor-accordion-icon elementor-accordion-icon-left\" aria-hidden=\"true\">\n\t\t\t\t\t\t\t\t\t\t\t\t\t\t\t<span class=\"elementor-accordion-icon-closed\"><i class=\"fas fa-caret-down\"><\/i><\/span>\n\t\t\t\t\t\t\t\t<span class=\"elementor-accordion-icon-opened\"><i class=\"fas fa-caret-up\"><\/i><\/span>\n\t\t\t\t\t\t\t\t\t\t\t\t\t\t<\/span>\n\t\t\t\t\t\t\t\t\t\t\t\t<a class=\"elementor-accordion-title\" tabindex=\"0\">A vigil\u00e2ncia sanit\u00e1ria regulamenta a realiza\u00e7\u00e3o de cursos na \u00e1rea de embelezamento?<\/a>\n\t\t\t\t\t<\/div>\n\t\t\t\t\t<div id=\"elementor-tab-content-21412\" class=\"elementor-tab-content elementor-clearfix\" data-tab=\"12\" role=\"region\" aria-labelledby=\"elementor-tab-title-21412\"><p>N\u00e3o \u00e9 compet\u00eancia da Vigil\u00e2ncia Sanit\u00e1ria regulamentar a realiza\u00e7\u00e3o de cursos, mas sim do Minist\u00e9rio da Educa\u00e7\u00e3o e \u00f3rg\u00e3os afins. Contudo, caso haja a realiza\u00e7\u00e3o de procedimentos pr\u00e1ticos em usu\u00e1rios, h\u00e1 a necessidade de observ\u00e2ncia das exig\u00eancias da Vigil\u00e2ncia Sanit\u00e1ria local.<\/p><\/div>\n\t\t\t\t<\/div>\n\t\t\t\t\t\t\t<div class=\"elementor-accordion-item\">\n\t\t\t\t\t<div id=\"elementor-tab-title-21413\" class=\"elementor-tab-title\" data-tab=\"13\" role=\"button\" aria-controls=\"elementor-tab-content-21413\" aria-expanded=\"false\">\n\t\t\t\t\t\t\t\t\t\t\t\t\t<span class=\"elementor-accordion-icon elementor-accordion-icon-left\" aria-hidden=\"true\">\n\t\t\t\t\t\t\t\t\t\t\t\t\t\t\t<span class=\"elementor-accordion-icon-closed\"><i class=\"fas fa-caret-down\"><\/i><\/span>\n\t\t\t\t\t\t\t\t<span class=\"elementor-accordion-icon-opened\"><i class=\"fas fa-caret-up\"><\/i><\/span>\n\t\t\t\t\t\t\t\t\t\t\t\t\t\t<\/span>\n\t\t\t\t\t\t\t\t\t\t\t\t<a class=\"elementor-accordion-title\" tabindex=\"0\">Esteticistas que n\u00e3o possuem gradua\u00e7\u00e3o na \u00e1rea da sa\u00fade podem utilizar medicamentos? Quais equipamentos estes profissionais podem utilizar?<\/a>\n\t\t\t\t\t<\/div>\n\t\t\t\t\t<div id=\"elementor-tab-content-21413\" class=\"elementor-tab-content elementor-clearfix\" data-tab=\"13\" role=\"region\" aria-labelledby=\"elementor-tab-title-21413\"><ul><li><div class=\"conteudo\"><p>No caso espec\u00edfico de Esteticistas e T\u00e9cnicos em Est\u00e9tica, como tais profissionais ainda n\u00e3o possuem Conselho de Classe, devemos observar a Lei Federal 13. 643\/2018. O artigo 6\u00b0 da referida lei indica que, al\u00e9m das atividades descritas no artigo 5\u00b0, cabe ao Esteticistas e Cosmet\u00f3logos a responsabilidade t\u00e9cnica pelos centros de est\u00e9tica que executam e aplicam recursos est\u00e9ticos, observado o disposto nesta lei.<br \/><br \/><\/p><p>Por sua vez, o artigo 5\u00b0, inciso I, da lei 13.643 disp\u00f5e que compete ao T\u00e9cnico em Est\u00e9tica \u201cexecutar procedimentos est\u00e9ticos faciais, corporais e capilares, utilizando como recursos de trabalho produtos cosm\u00e9ticos, t\u00e9cnicas e equipamentos com registro na Ag\u00eancia Nacional de Vigil\u00e2ncia Sanit\u00e1ria (Anvisa)\u201d. A partir desse artigo, duas conclus\u00f5es se extraem:<br \/><br \/><\/p><p>1) Os Esteticistas e T\u00e9cnicos em Est\u00e9tica s\u00f3 podem utilizar como insumos de trabalho os cosm\u00e9ticos; e n\u00e3o medicamentos;<\/p><p>2) O uso de equipamentos por estes profissionais depende da exist\u00eancia de equipamentos registrados que podem ser operados por tais profissionais. Portanto, cabe aos fabricantes dos equipamentos indicarem em seus manuais, quando da submiss\u00e3o do registro dos equipamentos nesta Ag\u00eancia, os profissionais habilitados a utiliz\u00e1-los.<br \/><br \/><\/p><p>A defini\u00e7\u00e3o de cosm\u00e9ticos \u00e9 encontrada na RDC07\/2015: \u201cProdutos de Higiene Pessoal, Cosm\u00e9ticos e Perfumes: s\u00e3o prepara\u00e7\u00f5es constitu\u00eddas por subst\u00e2ncias naturais ou sint\u00e9ticas, de uso externo nas diversas partes do corpo humano, pele, sistema capilar, unhas, l\u00e1bios, \u00f3rg\u00e3os genitais externos, dentes e membranas mucosas da cavidade oral, com o objetivo exclusivo ou principal de limp\u00e1-los, perfum\u00e1los, alterar sua apar\u00eancia e ou corrigir odores corporais e ou proteg\u00ea-los ou mant\u00ea-los embomestado.\u201d Portanto, \u00e9 importante garantir que n\u00e3o sejam utilizados medicamentos, principalmente, quando se trata dos produtos injet\u00e1veis.<\/p><\/div><\/li><\/ul><\/div>\n\t\t\t\t<\/div>\n\t\t\t\t\t\t\t<div class=\"elementor-accordion-item\">\n\t\t\t\t\t<div id=\"elementor-tab-title-21414\" class=\"elementor-tab-title\" data-tab=\"14\" role=\"button\" aria-controls=\"elementor-tab-content-21414\" aria-expanded=\"false\">\n\t\t\t\t\t\t\t\t\t\t\t\t\t<span class=\"elementor-accordion-icon elementor-accordion-icon-left\" aria-hidden=\"true\">\n\t\t\t\t\t\t\t\t\t\t\t\t\t\t\t<span class=\"elementor-accordion-icon-closed\"><i class=\"fas fa-caret-down\"><\/i><\/span>\n\t\t\t\t\t\t\t\t<span class=\"elementor-accordion-icon-opened\"><i class=\"fas fa-caret-up\"><\/i><\/span>\n\t\t\t\t\t\t\t\t\t\t\t\t\t\t<\/span>\n\t\t\t\t\t\t\t\t\t\t\t\t<a class=\"elementor-accordion-title\" tabindex=\"0\">Qual a norma que regula procedimentos est\u00e9ticos com o uso de equipamentos, como a depila\u00e7\u00e3o a laser, criolip\u00f3lise, carboxiterapia etc? Quais os profissionais habilitados para realizar esses procedimentos?<\/a>\n\t\t\t\t\t<\/div>\n\t\t\t\t\t<div id=\"elementor-tab-content-21414\" class=\"elementor-tab-content elementor-clearfix\" data-tab=\"14\" role=\"region\" aria-labelledby=\"elementor-tab-title-21414\"><p>A regulamenta\u00e7\u00e3o do exerc\u00edcio profissional n\u00e3o \u00e9 atribui\u00e7\u00e3o da vigil\u00e2ncia sanit\u00e1ria. Assim, n\u00e3o \u00e9 da compet\u00eancia da Ag\u00eancia Nacional de Vigil\u00e2ncia Sanit\u00e1ria (Anvisa) regular procedimentos em si, mas sim de Conselhos Profissionais. O que \u00e9 atribui\u00e7\u00e3o da Ag\u00eancia \u00e9 a regula\u00e7\u00e3o dos aspectos sanit\u00e1rios que envolvem a realiza\u00e7\u00e3o das atividades, cabendo ainda \u00e0 vigil\u00e2ncia sanit\u00e1ria a constata\u00e7\u00e3o da exist\u00eancia de profissional legalmente habilitado no estabelecimento, conforme diretrizes legais. Neste sentido, os profissionais de sa\u00fade, que possuem Conselho de Classe, devem observar as diretrizes e exig\u00eancias necess\u00e1rias provenientes de seus Conselhos para desempenhar determinada atividade.<br \/><br \/><\/p><p>No caso espec\u00edfico de Esteticistas e T\u00e9cnicos em Est\u00e9tica, como tais profissionais ainda n\u00e3o possuem Conselho de Classe, devemos observar a Lei federal 13. 643\/2018. O artigo 6\u00b0 da referida lei indica que, al\u00e9m das atividades descritas no artigo 5\u00b0, cabe ao Esteticistas e Cosmet\u00f3logo a responsabilidade t\u00e9cnica pelos centros de est\u00e9tica que executam e aplicam recursos est\u00e9ticos, observado o disposto nesta lei.<br \/><br \/><\/p><p>Por sua vez, o artigo 5\u00b0, inciso I, da lei 13.643 disp\u00f5e que compete ao T\u00e9cnico em Est\u00e9tica \u201cexecutar procedimentos est\u00e9ticos faciais, corporais e capilares, utilizando como recursos de trabalho produtos cosm\u00e9ticos, t\u00e9cnicas e equipamentos com registro na Ag\u00eancia Nacional de Vigil\u00e2ncia Sanit\u00e1ria (Anvisa)\u201d. A partir desse artigo, duas conclus\u00f5es se extraem:<br \/><br \/><\/p><p>1) Os Esteticistas e T\u00e9cnicos em Est\u00e9tica s\u00f3 podem utilizar como insumos de trabalho os cosm\u00e9ticos; e n\u00e3o medicamentos;<\/p><p>2) O uso de equipamentos por estes profissionais depende da exist\u00eancia de equipamentos registrados que podem ser operados por tais profissionais. Portanto, cabe aos fabricantes dos equipamentos indicarem em seus manuais, quando da submiss\u00e3o do registro dos equipamentos nesta Ag\u00eancia, os profissionais habilitados a utiliz\u00e1-los.<\/p><\/div>\n\t\t\t\t<\/div>\n\t\t\t\t\t\t\t<div class=\"elementor-accordion-item\">\n\t\t\t\t\t<div id=\"elementor-tab-title-21415\" class=\"elementor-tab-title\" data-tab=\"15\" role=\"button\" aria-controls=\"elementor-tab-content-21415\" aria-expanded=\"false\">\n\t\t\t\t\t\t\t\t\t\t\t\t\t<span class=\"elementor-accordion-icon elementor-accordion-icon-left\" aria-hidden=\"true\">\n\t\t\t\t\t\t\t\t\t\t\t\t\t\t\t<span class=\"elementor-accordion-icon-closed\"><i class=\"fas fa-caret-down\"><\/i><\/span>\n\t\t\t\t\t\t\t\t<span class=\"elementor-accordion-icon-opened\"><i class=\"fas fa-caret-up\"><\/i><\/span>\n\t\t\t\t\t\t\t\t\t\t\t\t\t\t<\/span>\n\t\t\t\t\t\t\t\t\t\t\t\t<a class=\"elementor-accordion-title\" tabindex=\"0\">H\u00e1 normas espec\u00edficas para os servi\u00e7os de embelezamento quanto ao descarte de materiais utilizados?<\/a>\n\t\t\t\t\t<\/div>\n\t\t\t\t\t<div id=\"elementor-tab-content-21415\" class=\"elementor-tab-content elementor-clearfix\" data-tab=\"15\" role=\"region\" aria-labelledby=\"elementor-tab-title-21415\"><p>Quanto ao descarte de materiais, isto \u00e9, os res\u00edduos gerados pelo estabelecimento, informamos que devem ser observadas as disposi\u00e7\u00f5es da RDC 222\/2018 (que trata do gerenciamento de res\u00edduos em servi\u00e7os de sa\u00fade e assemelhados). Esta resolu\u00e7\u00e3o traz, inclusive, a classifica\u00e7\u00e3o dos diferentes res\u00edduos gerados por um servi\u00e7o, bem como todas as etapas do gerenciamento (da segrega\u00e7\u00e3o \u00e0 disposi\u00e7\u00e3o final).<\/p><\/div>\n\t\t\t\t<\/div>\n\t\t\t\t\t\t\t<div class=\"elementor-accordion-item\">\n\t\t\t\t\t<div id=\"elementor-tab-title-21416\" class=\"elementor-tab-title\" data-tab=\"16\" role=\"button\" aria-controls=\"elementor-tab-content-21416\" aria-expanded=\"false\">\n\t\t\t\t\t\t\t\t\t\t\t\t\t<span class=\"elementor-accordion-icon elementor-accordion-icon-left\" aria-hidden=\"true\">\n\t\t\t\t\t\t\t\t\t\t\t\t\t\t\t<span class=\"elementor-accordion-icon-closed\"><i class=\"fas fa-caret-down\"><\/i><\/span>\n\t\t\t\t\t\t\t\t<span class=\"elementor-accordion-icon-opened\"><i class=\"fas fa-caret-up\"><\/i><\/span>\n\t\t\t\t\t\t\t\t\t\t\t\t\t\t<\/span>\n\t\t\t\t\t\t\t\t\t\t\t\t<a class=\"elementor-accordion-title\" tabindex=\"0\">As estufas comuns podem ser utilizadas para a esteriliza\u00e7\u00e3o de materiais em servi\u00e7os de embelezamento?<\/a>\n\t\t\t\t\t<\/div>\n\t\t\t\t\t<div id=\"elementor-tab-content-21416\" class=\"elementor-tab-content elementor-clearfix\" data-tab=\"16\" role=\"region\" aria-labelledby=\"elementor-tab-title-21416\"><p>N\u00e3o existe ainda norma sanit\u00e1ria federal proibindo o uso de estufas para a esteriliza\u00e7\u00e3o de materiais met\u00e1licos que podem entrar em contato com sangue (por exemplo, alicates e esp\u00e1tulas) utilizados no sal\u00e3o de beleza. Alguns estados ou munic\u00edpios, todavia, possuem norma local que obriga o uso de autoclave para esse fim.<br \/><br \/><\/p><p>Na aus\u00eancia de regulamenta\u00e7\u00e3o nacional e regional, recomenda-se utilizar m\u00e9todos de esteriliza\u00e7\u00e3o reconhecidos, com efic\u00e1cia comprovada e que sejam pass\u00edveis de controle e valida\u00e7\u00e3o. Para artigos que entram em contato com sangue, orienta-se o uso da autoclave, que \u00e9 mais eficiente na esteriliza\u00e7\u00e3o do que a estufa. Na autoclave, a esteriliza\u00e7\u00e3o \u00e9 feita por vapor sob press\u00e3o. Chamamos a aten\u00e7\u00e3o para que caso se decida pela utiliza\u00e7\u00e3o da autoclave que se verifique que realmente se trata de um equipamento que utiliza vapor saturado sob press\u00e3o, pois temos recebido queixas acerca de comerciantes que vendem supostos esterilizadores que utilizam outras metodologias que n\u00e3o o vapor saturado sob press\u00e3o e mesmo assim os tem denominado erroneamente de autoclave.<br \/><br \/><\/p><p>Al\u00e9m disso, atualmente, a esteriliza\u00e7\u00e3o em estufas (calor seco) \u00e9 recomendada apenas para \u00f3leos e p\u00f3s na \u00e1rea m\u00e9dica. N\u00e3o orientamos, contudo, o uso da estufa para outros materiais, pois o processo de esteriliza\u00e7\u00e3o em estufas \u00e9 menos seguro do que em autoclaves, uma vez que exige longo per\u00edodo de tempo e altas temperaturas, podendo ocorrer falhas no processo de esteriliza\u00e7\u00e3o, al\u00e9m disso os equipamentos utilizados atualmente n\u00e3o s\u00e3o automatizados, n\u00e3o permitem registros confi\u00e1veis dos par\u00e2metros f\u00edsicos do processo, permitem a interrup\u00e7\u00e3o do processo e o monitoramento biol\u00f3gico \u00e9 complexo.<\/p><\/div>\n\t\t\t\t<\/div>\n\t\t\t\t\t\t\t<div class=\"elementor-accordion-item\">\n\t\t\t\t\t<div id=\"elementor-tab-title-21417\" class=\"elementor-tab-title\" data-tab=\"17\" role=\"button\" aria-controls=\"elementor-tab-content-21417\" aria-expanded=\"false\">\n\t\t\t\t\t\t\t\t\t\t\t\t\t<span class=\"elementor-accordion-icon elementor-accordion-icon-left\" aria-hidden=\"true\">\n\t\t\t\t\t\t\t\t\t\t\t\t\t\t\t<span class=\"elementor-accordion-icon-closed\"><i class=\"fas fa-caret-down\"><\/i><\/span>\n\t\t\t\t\t\t\t\t<span class=\"elementor-accordion-icon-opened\"><i class=\"fas fa-caret-up\"><\/i><\/span>\n\t\t\t\t\t\t\t\t\t\t\t\t\t\t<\/span>\n\t\t\t\t\t\t\t\t\t\t\t\t<a class=\"elementor-accordion-title\" tabindex=\"0\">Qual o entendimento da Anvisa sobre o processamento adequado das pin\u00e7as usadas para o design de sobrancelhas nos servi\u00e7os de embelezamento? Devem ser esterilizadas ou se a limpeza seguida da desinfec\u00e7\u00e3o com \u00e1lcool a 70% \u00e9 suficiente para a seguran\u00e7a da sua reutiliza\u00e7\u00e3o?<\/a>\n\t\t\t\t\t<\/div>\n\t\t\t\t\t<div id=\"elementor-tab-content-21417\" class=\"elementor-tab-content elementor-clearfix\" data-tab=\"17\" role=\"region\" aria-labelledby=\"elementor-tab-title-21417\"><p>Quanto ao processamento de materiais met\u00e1licos que podem entrar em contato com sangue (por exemplo, alicates, pin\u00e7as e esp\u00e1tulas), na aus\u00eancia de regulamenta\u00e7\u00e3o nacional e regional, recomenda-se utilizar m\u00e9todos de esteriliza\u00e7\u00e3o reconhecidos, com efic\u00e1cia comprovada e que sejam pass\u00edveis de controle e valida\u00e7\u00e3o. Para artigos que entram em contato com sangue, orienta-se o uso da autoclave, que \u00e9 mais eficiente na esteriliza\u00e7\u00e3o do que a estufa. Na autoclave, a esteriliza\u00e7\u00e3o \u00e9 feita por vapor sob press\u00e3o.<br \/><br \/><\/p><p>Chamamos a aten\u00e7\u00e3o para que caso se decida pela utiliza\u00e7\u00e3o da autoclave que se verifique que realmente se trata de um equipamento que utiliza vapor saturado sob press\u00e3o, pois temos recebido queixas acerca de comerciantes que vendem supostos esterilizadores que utilizam outras metodologias que n\u00e3o o vapor saturado sob press\u00e3o e mesmo assim os tem denominado erroneamente de autoclave. Ressaltamos que a esteriliza\u00e7\u00e3o deve ser precedida de rigorosa limpeza.<br \/><br \/><\/p><p>Por fim, a desinfec\u00e7\u00e3o se destina somente para materiais semicr\u00edticos, ou seja, aqueles que entram em contato com mucosas \u00edntegras e que n\u00e3o haja risco de contato com sangue. A desinfec\u00e7\u00e3o tamb\u00e9m deve ser precedida de rigorosa limpeza.<\/p><\/div>\n\t\t\t\t<\/div>\n\t\t\t\t\t\t\t<div class=\"elementor-accordion-item\">\n\t\t\t\t\t<div id=\"elementor-tab-title-21418\" class=\"elementor-tab-title\" data-tab=\"18\" role=\"button\" aria-controls=\"elementor-tab-content-21418\" aria-expanded=\"false\">\n\t\t\t\t\t\t\t\t\t\t\t\t\t<span class=\"elementor-accordion-icon elementor-accordion-icon-left\" aria-hidden=\"true\">\n\t\t\t\t\t\t\t\t\t\t\t\t\t\t\t<span class=\"elementor-accordion-icon-closed\"><i class=\"fas fa-caret-down\"><\/i><\/span>\n\t\t\t\t\t\t\t\t<span class=\"elementor-accordion-icon-opened\"><i class=\"fas fa-caret-up\"><\/i><\/span>\n\t\t\t\t\t\t\t\t\t\t\t\t\t\t<\/span>\n\t\t\t\t\t\t\t\t\t\t\t\t<a class=\"elementor-accordion-title\" tabindex=\"0\">Qual lei obriga o sal\u00e3o de beleza a ter autoclave para esterilizar os alicates de unhas?<\/a>\n\t\t\t\t\t<\/div>\n\t\t\t\t\t<div id=\"elementor-tab-content-21418\" class=\"elementor-tab-content elementor-clearfix\" data-tab=\"18\" role=\"region\" aria-labelledby=\"elementor-tab-title-21418\"><p>N\u00e3o existe Lei federal que obrige o uso de autoclave para a esteriliza\u00e7\u00e3o de alicates de unha, mas conforme abordado anteriormente, a Lei 12.592, de 18 de janeiro de 2012, que &#8220;Disp\u00f5e sobre o exerc\u00edcio das atividades profissionais de Cabeleireiro, Barbeiro, Esteticista, Manicure, Pedicure, Depilador e Maquiador&#8221;, determina:<\/p><p>&#8220;Art. 4\u00b0 Os profissionais de que trata esta Lei dever\u00e3o obedecer \u00e0s normas sanit\u00e1rias, efetuando a esteriliza\u00e7\u00e3o de materiais e utens\u00edlios utilizados no atendimento a seus clientes&#8221;.<br \/><br \/><\/p><p>Logo, o dispositivo utilizado para a esteriliza\u00e7\u00e3o n\u00e3o s\u00f3 de alicates, como tamb\u00e9m de outros utens\u00edlios de metal que possam entrar em contato com o sangue, deve ter sua efic\u00e1cia comprovada pela literatura cient\u00edfica. Al\u00e9m de serem pass\u00edveis de controle e valida\u00e7\u00e3o. Para artigos que entram em contato com sangue, orienta-se o uso da autoclave, que \u00e9 mais eficiente na esteriliza\u00e7\u00e3o do que a estufa. Na autoclave, a esteriliza\u00e7\u00e3o \u00e9 feita por vapor sob press\u00e3o. Chamamos a aten\u00e7\u00e3o para que caso se decida pela utiliza\u00e7\u00e3o da autoclave que se verifique que realmente se trata de um equipamento que utiliza vapor saturado sob press\u00e3o, pois temos recebido queixas acerca de comerciantes que vendem supostos esterilizadores que utilizam outras metodologias que n\u00e3o o vapor saturado sob press\u00e3o e mesmo assim os tem denominado erroneamente de autoclave.<br \/><br \/><\/p><p>Al\u00e9m disso, informamos que alguns estados e, at\u00e9 mesmo, alguns munic\u00edpios possuem normas pr\u00f3prias que j\u00e1 exigem o uso da autoclave, portanto, procure o \u00f3rg\u00e3o de vigil\u00e2ncia sanit\u00e1ria do munic\u00edpio onde est\u00e1 instalado o sal\u00e3o de beleza para saber se \u00e9 o caso.<\/p><\/div>\n\t\t\t\t<\/div>\n\t\t\t\t\t\t\t<div class=\"elementor-accordion-item\">\n\t\t\t\t\t<div id=\"elementor-tab-title-21419\" class=\"elementor-tab-title\" data-tab=\"19\" role=\"button\" aria-controls=\"elementor-tab-content-21419\" aria-expanded=\"false\">\n\t\t\t\t\t\t\t\t\t\t\t\t\t<span class=\"elementor-accordion-icon elementor-accordion-icon-left\" aria-hidden=\"true\">\n\t\t\t\t\t\t\t\t\t\t\t\t\t\t\t<span class=\"elementor-accordion-icon-closed\"><i class=\"fas fa-caret-down\"><\/i><\/span>\n\t\t\t\t\t\t\t\t<span class=\"elementor-accordion-icon-opened\"><i class=\"fas fa-caret-up\"><\/i><\/span>\n\t\t\t\t\t\t\t\t\t\t\t\t\t\t<\/span>\n\t\t\t\t\t\t\t\t\t\t\t\t<a class=\"elementor-accordion-title\" tabindex=\"0\">Qual a menor autoclave autorizada pela Anvisa para esterilizar materiais em servi\u00e7os de embelezamento?<\/a>\n\t\t\t\t\t<\/div>\n\t\t\t\t\t<div id=\"elementor-tab-content-21419\" class=\"elementor-tab-content elementor-clearfix\" data-tab=\"19\" role=\"region\" aria-labelledby=\"elementor-tab-title-21419\"><p>N\u00e3o h\u00e1 capacidade m\u00ednima exigida para a autoclave, por\u00e9m, ressaltamos que somente os equipamentos que utilizam a t\u00e9cnica de vapor saturado sob press\u00e3o s\u00e3o considerados autoclaves. Chamamos a aten\u00e7\u00e3o para que se verifique que realmente se trata de um equipamento que utiliza vapor saturado sob press\u00e3o, pois temos recebido queixas acerca de comerciantes que vendem supostos esterilizadores que utilizam outras metodologias que n\u00e3o o vapor saturado sob press\u00e3o e mesmo assim os tem denominado erroneamente de autoclave.Jato de Plasma: o equipamento de corrente com alta tens\u00e3o e alta intensidade. Eletrocaut\u00e9rio: o equipamento tem corrente alternada de baixa tens\u00e3o e alta intensidade.<\/p><\/div>\n\t\t\t\t<\/div>\n\t\t\t\t\t\t\t<div class=\"elementor-accordion-item\">\n\t\t\t\t\t<div id=\"elementor-tab-title-21420\" class=\"elementor-tab-title\" data-tab=\"20\" role=\"button\" aria-controls=\"elementor-tab-content-21420\" aria-expanded=\"false\">\n\t\t\t\t\t\t\t\t\t\t\t\t\t<span class=\"elementor-accordion-icon elementor-accordion-icon-left\" aria-hidden=\"true\">\n\t\t\t\t\t\t\t\t\t\t\t\t\t\t\t<span class=\"elementor-accordion-icon-closed\"><i class=\"fas fa-caret-down\"><\/i><\/span>\n\t\t\t\t\t\t\t\t<span class=\"elementor-accordion-icon-opened\"><i class=\"fas fa-caret-up\"><\/i><\/span>\n\t\t\t\t\t\t\t\t\t\t\t\t\t\t<\/span>\n\t\t\t\t\t\t\t\t\t\t\t\t<a class=\"elementor-accordion-title\" tabindex=\"0\">O uso do Formol para alisar cabelos est\u00e1 proibido?<\/a>\n\t\t\t\t\t<\/div>\n\t\t\t\t\t<div id=\"elementor-tab-content-21420\" class=\"elementor-tab-content elementor-clearfix\" data-tab=\"20\" role=\"region\" aria-labelledby=\"elementor-tab-title-21420\"><p>O formol n\u00e3o pode ser utilizado como alisante capilar, conforme preconiza a RDC 36\/2009. Adicionar formol a esses produtos \u00e9 infra\u00e7\u00e3o sanit\u00e1ria (adultera\u00e7\u00e3o ou falsifica\u00e7\u00e3o) e crime hediondo.<br \/><br \/><\/p><p>O uso indevido de formol em alisantes de cabelo pode causar diversos males \u00e0 sa\u00fade, como: irrita\u00e7\u00e3o, coceira, queimadura, incha\u00e7o, descama\u00e7\u00e3o e vermelhid\u00e3o do couro cabeludo, queda do cabelo, ard\u00eancia dos olhos e lacrimejamento, falta de ar, tosse, dor de cabe\u00e7a, ard\u00eancia e coceira no nariz.<\/p><p>Exposi\u00e7\u00f5es constantes podem deixar a boca amarga e causar dor de barriga, enjoo, v\u00f4mito, desmaio, feridas na boca, narina e olhos, e c\u00e2ncer nas vias a\u00e9reas superiores (nariz, faringe, laringe, traqueia e br\u00f4nquios), podendo at\u00e9 levar \u00e0 morte.<br \/><br \/><\/p><p>Para identificar alisantes seguros, verifique se a embalagem do produto cont\u00e9m o n\u00famero de Autoriza\u00e7\u00e3o de Funcionamento da Empresa (AFE) e o n\u00famero do processo, que corresponder\u00e1 ao n\u00famero de registro do produto. Todos os alisantes capilares, inclusive os importados, devem ser registrados. Alisantes sem registro est\u00e3o irregulares.<\/p><\/div>\n\t\t\t\t<\/div>\n\t\t\t\t\t\t\t<div class=\"elementor-accordion-item\">\n\t\t\t\t\t<div id=\"elementor-tab-title-21421\" class=\"elementor-tab-title\" data-tab=\"21\" role=\"button\" aria-controls=\"elementor-tab-content-21421\" aria-expanded=\"false\">\n\t\t\t\t\t\t\t\t\t\t\t\t\t<span class=\"elementor-accordion-icon elementor-accordion-icon-left\" aria-hidden=\"true\">\n\t\t\t\t\t\t\t\t\t\t\t\t\t\t\t<span class=\"elementor-accordion-icon-closed\"><i class=\"fas fa-caret-down\"><\/i><\/span>\n\t\t\t\t\t\t\t\t<span class=\"elementor-accordion-icon-opened\"><i class=\"fas fa-caret-up\"><\/i><\/span>\n\t\t\t\t\t\t\t\t\t\t\t\t\t\t<\/span>\n\t\t\t\t\t\t\t\t\t\t\t\t<a class=\"elementor-accordion-title\" tabindex=\"0\">\u00c9 permitido o uso de c\u00e2maras de bronzeamentos artificial no Brasil?<\/a>\n\t\t\t\t\t<\/div>\n\t\t\t\t\t<div id=\"elementor-tab-content-21421\" class=\"elementor-tab-content elementor-clearfix\" data-tab=\"21\" role=\"region\" aria-labelledby=\"elementor-tab-title-21421\"><p>Esclarecemos primeiramente que as c\u00e2maras de bronzeamento artificial com fins est\u00e9ticos n\u00e3o se confundem com c\u00e2maras utilizadas para fins m\u00e9dicos que se inserem na terap\u00eautica ou preven\u00e7\u00e3o de alguma patologia. Tais equipamentos utilizam comprimentos de onda distintos para os fins perseguidos e, portanto, n\u00e3o podem ser considerados an\u00e1logos.<br \/><br \/><\/p><p>Dito isto, informamos que as c\u00e2maras de bronzeamento artificial para fins est\u00e9ticos s\u00e3o proibidas no Brasil, conforme Resolu\u00e7\u00e3o de Diretoria Colegiada da Anvisa n\u00b0 56 de 2009.<\/p><\/div>\n\t\t\t\t<\/div>\n\t\t\t\t\t\t\t<div class=\"elementor-accordion-item\">\n\t\t\t\t\t<div id=\"elementor-tab-title-21422\" class=\"elementor-tab-title\" data-tab=\"22\" role=\"button\" aria-controls=\"elementor-tab-content-21422\" aria-expanded=\"false\">\n\t\t\t\t\t\t\t\t\t\t\t\t\t<span class=\"elementor-accordion-icon elementor-accordion-icon-left\" aria-hidden=\"true\">\n\t\t\t\t\t\t\t\t\t\t\t\t\t\t\t<span class=\"elementor-accordion-icon-closed\"><i class=\"fas fa-caret-down\"><\/i><\/span>\n\t\t\t\t\t\t\t\t<span class=\"elementor-accordion-icon-opened\"><i class=\"fas fa-caret-up\"><\/i><\/span>\n\t\t\t\t\t\t\t\t\t\t\t\t\t\t<\/span>\n\t\t\t\t\t\t\t\t\t\t\t\t<a class=\"elementor-accordion-title\" tabindex=\"0\">\u00c9 permitido o uso de c\u00e2maras de bronzeamentos artificial no Brasil?<\/a>\n\t\t\t\t\t<\/div>\n\t\t\t\t\t<div id=\"elementor-tab-content-21422\" class=\"elementor-tab-content elementor-clearfix\" data-tab=\"22\" role=\"region\" aria-labelledby=\"elementor-tab-title-21422\"><p>Esclarecemos primeiramente que as c\u00e2maras de bronzeamento artificial com fins est\u00e9ticos n\u00e3o se confundem com c\u00e2maras utilizadas para fins m\u00e9dicos que se inserem na terap\u00eautica ou preven\u00e7\u00e3o de alguma patologia. Tais equipamentos utilizam comprimentos de onda distintos para os fins perseguidos e, portanto, n\u00e3o podem ser considerados an\u00e1logos.<br \/><br \/><\/p><p>Dito isto, informamos que as c\u00e2maras de bronzeamento artificial para fins est\u00e9ticos s\u00e3o proibidas no Brasil, conforme Resolu\u00e7\u00e3o de Diretoria Colegiada da Anvisa n\u00b0 56 de 2009.<\/p><\/div>\n\t\t\t\t<\/div>\n\t\t\t\t\t\t\t<div class=\"elementor-accordion-item\">\n\t\t\t\t\t<div id=\"elementor-tab-title-21423\" class=\"elementor-tab-title\" data-tab=\"23\" role=\"button\" aria-controls=\"elementor-tab-content-21423\" aria-expanded=\"false\">\n\t\t\t\t\t\t\t\t\t\t\t\t\t<span class=\"elementor-accordion-icon elementor-accordion-icon-left\" aria-hidden=\"true\">\n\t\t\t\t\t\t\t\t\t\t\t\t\t\t\t<span class=\"elementor-accordion-icon-closed\"><i class=\"fas fa-caret-down\"><\/i><\/span>\n\t\t\t\t\t\t\t\t<span class=\"elementor-accordion-icon-opened\"><i class=\"fas fa-caret-up\"><\/i><\/span>\n\t\t\t\t\t\t\t\t\t\t\t\t\t\t<\/span>\n\t\t\t\t\t\t\t\t\t\t\t\t<a class=\"elementor-accordion-title\" tabindex=\"0\">H\u00e1 riscos \u00e0 sa\u00fade do trabalhador com rela\u00e7\u00e3o ao uso do formol?<\/a>\n\t\t\t\t\t<\/div>\n\t\t\t\t\t<div id=\"elementor-tab-content-21423\" class=\"elementor-tab-content elementor-clearfix\" data-tab=\"23\" role=\"region\" aria-labelledby=\"elementor-tab-title-21423\"><p>A exposi\u00e7\u00e3o ao formol pode causar efeitos t\u00f3xicos agudos, no momento de sua aplica\u00e7\u00e3o ou nas horas que se seguem. No entanto, o seu uso repetido, cr\u00f4nico, traz riscos ainda maiores para a sa\u00fade. Segundo o Instituto Nacional do C\u00e2ncer \u2013 INCA, a exposi\u00e7\u00e3o por tempo prolongado, principalmente se esta se d\u00e1 em ambientes fechados, aumenta o risco de desenvolvimento de c\u00e2ncer, em especial de nasofaringe e leucemias.<br \/><br \/><\/p><p>O formol adicionado a outro produto com o objetivo de obter o alisamento capilar n\u00e3o \u00e9 permitido pela Anvisa devido aos riscos que oferece \u00e0 sa\u00fade do trabalhador e a do usu\u00e1rio e, principalmente, ao seu potencial cancer\u00edgeno. A aplica\u00e7\u00e3o do formol somente \u00e9 permitida durante a fabrica\u00e7\u00e3o do produto, na devida propor\u00e7\u00e3o, com a fun\u00e7\u00e3o de conservante, o que n\u00e3o gera efeito alisante.<\/p><\/div>\n\t\t\t\t<\/div>\n\t\t\t\t\t\t\t<div class=\"elementor-accordion-item\">\n\t\t\t\t\t<div id=\"elementor-tab-title-21424\" class=\"elementor-tab-title\" data-tab=\"24\" role=\"button\" aria-controls=\"elementor-tab-content-21424\" aria-expanded=\"false\">\n\t\t\t\t\t\t\t\t\t\t\t\t\t<span class=\"elementor-accordion-icon elementor-accordion-icon-left\" aria-hidden=\"true\">\n\t\t\t\t\t\t\t\t\t\t\t\t\t\t\t<span class=\"elementor-accordion-icon-closed\"><i class=\"fas fa-caret-down\"><\/i><\/span>\n\t\t\t\t\t\t\t\t<span class=\"elementor-accordion-icon-opened\"><i class=\"fas fa-caret-up\"><\/i><\/span>\n\t\t\t\t\t\t\t\t\t\t\t\t\t\t<\/span>\n\t\t\t\t\t\t\t\t\t\t\t\t<a class=\"elementor-accordion-title\" tabindex=\"0\">Quais principais medidas de biosseguran\u00e7a a fim de proteger a sa\u00fade dos profissionais de embelezamento?<\/a>\n\t\t\t\t\t<\/div>\n\t\t\t\t\t<div id=\"elementor-tab-content-21424\" class=\"elementor-tab-content elementor-clearfix\" data-tab=\"24\" role=\"region\" aria-labelledby=\"elementor-tab-title-21424\"><p>Dentre as principais medidas de biosseguran\u00e7a destacamos a import\u00e2ncia do uso de EPIs uma vez que s\u00e3o pressupostos b\u00e1sicos de biosseguran\u00e7a e boas pr\u00e1ticas. Nesse sentido, uma quest\u00e3o geralmente ignorada \u00e9 a import\u00e2ncia do uso dos sapatos; os sapatos fechados protegem o profissional quanto acidentes por materiais perfurocortantes, como alicates de unhas, tesouras etc.<br \/><br \/><\/p><p>Outras medidas importantes dizem respeito a higieniza\u00e7\u00e3o frequente das m\u00e3os e vacina\u00e7\u00e3o dos profissionais. As secretarias de sa\u00fade disponibilizam aos profissionais de embelezamento vacinas para a prote\u00e7\u00e3o contra t\u00e9tano, difteria e hepatite B. Essas s\u00e3o algumas das doen\u00e7as de maior risco de transmiss\u00e3o na pr\u00e1tica laboral.<\/p><\/div>\n\t\t\t\t<\/div>\n\t\t\t\t\t\t\t\t\t\t<script type=\"application\/ld+json\">{\"@context\":\"https:\\\/\\\/schema.org\",\"@type\":\"FAQPage\",\"mainEntity\":[{\"@type\":\"Question\",\"name\":\"O que s\\u00e3o Servi\\u00e7os de Interesse para a Sa\\u00fade?\",\"acceptedAnswer\":{\"@type\":\"Answer\",\"text\":\"<p>S\\u00e3o atividades em que h\\u00e1 presta\\u00e7\\u00e3o de assist\\u00eancia ao indiv\\u00edduo ou \\u00e0 popula\\u00e7\\u00e3o humana que possa alterar o seu estado de sa\\u00fade, onde a realiza\\u00e7\\u00e3o destes servi\\u00e7os pode ser exercida por distintos profissionais, n\\u00e3o necessariamente da \\u00e1rea de sa\\u00fade.<br \\\/><br \\\/><\\\/p><p>Por\\u00e9m, Servi\\u00e7os de Sa\\u00fade s\\u00e3o as atividades em que h\\u00e1 presta\\u00e7\\u00e3o de assist\\u00eancia ao indiv\\u00edduo ou \\u00e0 popula\\u00e7\\u00e3o humana que possa alterar o seu estado de sa\\u00fade, objetivando a preven\\u00e7\\u00e3o e o diagn\\u00f3stico de doen\\u00e7as, o tratamento, a recupera\\u00e7\\u00e3o, a est\\u00e9tica ou a reabilita\\u00e7\\u00e3o, realizada obrigatoriamente por profissional de sa\\u00fade ou sob sua supervis\\u00e3o.<br \\\/><br \\\/><\\\/p><p>A Vigil\\u00e2ncia Sanit\\u00e1ria de Servi\\u00e7os de Interesse da Sa\\u00fade tem como objetivos verificar e promover a ades\\u00e3o \\u00e0s normas e aos regulamentos t\\u00e9cnicos vigentes, avaliar as condi\\u00e7\\u00f5es de funcionamento e identificar os riscos e os danos \\u00e0 sa\\u00fade dos usu\\u00e1rios, dos trabalhadores e do meio ambiente destes estabelecimentos.<\\\/p><p>Entre os servi\\u00e7os considerados de interesse para a sa\\u00fade est\\u00e3o os sal\\u00f5es de beleza, estabelecimentos de tatuagem e piercing, comunidades terap\\u00eauticas, institui\\u00e7\\u00f5es de longa perman\\u00eancia para idosos, entre outros.<br \\\/><br \\\/><\\\/p><p>De acordo com a NR 6, considera-se Equipamento de Prote\\u00e7\\u00e3o Individual: \\u201ctodo dispositivo ou produto, de uso individual utilizado pelo trabalhador, destinado \\u00e0 prote\\u00e7\\u00e3o de riscos suscet\\u00edveis de amea\\u00e7ar a seguran\\u00e7a e sa\\u00fade no trabalho.\\u201d<\\\/p>\"}},{\"@type\":\"Question\",\"name\":\"O que s\\u00e3o atividades de embelezamento?\",\"acceptedAnswer\":{\"@type\":\"Answer\",\"text\":\"<p>S\\u00e3o consideradas atividades de embelezamento as de corte, penteado, alisamento, colora\\u00e7\\u00e3o, descolora\\u00e7\\u00e3o, alongamento, hidrata\\u00e7\\u00e3o e nutri\\u00e7\\u00e3o de cabelos, barba, embelezamento de m\\u00e3os e p\\u00e9s, depila\\u00e7\\u00f5es, embelezamento dos olhos, maquiagem, est\\u00e9tica corporal, capilar e facial.<\\\/p>\"}},{\"@type\":\"Question\",\"name\":\"Quais s\\u00e3o os procedimentos perante a Vigil\\u00e2ncia Sanit\\u00e1ria para a regulariza\\u00e7\\u00e3o de um servi\\u00e7o de embelezamento?\",\"acceptedAnswer\":{\"@type\":\"Answer\",\"text\":\"<p>A\\u00e7\\u00f5es como a fiscaliza\\u00e7\\u00e3o, a emiss\\u00e3o de alvar\\u00e1 de licenciamento e a instaura\\u00e7\\u00e3o, caso necess\\u00e1rio, de processo administrativo para apura\\u00e7\\u00e3o de infra\\u00e7\\u00f5es sanit\\u00e1rias em servi\\u00e7os de interesse para a sa\\u00fade, constituem compet\\u00eancias do \\u00f3rg\\u00e3o de vigil\\u00e2ncia sanit\\u00e1ria local. Al\\u00e9m disso, estados e munic\\u00edpios possuem compet\\u00eancia para normatizar quest\\u00f5es de Vigil\\u00e2ncia Sanit\\u00e1ria de maneira complementar \\u00e0 Uni\\u00e3o, al\\u00e9m de possu\\u00edrem procedimentos administrativos pr\\u00f3prios. Portanto, sempre orientamos o contato com a vigil\\u00e2ncia sanit\\u00e1ria municipal onde estar\\u00e1 localizado o estabelecimento a fim de verificar o processo de regulariza\\u00e7\\u00e3o passo-a-passo.<\\\/p>\"}},{\"@type\":\"Question\",\"name\":\"Existe uma Legisla\\u00e7\\u00e3o Federal sobre atividades de embelezamento?\",\"acceptedAnswer\":{\"@type\":\"Answer\",\"text\":\"<p>O exerc\\u00edcio das atividades profissionais de cabeleireiro, barbeiro, esteticista, manicure, pedicure, depilador e maquiador foi regulamentado pela Lei n\\u00ba 12.592, de 18 de janeiro de 2012. Conforme o art. 4\\u00ba da Lei, \\u00e9 responsabilidade desses profissionais efetuar a esteriliza\\u00e7\\u00e3o de materiais e utens\\u00edlios utilizados no atendimento a seus clientes. Atualmente, as normas sanit\\u00e1rias espec\\u00edficas para estas \\u00e1reas s\\u00e3o definidas por estados e munic\\u00edpios. Os sal\\u00f5es de beleza s\\u00e3o considerados estabelecimentos de interesse da sa\\u00fade. N\\u00e3o h\\u00e1 norma da Anvisa at\\u00e9 o presente momento sobre as atividades de embelezamento, e assim orientamos procurar o \\u00f3rg\\u00e3o local de vigil\\u00e2ncia sanit\\u00e1ria. Os contatos das visas locais est\\u00e3o dispon\\u00edveis para consulta no portal da Anvisa.<\\\/p>\"}},{\"@type\":\"Question\",\"name\":\"Qual legisla\\u00e7\\u00e3o sanit\\u00e1ria estabelece os crit\\u00e9rios para aprova\\u00e7\\u00e3o de projeto arquitet\\u00f4nico para obten\\u00e7\\u00e3o do alvar\\u00e1 de sa\\u00fade para estabelecimentos de est\\u00e9tica que realizam procedimentos como criolip\\u00f3lise, drenagem linf\\u00e1tica, dentre outros?\",\"acceptedAnswer\":{\"@type\":\"Answer\",\"text\":\"<p>A aprova\\u00e7\\u00e3o de projeto b\\u00e1sico arquitet\\u00f4nico, anterior ao licenciamento, \\u00e9 em geral um requisito para o servi\\u00e7o de sa\\u00fade. N\\u00e3o existe em \\u00e2mbito federal obrigatoriedade de aprova\\u00e7\\u00e3o do projeto b\\u00e1sico arquitet\\u00f4nico para servi\\u00e7os de est\\u00e9tica que n\\u00e3o executem atividades restritas a profissionais de sa\\u00fade, ou seja, aqueles que n\\u00e3o fazem procedimentos invasivos ou uso de medicamentos. Contudo, estados e munic\\u00edpios possuem tamb\\u00e9m compet\\u00eancia para regulamentar quest\\u00f5es de vigil\\u00e2ncia sanit\\u00e1ria, e assim \\u00e9 poss\\u00edvel que exista normas mais restritivas (isto \\u00e9, mais exigentes) em sua localidade. Neste sentido, orientamos para que seja feito contato com a Vigil\\u00e2ncia Sanit\\u00e1ria de seu munic\\u00edpio.<\\\/p>\"}},{\"@type\":\"Question\",\"name\":\"A RDC 50\\\/2002, que traz crit\\u00e9rios de infraestrutura para os servi\\u00e7os de sa\\u00fade, \\u00e9 aplic\\u00e1vel aos servi\\u00e7os de embelezamento?\",\"acceptedAnswer\":{\"@type\":\"Answer\",\"text\":\"<p>Primeiramente esclarecemos que Servi\\u00e7os de Interesse para a Sa\\u00fade s\\u00e3o atividades em que h\\u00e1 presta\\u00e7\\u00e3o de assist\\u00eancia ao indiv\\u00edduo ou \\u00e0 popula\\u00e7\\u00e3o humana que possa alterar o seu estado de sa\\u00fade, onde a responsabilidade por estes servi\\u00e7os pode ser exercida por distintos profissionais, n\\u00e3o necessariamente da \\u00e1rea de sa\\u00fade. J\\u00e1 os Servi\\u00e7os de Sa\\u00fade s\\u00e3o as atividades em que h\\u00e1 presta\\u00e7\\u00e3o de assist\\u00eancia ao indiv\\u00edduo ou \\u00e0 popula\\u00e7\\u00e3o humana que possa alterar o seu estado de sa\\u00fade, objetivando a preven\\u00e7\\u00e3o e o diagn\\u00f3stico de doen\\u00e7as, o tratamento, a recupera\\u00e7\\u00e3o, a est\\u00e9tica ou a reabilita\\u00e7\\u00e3o, realizada obrigatoriamente por profissional de sa\\u00fade ou sob sua supervis\\u00e3o.<br \\\/><br \\\/><\\\/p><p>Dito isso, em regra os servi\\u00e7os de embelezamento n\\u00e3o se enquadram como servi\\u00e7os de sa\\u00fade uma vez que a grande maioria n\\u00e3o executa atividades privativas de profissionais de sa\\u00fade. Caso o servi\\u00e7o de embelezamento execute tais atividades se torna um servi\\u00e7o de sa\\u00fade e, portanto, aplica-se a RDC 50 de 2002 e demais normas pertinentes ao servi\\u00e7o de sa\\u00fade.<\\\/p>\"}},{\"@type\":\"Question\",\"name\":\"Qual a forma correta para a desinfec\\u00e7\\u00e3o ou esteriliza\\u00e7\\u00e3o dos materiais utilizados nas atividades de embelezamento? O uso de estufa est\\u00e1 proibido?\",\"acceptedAnswer\":{\"@type\":\"Answer\",\"text\":\"<p>N\\u00e3o existe norma sanit\\u00e1ria federal sobre as atividades de embelezamento, por\\u00e9m, esses servi\\u00e7os est\\u00e3o sujeitos \\u00e0 fiscaliza\\u00e7\\u00e3o e regulamenta\\u00e7\\u00e3o pelas vigil\\u00e2ncias sanit\\u00e1rias de estados e munic\\u00edpios.<br \\\/><br \\\/><\\\/p><p>As vigil\\u00e2ncias sanit\\u00e1rias de estados e munic\\u00edpios s\\u00e3o os \\u00f3rg\\u00e3os respons\\u00e1veis pela fiscaliza\\u00e7\\u00e3o dos estabelecimentos de interesse \\u00e0 sa\\u00fade, sendo que estados e munic\\u00edpios podem elaborar normas locais para tais servi\\u00e7os. Em caso de d\\u00favidas sobre o funcionamento de tais servi\\u00e7os ou mesmo de den\\u00fancias, recomenda-se contatar a visa local. Os contatos das Visas locais est\\u00e3o dispon\\u00edveis para consulta no portal da Anvisa.<br \\\/><br \\\/><\\\/p><p>Quanto \\u00e0 esteriliza\\u00e7\\u00e3o de materiais met\\u00e1licos que podem entrar em contato com sangue (por exemplo, alicates e esp\\u00e1tulas), na aus\\u00eancia de regulamenta\\u00e7\\u00e3o nacional e regional, recomenda-se utilizar m\\u00e9todos de esteriliza\\u00e7\\u00e3o reconhecidos, com efic\\u00e1cia comprovada e que sejam pass\\u00edveis de controle e valida\\u00e7\\u00e3o. Para artigos que entram em contato com sangue, orienta-se o uso da autoclave, que \\u00e9 mais eficiente na esteriliza\\u00e7\\u00e3o do que a estufa. Na autoclave, a esteriliza\\u00e7\\u00e3o \\u00e9 feita por vapor sob press\\u00e3o. Chamamos a aten\\u00e7\\u00e3o para que caso se decida pela utiliza\\u00e7\\u00e3o da autoclave que se verifique que realmente se trata de um equipamento que utiliza vapor saturado sob press\\u00e3o, pois temos recebido queixas acerca de comerciantes que vendem supostos esterilizadores que utilizam outras metodologias que n\\u00e3o o vapor saturado sob press\\u00e3o e mesmo assim os tem denominado erroneamente de autoclave.<br \\\/><br \\\/><\\\/p><p>Al\\u00e9m disso, atualmente, a esteriliza\\u00e7\\u00e3o em estufas (calor seco) \\u00e9 recomendada para \\u00f3leos e p\\u00f3s na \\u00e1rea m\\u00e9dica. N\\u00e3o orientamos, contudo, o uso da estufa para outros materiais, pois o processo de esteriliza\\u00e7\\u00e3o em estufas \\u00e9 menos seguro do que em autoclaves, uma vez que exige longa perman\\u00eancia e altas temperaturas, podendo ocorrer falhas no processo de esteriliza\\u00e7\\u00e3o, al\\u00e9m disso os equipamentos utilizados atualmente n\\u00e3o s\\u00e3o automatizados, n\\u00e3o permitem registros confi\\u00e1veis dos par\\u00e2metros f\\u00edsicos do processo, permitem a interrup\\u00e7\\u00e3o do processo e o monitoramento biol\\u00f3gico \\u00e9 complexo.<br \\\/><br \\\/><\\\/p><p><b>OBJETIVO:<\\\/b><\\\/p><p>O objetivo do dermaplaning \\u00e9 proporcionar uma esfolia\\u00e7\\u00e3o profunda e remo\\u00e7\\u00e3o suave do pelo facial, promovendo a renova\\u00e7\\u00e3o celular, melhorando a textura da pele, estimulando a produ\\u00e7\\u00e3o de col\\u00e1geno e permitindo uma melhor absor\\u00e7\\u00e3o de produtos de cuidados com a pele.<\\\/p>\"}},{\"@type\":\"Question\",\"name\":\"Quais s\\u00e3o os procedimentos est\\u00e9ticos permitidos no Brasil?\",\"acceptedAnswer\":{\"@type\":\"Answer\",\"text\":\"<p>N\\u00e3o \\u00e9 da compet\\u00eancia da Ag\\u00eancia Nacional de Vigil\\u00e2ncia Sanit\\u00e1ria (Anvisa) regular procedimentos em si, mas sim de Conselhos Profissionais. O que \\u00e9 atribui\\u00e7\\u00e3o da Ag\\u00eancia \\u00e9 a regula\\u00e7\\u00e3o dos aspectos sanit\\u00e1rios que envolvem a realiza\\u00e7\\u00e3o das atividades, cabendo ainda \\u00e0 vigil\\u00e2ncia sanit\\u00e1ria a constata\\u00e7\\u00e3o da exist\\u00eancia de profissional legalmente habilitado no estabelecimento, conforme diretrizes legais.<\\\/p><p><b>OBJETIVO:<\\\/b><\\\/p><p>O objetivo da depila\\u00e7\\u00e3o com cera quente \\u00e9 remover os pelos indesejados de forma eficaz e duradoura, deixando a pele suave e sem pelos por v\\u00e1rias semanas. Al\\u00e9m disso, esse m\\u00e9todo de depila\\u00e7\\u00e3o tamb\\u00e9m pode enfraquecer os pelos ao longo do tempo, fazendo com que cres\\u00e7am mais finos e mais lentamente.<\\\/p>\"}},{\"@type\":\"Question\",\"name\":\"Quais as normas e procedimentos exigidos para sal\\u00f5es de beleza, bem como cl\\u00ednicas de est\\u00e9tica, sobre a venda de alimentos nestes locais?\",\"acceptedAnswer\":{\"@type\":\"Answer\",\"text\":\"<p>Atualmente, as normas sanit\\u00e1rias espec\\u00edficas para estas atividades s\\u00e3o definidas por estados e munic\\u00edpios. Logo, \\u00e9 necess\\u00e1rio consultar a vigil\\u00e2ncia sanit\\u00e1ria local, inclusive no que tange ao com\\u00e9rcio de bebidas e alimentos nesses estabelecimentos, pois haver\\u00e1 necessidade de licenciamento tamb\\u00e9m desta atividade. Importante destacar que, caso haja manipula\\u00e7\\u00e3o de alimentos no local, devem ser observadas n\\u00e3o s\\u00f3 as normas sanit\\u00e1rias referentes aos servi\\u00e7os de embelezamento, mas tamb\\u00e9m as boas-pr\\u00e1ticas que envolvem os alimentos, reguladas principalmente pela RDC Anvisa n\\u00b0 216 de 2004<\\\/p>\"}},{\"@type\":\"Question\",\"name\":\"Existem normas para as vestimentas dos profissionais que realizam as atividades de embelezamento?\",\"acceptedAnswer\":{\"@type\":\"Answer\",\"text\":\"<p>A Anvisa recomenda como medida de boas pr\\u00e1ticas o uso de uniforme de cor clara, pois evidencia melhor as sujidades e o uso de sapatos fechados (pela possibilidade de materiais perfurocortantes \\u2013 alicates de unha, por exemplo \\u2013 poderem cair e atingir os p\\u00e9s do profissional). Contudo, pelo fato de estados e munic\\u00edpios serem respons\\u00e1veis pelas a\\u00e7\\u00f5es de licenciamento e fiscaliza\\u00e7\\u00e3o de tais atividades orientamos que seja feito contato com o \\u00f3rg\\u00e3o de vigil\\u00e2ncia sanit\\u00e1ria de sua localidade, principalmente em virtude ainda de aus\\u00eancia de norma sanit\\u00e1ria federal espec\\u00edfica. Os contatos (telefones e endere\\u00e7os) desses \\u00f3rg\\u00e3os podem ser obtidos por meio do Portal da Anvisa.<\\\/p>\"}},{\"@type\":\"Question\",\"name\":\"Quais as diretrizes existentes em n\\u00edvel federal para o funcionamento de um servi\\u00e7o de embelezamento relacionadas a equipamentos, cosm\\u00e9ticos, uniformes, EPIs e res\\u00edduos?\",\"acceptedAnswer\":{\"@type\":\"Answer\",\"text\":\"<p>Quanto aos equipamentos e cosm\\u00e9ticos a serem utilizados, ressaltamos que todos eles devem estar regularizados perante a Anvisa.<br \\\/><br \\\/><\\\/p><p>Os EPIs s\\u00e3o s\\u00e3o pressupostos b\\u00e1sicos de biosseguran\\u00e7a e boas pr\\u00e1ticas, portanto \\u00e9 imprescind\\u00edvel o seu uso. Nesse sentido, a Anvisa recomenda como medida de Boas Pr\\u00e1ticas o uso de uniforme de cor clara (pois evidencia melhor as sujidades) e uso de sapatos fechados (pela possibilidade de materiais perfurocortantes \\u2013 alicates de unha, por exemplo \\u2013 poderem cair e atingir os p\\u00e9s do profissional).<br \\\/><br \\\/><\\\/p><p>No que se refere aos res\\u00edduos gerados pelo estabelecimento, ressaltamos que devem ser observadas as disposi\\u00e7\\u00f5es da RDC 222\\\/2018 (que trata do gerenciamento de res\\u00edduos em servi\\u00e7os de sa\\u00fade e assemelhados).<br \\\/><br \\\/><\\\/p><p>Por fim, orientamos que, principalmente em virtude ainda de aus\\u00eancia de norma sanit\\u00e1ria federal espec\\u00edfica para os servi\\u00e7os de embelezamento, seja consultada a vigil\\u00e2ncia sanit\\u00e1ria de sua localidade, uma vez que Estados e Munic\\u00edpios normatizam quest\\u00f5es de vigil\\u00e2ncia sanit\\u00e1ria complementarmente \\u00e0 esfera federal. Imprescind\\u00edvel, portanto, a consulta \\u00e0 vigil\\u00e2ncia sanit\\u00e1ria local para o esclarecimento das outras d\\u00favidas.<\\\/p>\"}},{\"@type\":\"Question\",\"name\":\"A vigil\\u00e2ncia sanit\\u00e1ria regulamenta a realiza\\u00e7\\u00e3o de cursos na \\u00e1rea de embelezamento?\",\"acceptedAnswer\":{\"@type\":\"Answer\",\"text\":\"<p>N\\u00e3o \\u00e9 compet\\u00eancia da Vigil\\u00e2ncia Sanit\\u00e1ria regulamentar a realiza\\u00e7\\u00e3o de cursos, mas sim do Minist\\u00e9rio da Educa\\u00e7\\u00e3o e \\u00f3rg\\u00e3os afins. Contudo, caso haja a realiza\\u00e7\\u00e3o de procedimentos pr\\u00e1ticos em usu\\u00e1rios, h\\u00e1 a necessidade de observ\\u00e2ncia das exig\\u00eancias da Vigil\\u00e2ncia Sanit\\u00e1ria local.<\\\/p>\"}},{\"@type\":\"Question\",\"name\":\"Esteticistas que n\\u00e3o possuem gradua\\u00e7\\u00e3o na \\u00e1rea da sa\\u00fade podem utilizar medicamentos? Quais equipamentos estes profissionais podem utilizar?\",\"acceptedAnswer\":{\"@type\":\"Answer\",\"text\":\"<ul><li><div class=\\\"conteudo\\\"><p>No caso espec\\u00edfico de Esteticistas e T\\u00e9cnicos em Est\\u00e9tica, como tais profissionais ainda n\\u00e3o possuem Conselho de Classe, devemos observar a Lei Federal 13. 643\\\/2018. O artigo 6\\u00b0 da referida lei indica que, al\\u00e9m das atividades descritas no artigo 5\\u00b0, cabe ao Esteticistas e Cosmet\\u00f3logos a responsabilidade t\\u00e9cnica pelos centros de est\\u00e9tica que executam e aplicam recursos est\\u00e9ticos, observado o disposto nesta lei.<br \\\/><br \\\/><\\\/p><p>Por sua vez, o artigo 5\\u00b0, inciso I, da lei 13.643 disp\\u00f5e que compete ao T\\u00e9cnico em Est\\u00e9tica \\u201cexecutar procedimentos est\\u00e9ticos faciais, corporais e capilares, utilizando como recursos de trabalho produtos cosm\\u00e9ticos, t\\u00e9cnicas e equipamentos com registro na Ag\\u00eancia Nacional de Vigil\\u00e2ncia Sanit\\u00e1ria (Anvisa)\\u201d. A partir desse artigo, duas conclus\\u00f5es se extraem:<br \\\/><br \\\/><\\\/p><p>1) Os Esteticistas e T\\u00e9cnicos em Est\\u00e9tica s\\u00f3 podem utilizar como insumos de trabalho os cosm\\u00e9ticos; e n\\u00e3o medicamentos;<\\\/p><p>2) O uso de equipamentos por estes profissionais depende da exist\\u00eancia de equipamentos registrados que podem ser operados por tais profissionais. Portanto, cabe aos fabricantes dos equipamentos indicarem em seus manuais, quando da submiss\\u00e3o do registro dos equipamentos nesta Ag\\u00eancia, os profissionais habilitados a utiliz\\u00e1-los.<br \\\/><br \\\/><\\\/p><p>A defini\\u00e7\\u00e3o de cosm\\u00e9ticos \\u00e9 encontrada na RDC07\\\/2015: \\u201cProdutos de Higiene Pessoal, Cosm\\u00e9ticos e Perfumes: s\\u00e3o prepara\\u00e7\\u00f5es constitu\\u00eddas por subst\\u00e2ncias naturais ou sint\\u00e9ticas, de uso externo nas diversas partes do corpo humano, pele, sistema capilar, unhas, l\\u00e1bios, \\u00f3rg\\u00e3os genitais externos, dentes e membranas mucosas da cavidade oral, com o objetivo exclusivo ou principal de limp\\u00e1-los, perfum\\u00e1los, alterar sua apar\\u00eancia e ou corrigir odores corporais e ou proteg\\u00ea-los ou mant\\u00ea-los embomestado.\\u201d Portanto, \\u00e9 importante garantir que n\\u00e3o sejam utilizados medicamentos, principalmente, quando se trata dos produtos injet\\u00e1veis.<\\\/p><\\\/div><\\\/li><\\\/ul>\"}},{\"@type\":\"Question\",\"name\":\"Qual a norma que regula procedimentos est\\u00e9ticos com o uso de equipamentos, como a depila\\u00e7\\u00e3o a laser, criolip\\u00f3lise, carboxiterapia etc? Quais os profissionais habilitados para realizar esses procedimentos?\",\"acceptedAnswer\":{\"@type\":\"Answer\",\"text\":\"<p>A regulamenta\\u00e7\\u00e3o do exerc\\u00edcio profissional n\\u00e3o \\u00e9 atribui\\u00e7\\u00e3o da vigil\\u00e2ncia sanit\\u00e1ria. Assim, n\\u00e3o \\u00e9 da compet\\u00eancia da Ag\\u00eancia Nacional de Vigil\\u00e2ncia Sanit\\u00e1ria (Anvisa) regular procedimentos em si, mas sim de Conselhos Profissionais. O que \\u00e9 atribui\\u00e7\\u00e3o da Ag\\u00eancia \\u00e9 a regula\\u00e7\\u00e3o dos aspectos sanit\\u00e1rios que envolvem a realiza\\u00e7\\u00e3o das atividades, cabendo ainda \\u00e0 vigil\\u00e2ncia sanit\\u00e1ria a constata\\u00e7\\u00e3o da exist\\u00eancia de profissional legalmente habilitado no estabelecimento, conforme diretrizes legais. Neste sentido, os profissionais de sa\\u00fade, que possuem Conselho de Classe, devem observar as diretrizes e exig\\u00eancias necess\\u00e1rias provenientes de seus Conselhos para desempenhar determinada atividade.<br \\\/><br \\\/><\\\/p><p>No caso espec\\u00edfico de Esteticistas e T\\u00e9cnicos em Est\\u00e9tica, como tais profissionais ainda n\\u00e3o possuem Conselho de Classe, devemos observar a Lei federal 13. 643\\\/2018. O artigo 6\\u00b0 da referida lei indica que, al\\u00e9m das atividades descritas no artigo 5\\u00b0, cabe ao Esteticistas e Cosmet\\u00f3logo a responsabilidade t\\u00e9cnica pelos centros de est\\u00e9tica que executam e aplicam recursos est\\u00e9ticos, observado o disposto nesta lei.<br \\\/><br \\\/><\\\/p><p>Por sua vez, o artigo 5\\u00b0, inciso I, da lei 13.643 disp\\u00f5e que compete ao T\\u00e9cnico em Est\\u00e9tica \\u201cexecutar procedimentos est\\u00e9ticos faciais, corporais e capilares, utilizando como recursos de trabalho produtos cosm\\u00e9ticos, t\\u00e9cnicas e equipamentos com registro na Ag\\u00eancia Nacional de Vigil\\u00e2ncia Sanit\\u00e1ria (Anvisa)\\u201d. A partir desse artigo, duas conclus\\u00f5es se extraem:<br \\\/><br \\\/><\\\/p><p>1) Os Esteticistas e T\\u00e9cnicos em Est\\u00e9tica s\\u00f3 podem utilizar como insumos de trabalho os cosm\\u00e9ticos; e n\\u00e3o medicamentos;<\\\/p><p>2) O uso de equipamentos por estes profissionais depende da exist\\u00eancia de equipamentos registrados que podem ser operados por tais profissionais. Portanto, cabe aos fabricantes dos equipamentos indicarem em seus manuais, quando da submiss\\u00e3o do registro dos equipamentos nesta Ag\\u00eancia, os profissionais habilitados a utiliz\\u00e1-los.<\\\/p>\"}},{\"@type\":\"Question\",\"name\":\"H\\u00e1 normas espec\\u00edficas para os servi\\u00e7os de embelezamento quanto ao descarte de materiais utilizados?\",\"acceptedAnswer\":{\"@type\":\"Answer\",\"text\":\"<p>Quanto ao descarte de materiais, isto \\u00e9, os res\\u00edduos gerados pelo estabelecimento, informamos que devem ser observadas as disposi\\u00e7\\u00f5es da RDC 222\\\/2018 (que trata do gerenciamento de res\\u00edduos em servi\\u00e7os de sa\\u00fade e assemelhados). Esta resolu\\u00e7\\u00e3o traz, inclusive, a classifica\\u00e7\\u00e3o dos diferentes res\\u00edduos gerados por um servi\\u00e7o, bem como todas as etapas do gerenciamento (da segrega\\u00e7\\u00e3o \\u00e0 disposi\\u00e7\\u00e3o final).<\\\/p>\"}},{\"@type\":\"Question\",\"name\":\"As estufas comuns podem ser utilizadas para a esteriliza\\u00e7\\u00e3o de materiais em servi\\u00e7os de embelezamento?\",\"acceptedAnswer\":{\"@type\":\"Answer\",\"text\":\"<p>N\\u00e3o existe ainda norma sanit\\u00e1ria federal proibindo o uso de estufas para a esteriliza\\u00e7\\u00e3o de materiais met\\u00e1licos que podem entrar em contato com sangue (por exemplo, alicates e esp\\u00e1tulas) utilizados no sal\\u00e3o de beleza. Alguns estados ou munic\\u00edpios, todavia, possuem norma local que obriga o uso de autoclave para esse fim.<br \\\/><br \\\/><\\\/p><p>Na aus\\u00eancia de regulamenta\\u00e7\\u00e3o nacional e regional, recomenda-se utilizar m\\u00e9todos de esteriliza\\u00e7\\u00e3o reconhecidos, com efic\\u00e1cia comprovada e que sejam pass\\u00edveis de controle e valida\\u00e7\\u00e3o. Para artigos que entram em contato com sangue, orienta-se o uso da autoclave, que \\u00e9 mais eficiente na esteriliza\\u00e7\\u00e3o do que a estufa. Na autoclave, a esteriliza\\u00e7\\u00e3o \\u00e9 feita por vapor sob press\\u00e3o. Chamamos a aten\\u00e7\\u00e3o para que caso se decida pela utiliza\\u00e7\\u00e3o da autoclave que se verifique que realmente se trata de um equipamento que utiliza vapor saturado sob press\\u00e3o, pois temos recebido queixas acerca de comerciantes que vendem supostos esterilizadores que utilizam outras metodologias que n\\u00e3o o vapor saturado sob press\\u00e3o e mesmo assim os tem denominado erroneamente de autoclave.<br \\\/><br \\\/><\\\/p><p>Al\\u00e9m disso, atualmente, a esteriliza\\u00e7\\u00e3o em estufas (calor seco) \\u00e9 recomendada apenas para \\u00f3leos e p\\u00f3s na \\u00e1rea m\\u00e9dica. N\\u00e3o orientamos, contudo, o uso da estufa para outros materiais, pois o processo de esteriliza\\u00e7\\u00e3o em estufas \\u00e9 menos seguro do que em autoclaves, uma vez que exige longo per\\u00edodo de tempo e altas temperaturas, podendo ocorrer falhas no processo de esteriliza\\u00e7\\u00e3o, al\\u00e9m disso os equipamentos utilizados atualmente n\\u00e3o s\\u00e3o automatizados, n\\u00e3o permitem registros confi\\u00e1veis dos par\\u00e2metros f\\u00edsicos do processo, permitem a interrup\\u00e7\\u00e3o do processo e o monitoramento biol\\u00f3gico \\u00e9 complexo.<\\\/p>\"}},{\"@type\":\"Question\",\"name\":\"Qual o entendimento da Anvisa sobre o processamento adequado das pin\\u00e7as usadas para o design de sobrancelhas nos servi\\u00e7os de embelezamento? Devem ser esterilizadas ou se a limpeza seguida da desinfec\\u00e7\\u00e3o com \\u00e1lcool a 70% \\u00e9 suficiente para a seguran\\u00e7a da sua reutiliza\\u00e7\\u00e3o?\",\"acceptedAnswer\":{\"@type\":\"Answer\",\"text\":\"<p>Quanto ao processamento de materiais met\\u00e1licos que podem entrar em contato com sangue (por exemplo, alicates, pin\\u00e7as e esp\\u00e1tulas), na aus\\u00eancia de regulamenta\\u00e7\\u00e3o nacional e regional, recomenda-se utilizar m\\u00e9todos de esteriliza\\u00e7\\u00e3o reconhecidos, com efic\\u00e1cia comprovada e que sejam pass\\u00edveis de controle e valida\\u00e7\\u00e3o. Para artigos que entram em contato com sangue, orienta-se o uso da autoclave, que \\u00e9 mais eficiente na esteriliza\\u00e7\\u00e3o do que a estufa. Na autoclave, a esteriliza\\u00e7\\u00e3o \\u00e9 feita por vapor sob press\\u00e3o.<br \\\/><br \\\/><\\\/p><p>Chamamos a aten\\u00e7\\u00e3o para que caso se decida pela utiliza\\u00e7\\u00e3o da autoclave que se verifique que realmente se trata de um equipamento que utiliza vapor saturado sob press\\u00e3o, pois temos recebido queixas acerca de comerciantes que vendem supostos esterilizadores que utilizam outras metodologias que n\\u00e3o o vapor saturado sob press\\u00e3o e mesmo assim os tem denominado erroneamente de autoclave. Ressaltamos que a esteriliza\\u00e7\\u00e3o deve ser precedida de rigorosa limpeza.<br \\\/><br \\\/><\\\/p><p>Por fim, a desinfec\\u00e7\\u00e3o se destina somente para materiais semicr\\u00edticos, ou seja, aqueles que entram em contato com mucosas \\u00edntegras e que n\\u00e3o haja risco de contato com sangue. A desinfec\\u00e7\\u00e3o tamb\\u00e9m deve ser precedida de rigorosa limpeza.<\\\/p>\"}},{\"@type\":\"Question\",\"name\":\"Qual lei obriga o sal\\u00e3o de beleza a ter autoclave para esterilizar os alicates de unhas?\",\"acceptedAnswer\":{\"@type\":\"Answer\",\"text\":\"<p>N\\u00e3o existe Lei federal que obrige o uso de autoclave para a esteriliza\\u00e7\\u00e3o de alicates de unha, mas conforme abordado anteriormente, a Lei 12.592, de 18 de janeiro de 2012, que &#8220;Disp\\u00f5e sobre o exerc\\u00edcio das atividades profissionais de Cabeleireiro, Barbeiro, Esteticista, Manicure, Pedicure, Depilador e Maquiador&#8221;, determina:<\\\/p><p>&#8220;Art. 4\\u00b0 Os profissionais de que trata esta Lei dever\\u00e3o obedecer \\u00e0s normas sanit\\u00e1rias, efetuando a esteriliza\\u00e7\\u00e3o de materiais e utens\\u00edlios utilizados no atendimento a seus clientes&#8221;.<br \\\/><br \\\/><\\\/p><p>Logo, o dispositivo utilizado para a esteriliza\\u00e7\\u00e3o n\\u00e3o s\\u00f3 de alicates, como tamb\\u00e9m de outros utens\\u00edlios de metal que possam entrar em contato com o sangue, deve ter sua efic\\u00e1cia comprovada pela literatura cient\\u00edfica. Al\\u00e9m de serem pass\\u00edveis de controle e valida\\u00e7\\u00e3o. Para artigos que entram em contato com sangue, orienta-se o uso da autoclave, que \\u00e9 mais eficiente na esteriliza\\u00e7\\u00e3o do que a estufa. Na autoclave, a esteriliza\\u00e7\\u00e3o \\u00e9 feita por vapor sob press\\u00e3o. Chamamos a aten\\u00e7\\u00e3o para que caso se decida pela utiliza\\u00e7\\u00e3o da autoclave que se verifique que realmente se trata de um equipamento que utiliza vapor saturado sob press\\u00e3o, pois temos recebido queixas acerca de comerciantes que vendem supostos esterilizadores que utilizam outras metodologias que n\\u00e3o o vapor saturado sob press\\u00e3o e mesmo assim os tem denominado erroneamente de autoclave.<br \\\/><br \\\/><\\\/p><p>Al\\u00e9m disso, informamos que alguns estados e, at\\u00e9 mesmo, alguns munic\\u00edpios possuem normas pr\\u00f3prias que j\\u00e1 exigem o uso da autoclave, portanto, procure o \\u00f3rg\\u00e3o de vigil\\u00e2ncia sanit\\u00e1ria do munic\\u00edpio onde est\\u00e1 instalado o sal\\u00e3o de beleza para saber se \\u00e9 o caso.<\\\/p>\"}},{\"@type\":\"Question\",\"name\":\"Qual a menor autoclave autorizada pela Anvisa para esterilizar materiais em servi\\u00e7os de embelezamento?\",\"acceptedAnswer\":{\"@type\":\"Answer\",\"text\":\"<p>N\\u00e3o h\\u00e1 capacidade m\\u00ednima exigida para a autoclave, por\\u00e9m, ressaltamos que somente os equipamentos que utilizam a t\\u00e9cnica de vapor saturado sob press\\u00e3o s\\u00e3o considerados autoclaves. Chamamos a aten\\u00e7\\u00e3o para que se verifique que realmente se trata de um equipamento que utiliza vapor saturado sob press\\u00e3o, pois temos recebido queixas acerca de comerciantes que vendem supostos esterilizadores que utilizam outras metodologias que n\\u00e3o o vapor saturado sob press\\u00e3o e mesmo assim os tem denominado erroneamente de autoclave.Jato de Plasma: o equipamento de corrente com alta tens\\u00e3o e alta intensidade. Eletrocaut\\u00e9rio: o equipamento tem corrente alternada de baixa tens\\u00e3o e alta intensidade.<\\\/p>\"}},{\"@type\":\"Question\",\"name\":\"O uso do Formol para alisar cabelos est\\u00e1 proibido?\",\"acceptedAnswer\":{\"@type\":\"Answer\",\"text\":\"<p>O formol n\\u00e3o pode ser utilizado como alisante capilar, conforme preconiza a RDC 36\\\/2009. Adicionar formol a esses produtos \\u00e9 infra\\u00e7\\u00e3o sanit\\u00e1ria (adultera\\u00e7\\u00e3o ou falsifica\\u00e7\\u00e3o) e crime hediondo.<br \\\/><br \\\/><\\\/p><p>O uso indevido de formol em alisantes de cabelo pode causar diversos males \\u00e0 sa\\u00fade, como: irrita\\u00e7\\u00e3o, coceira, queimadura, incha\\u00e7o, descama\\u00e7\\u00e3o e vermelhid\\u00e3o do couro cabeludo, queda do cabelo, ard\\u00eancia dos olhos e lacrimejamento, falta de ar, tosse, dor de cabe\\u00e7a, ard\\u00eancia e coceira no nariz.<\\\/p><p>Exposi\\u00e7\\u00f5es constantes podem deixar a boca amarga e causar dor de barriga, enjoo, v\\u00f4mito, desmaio, feridas na boca, narina e olhos, e c\\u00e2ncer nas vias a\\u00e9reas superiores (nariz, faringe, laringe, traqueia e br\\u00f4nquios), podendo at\\u00e9 levar \\u00e0 morte.<br \\\/><br \\\/><\\\/p><p>Para identificar alisantes seguros, verifique se a embalagem do produto cont\\u00e9m o n\\u00famero de Autoriza\\u00e7\\u00e3o de Funcionamento da Empresa (AFE) e o n\\u00famero do processo, que corresponder\\u00e1 ao n\\u00famero de registro do produto. Todos os alisantes capilares, inclusive os importados, devem ser registrados. Alisantes sem registro est\\u00e3o irregulares.<\\\/p>\"}},{\"@type\":\"Question\",\"name\":\"\\u00c9 permitido o uso de c\\u00e2maras de bronzeamentos artificial no Brasil?\",\"acceptedAnswer\":{\"@type\":\"Answer\",\"text\":\"<p>Esclarecemos primeiramente que as c\\u00e2maras de bronzeamento artificial com fins est\\u00e9ticos n\\u00e3o se confundem com c\\u00e2maras utilizadas para fins m\\u00e9dicos que se inserem na terap\\u00eautica ou preven\\u00e7\\u00e3o de alguma patologia. Tais equipamentos utilizam comprimentos de onda distintos para os fins perseguidos e, portanto, n\\u00e3o podem ser considerados an\\u00e1logos.<br \\\/><br \\\/><\\\/p><p>Dito isto, informamos que as c\\u00e2maras de bronzeamento artificial para fins est\\u00e9ticos s\\u00e3o proibidas no Brasil, conforme Resolu\\u00e7\\u00e3o de Diretoria Colegiada da Anvisa n\\u00b0 56 de 2009.<\\\/p>\"}},{\"@type\":\"Question\",\"name\":\"\\u00c9 permitido o uso de c\\u00e2maras de bronzeamentos artificial no Brasil?\",\"acceptedAnswer\":{\"@type\":\"Answer\",\"text\":\"<p>Esclarecemos primeiramente que as c\\u00e2maras de bronzeamento artificial com fins est\\u00e9ticos n\\u00e3o se confundem com c\\u00e2maras utilizadas para fins m\\u00e9dicos que se inserem na terap\\u00eautica ou preven\\u00e7\\u00e3o de alguma patologia. Tais equipamentos utilizam comprimentos de onda distintos para os fins perseguidos e, portanto, n\\u00e3o podem ser considerados an\\u00e1logos.<br \\\/><br \\\/><\\\/p><p>Dito isto, informamos que as c\\u00e2maras de bronzeamento artificial para fins est\\u00e9ticos s\\u00e3o proibidas no Brasil, conforme Resolu\\u00e7\\u00e3o de Diretoria Colegiada da Anvisa n\\u00b0 56 de 2009.<\\\/p>\"}},{\"@type\":\"Question\",\"name\":\"H\\u00e1 riscos \\u00e0 sa\\u00fade do trabalhador com rela\\u00e7\\u00e3o ao uso do formol?\",\"acceptedAnswer\":{\"@type\":\"Answer\",\"text\":\"<p>A exposi\\u00e7\\u00e3o ao formol pode causar efeitos t\\u00f3xicos agudos, no momento de sua aplica\\u00e7\\u00e3o ou nas horas que se seguem. No entanto, o seu uso repetido, cr\\u00f4nico, traz riscos ainda maiores para a sa\\u00fade. Segundo o Instituto Nacional do C\\u00e2ncer \\u2013 INCA, a exposi\\u00e7\\u00e3o por tempo prolongado, principalmente se esta se d\\u00e1 em ambientes fechados, aumenta o risco de desenvolvimento de c\\u00e2ncer, em especial de nasofaringe e leucemias.<br \\\/><br \\\/><\\\/p><p>O formol adicionado a outro produto com o objetivo de obter o alisamento capilar n\\u00e3o \\u00e9 permitido pela Anvisa devido aos riscos que oferece \\u00e0 sa\\u00fade do trabalhador e a do usu\\u00e1rio e, principalmente, ao seu potencial cancer\\u00edgeno. A aplica\\u00e7\\u00e3o do formol somente \\u00e9 permitida durante a fabrica\\u00e7\\u00e3o do produto, na devida propor\\u00e7\\u00e3o, com a fun\\u00e7\\u00e3o de conservante, o que n\\u00e3o gera efeito alisante.<\\\/p>\"}},{\"@type\":\"Question\",\"name\":\"Quais principais medidas de biosseguran\\u00e7a a fim de proteger a sa\\u00fade dos profissionais de embelezamento?\",\"acceptedAnswer\":{\"@type\":\"Answer\",\"text\":\"<p>Dentre as principais medidas de biosseguran\\u00e7a destacamos a import\\u00e2ncia do uso de EPIs uma vez que s\\u00e3o pressupostos b\\u00e1sicos de biosseguran\\u00e7a e boas pr\\u00e1ticas. Nesse sentido, uma quest\\u00e3o geralmente ignorada \\u00e9 a import\\u00e2ncia do uso dos sapatos; os sapatos fechados protegem o profissional quanto acidentes por materiais perfurocortantes, como alicates de unhas, tesouras etc.<br \\\/><br \\\/><\\\/p><p>Outras medidas importantes dizem respeito a higieniza\\u00e7\\u00e3o frequente das m\\u00e3os e vacina\\u00e7\\u00e3o dos profissionais. As secretarias de sa\\u00fade disponibilizam aos profissionais de embelezamento vacinas para a prote\\u00e7\\u00e3o contra t\\u00e9tano, difteria e hepatite B. Essas s\\u00e3o algumas das doen\\u00e7as de maior risco de transmiss\\u00e3o na pr\\u00e1tica laboral.<\\\/p>\"}}]}<\/script>\n\t\t\t\t\t<\/div>\n\t\t\t\t\t\t<\/div>\n\t\t\t\t<\/div>\n\t\t\t\t<div class=\"elementor-element elementor-element-2fd41572 elementor-icon-list--layout-traditional elementor-list-item-link-full_width elementor-widget elementor-widget-icon-list\" data-id=\"2fd41572\" data-element_type=\"widget\" data-widget_type=\"icon-list.default\">\n\t\t\t\t<div class=\"elementor-widget-container\">\n\t\t\t\t\t\t\t<ul class=\"elementor-icon-list-items\">\n\t\t\t\t\t\t\t<li class=\"elementor-icon-list-item\">\n\t\t\t\t\t\t\t\t\t\t\t<a href=\"https:\/\/www.gov.br\/anvisa\/pt-br\/acessoainformacao\/perguntasfrequentes\/servicos-de-saude\/servicos-de-embelezamento\" target=\"_blank\">\n\n\t\t\t\t\t\t\t\t\t\t\t\t<span class=\"elementor-icon-list-icon\">\n\t\t\t\t\t\t\t<i aria-hidden=\"true\" class=\"fas fa-link\"><\/i>\t\t\t\t\t\t<\/span>\n\t\t\t\t\t\t\t\t\t\t<span class=\"elementor-icon-list-text\">Fonte: Portal Anvisa<\/span>\n\t\t\t\t\t\t\t\t\t\t\t<\/a>\n\t\t\t\t\t\t\t\t\t<\/li>\n\t\t\t\t\t\t<\/ul>\n\t\t\t\t\t\t<\/div>\n\t\t\t\t<\/div>\n\t\t\t\t\t<\/div>\n\t\t<\/div>\n\t\t\t\t\t<\/div>\n\t\t<\/section>\n\t\t\t\t<section class=\"elementor-section elementor-top-section elementor-element elementor-element-45976e0a elementor-section-stretched elementor-section-boxed elementor-section-height-default elementor-section-height-default\" data-id=\"45976e0a\" data-element_type=\"section\" data-settings=\"{&quot;background_background&quot;:&quot;gradient&quot;,&quot;stretch_section&quot;:&quot;section-stretched&quot;}\">\n\t\t\t\t\t\t\t<div class=\"elementor-background-overlay\"><\/div>\n\t\t\t\t\t\t\t<div class=\"elementor-container elementor-column-gap-default\">\n\t\t\t\t\t<div class=\"elementor-column elementor-col-100 elementor-top-column elementor-element elementor-element-5bcdb572 elementor-invisible\" data-id=\"5bcdb572\" data-element_type=\"column\" data-settings=\"{&quot;animation&quot;:&quot;fadeInRight&quot;}\">\n\t\t\t<div class=\"elementor-widget-wrap elementor-element-populated\">\n\t\t\t\t\t\t<div class=\"elementor-element elementor-element-6b3fdb83 elementor-widget elementor-widget-heading\" data-id=\"6b3fdb83\" data-element_type=\"widget\" data-widget_type=\"heading.default\">\n\t\t\t\t<div class=\"elementor-widget-container\">\n\t\t\t\t\t<h2 class=\"elementor-heading-title elementor-size-default\">Como Obter os Documentos POPs para Minha Cl\u00ednica de Est\u00e9tica, Sal\u00e3o ou Barbearia?<\/h2>\t\t\t\t<\/div>\n\t\t\t\t<\/div>\n\t\t\t\t<div class=\"elementor-element elementor-element-c6ca6b9 elementor-widget elementor-widget-text-editor\" data-id=\"c6ca6b9\" data-element_type=\"widget\" data-widget_type=\"text-editor.default\">\n\t\t\t\t<div class=\"elementor-widget-container\">\n\t\t\t\t\t\t\t\t\t<ul>\n<li><strong>Personaliza\u00e7\u00e3o Sob Medida:<\/strong> Cada <b>Cl\u00ednica de Est\u00e9tica, Sal\u00e3o ou Barbearia<\/b> \u00e9 \u00fanico, e seus procedimentos devem refletir essa individualidade. Busque por servi\u00e7os que ofere\u00e7am POPs personalizados, adaptados \u00e0s especificidades do seu estabelecimento e \u00e0s exig\u00eancias da Anvisa.<br><br><\/li>\n<li><strong>Melhor Padr\u00e3o de Qualidade Anvisa:<\/strong> Garanta que os POPs que voc\u00ea adquire atendam aos mais altos padr\u00f5es de qualidade estabelecidos pela Anvisa. Escolha provedores confi\u00e1veis que tenham expertise em normas regulat\u00f3rias e experi\u00eancia comprovada no setor.<br><br><\/li>\n<li>Investir em Procedimentos Operacionais Padr\u00e3o \u00e9 mais do que uma mera formalidade; \u00e9 um compromisso com a excel\u00eancia, seguran\u00e7a e conformidade. Ao adotar POPs personalizados e de alta qualidade, voc\u00ea est\u00e1 elevando o padr\u00e3o de sua <b>Cl\u00ednica de Est\u00e9tica <\/b>e garantindo um ambiente seguro e profissional para todos. N\u00e3o deixe sua <b>Cl\u00ednica de Est\u00e9tica, Sal\u00e3o ou Barbearia <\/b>para tr\u00e1s &#8211; comece hoje mesmo a implementar POPs e colha os frutos de um neg\u00f3cio bem-sucedido e em conformidade com a legisla\u00e7\u00e3o.<\/li>\n<\/ul>\t\t\t\t\t\t\t\t<\/div>\n\t\t\t\t<\/div>\n\t\t\t\t\t<\/div>\n\t\t<\/div>\n\t\t\t\t\t<\/div>\n\t\t<\/section>\n\t\t\t\t<section class=\"elementor-section elementor-top-section elementor-element elementor-element-3d6ab4f6 elementor-section-stretched elementor-section-boxed elementor-section-height-default elementor-section-height-default elementor-invisible\" data-id=\"3d6ab4f6\" data-element_type=\"section\" data-settings=\"{&quot;animation&quot;:&quot;fadeInUp&quot;,&quot;animation_delay&quot;:200,&quot;stretch_section&quot;:&quot;section-stretched&quot;}\">\n\t\t\t\t\t\t<div class=\"elementor-container elementor-column-gap-default\">\n\t\t\t\t\t<div class=\"elementor-column elementor-col-100 elementor-top-column elementor-element elementor-element-4a367771\" data-id=\"4a367771\" data-element_type=\"column\">\n\t\t\t<div class=\"elementor-widget-wrap elementor-element-populated\">\n\t\t\t\t\t\t<section class=\"elementor-section elementor-inner-section elementor-element elementor-element-3e7936e elementor-section-boxed elementor-section-height-default elementor-section-height-default\" data-id=\"3e7936e\" data-element_type=\"section\">\n\t\t\t\t\t\t<div class=\"elementor-container elementor-column-gap-default\">\n\t\t\t\t\t<div class=\"elementor-column elementor-col-33 elementor-inner-column elementor-element elementor-element-c240d23 elementor-invisible\" data-id=\"c240d23\" data-element_type=\"column\" data-settings=\"{&quot;background_background&quot;:&quot;classic&quot;,&quot;animation&quot;:&quot;fadeInUp&quot;}\">\n\t\t\t<div class=\"elementor-widget-wrap elementor-element-populated\">\n\t\t\t\t\t\t<div class=\"elementor-element elementor-element-f614801 elementor-position-top elementor-widget elementor-widget-image-box\" data-id=\"f614801\" data-element_type=\"widget\" data-widget_type=\"image-box.default\">\n\t\t\t\t<div class=\"elementor-widget-container\">\n\t\t\t\t\t<div class=\"elementor-image-box-wrapper\"><figure class=\"elementor-image-box-img\"><img fetchpriority=\"high\" decoding=\"async\" width=\"1280\" height=\"720\" src=\"https:\/\/rtpd.com.br\/solucoes\/wp-content\/uploads\/2024\/02\/a2.webp\" class=\"attachment-full size-full wp-image-2100\" alt=\"Procedimento Operacional Padr\u00e3o POP para Sal\u00e3o de Beleza.\" style=\"width:100%;height:56.25%;max-width:1280px\" srcset=\"https:\/\/rtpd.com.br\/solucoes\/wp-content\/uploads\/2024\/02\/a2.webp 1280w, https:\/\/rtpd.com.br\/solucoes\/wp-content\/uploads\/2024\/02\/a2-300x169.webp 300w, https:\/\/rtpd.com.br\/solucoes\/wp-content\/uploads\/2024\/02\/a2-1024x576.webp 1024w, https:\/\/rtpd.com.br\/solucoes\/wp-content\/uploads\/2024\/02\/a2-768x432.webp 768w\" sizes=\"(max-width: 1280px) 100vw, 1280px\" \/><\/figure><\/div>\t\t\t\t<\/div>\n\t\t\t\t<\/div>\n\t\t\t\t<div class=\"elementor-element elementor-element-46e8a2e elementor-widget elementor-widget-heading\" data-id=\"46e8a2e\" data-element_type=\"widget\" data-widget_type=\"heading.default\">\n\t\t\t\t<div class=\"elementor-widget-container\">\n\t\t\t\t\t<h2 class=\"elementor-heading-title elementor-size-default\">Emissor de POP para Sal\u00e3o de Beleza<\/h2>\t\t\t\t<\/div>\n\t\t\t\t<\/div>\n\t\t\t\t<div class=\"elementor-element elementor-element-1816395 elementor-widget__width-inherit elementor-widget elementor-widget-text-editor\" data-id=\"1816395\" data-element_type=\"widget\" data-widget_type=\"text-editor.default\">\n\t\t\t\t<div class=\"elementor-widget-container\">\n\t\t\t\t\t\t\t\t\t<p><span style=\"letter-spacing: -0.1px; word-spacing: 1px;\">S\u00e3o\u00a0<\/span><span style=\"font-weight: bold; letter-spacing: -0.1px; word-spacing: 1px;\">61<\/span><span style=\"letter-spacing: -0.1px; word-spacing: 1px;\">\u00a0documentos\u00a0<\/span><span style=\"font-weight: bold; letter-spacing: -0.1px; word-spacing: 1px;\">POPs<\/span><span style=\"letter-spacing: -0.1px; word-spacing: 1px;\">\u00a0obrigat\u00f3rios na pasta sanit\u00e1ria de\u00a0<b>Espa\u00e7o de Beleza\u00a0<\/b><\/span><span style=\"letter-spacing: -0.1px; word-spacing: 1px;\">com detalhamento das melhores pr\u00e1ticas no padr\u00e3o de qualidade\u00a0<\/span><span style=\"font-weight: bold; letter-spacing: -0.1px; word-spacing: 1px;\">Anvisa<\/span><span style=\"letter-spacing: -0.1px; word-spacing: 1px;\">.<\/span><\/p>\t\t\t\t\t\t\t\t<\/div>\n\t\t\t\t<\/div>\n\t\t\t\t<div class=\"elementor-element elementor-element-993a298 elementor-icon-list--layout-traditional elementor-list-item-link-full_width elementor-widget elementor-widget-icon-list\" data-id=\"993a298\" data-element_type=\"widget\" data-widget_type=\"icon-list.default\">\n\t\t\t\t<div class=\"elementor-widget-container\">\n\t\t\t\t\t\t\t<ul class=\"elementor-icon-list-items\">\n\t\t\t\t\t\t\t<li class=\"elementor-icon-list-item\">\n\t\t\t\t\t\t\t\t\t\t\t<span class=\"elementor-icon-list-icon\">\n\t\t\t\t\t\t\t<i aria-hidden=\"true\" class=\"fas fa-check\"><\/i>\t\t\t\t\t\t<\/span>\n\t\t\t\t\t\t\t\t\t\t<span class=\"elementor-icon-list-text\">Acesso Vital\u00edcio ao Emissor<\/span>\n\t\t\t\t\t\t\t\t\t<\/li>\n\t\t\t\t\t\t\t\t<li class=\"elementor-icon-list-item\">\n\t\t\t\t\t\t\t\t\t\t\t<span class=\"elementor-icon-list-icon\">\n\t\t\t\t\t\t\t<i aria-hidden=\"true\" class=\"fas fa-check\"><\/i>\t\t\t\t\t\t<\/span>\n\t\t\t\t\t\t\t\t\t\t<span class=\"elementor-icon-list-text\">Acesso Imediato aos Documentos<\/span>\n\t\t\t\t\t\t\t\t\t<\/li>\n\t\t\t\t\t\t\t\t<li class=\"elementor-icon-list-item\">\n\t\t\t\t\t\t\t\t\t\t\t<span class=\"elementor-icon-list-icon\">\n\t\t\t\t\t\t\t<i aria-hidden=\"true\" class=\"fas fa-check\"><\/i>\t\t\t\t\t\t<\/span>\n\t\t\t\t\t\t\t\t\t\t<span class=\"elementor-icon-list-text\">Atualiza\u00e7\u00f5es Autom\u00e1ticas<\/span>\n\t\t\t\t\t\t\t\t\t<\/li>\n\t\t\t\t\t\t\t\t<li class=\"elementor-icon-list-item\">\n\t\t\t\t\t\t\t\t\t\t\t<span class=\"elementor-icon-list-icon\">\n\t\t\t\t\t\t\t<i aria-hidden=\"true\" class=\"fas fa-check\"><\/i>\t\t\t\t\t\t<\/span>\n\t\t\t\t\t\t\t\t\t\t<span class=\"elementor-icon-list-text\">Detalhamento das Boas Pr\u00e1ticas<\/span>\n\t\t\t\t\t\t\t\t\t<\/li>\n\t\t\t\t\t\t\t\t<li class=\"elementor-icon-list-item\">\n\t\t\t\t\t\t\t\t\t\t\t<span class=\"elementor-icon-list-icon\">\n\t\t\t\t\t\t\t<i aria-hidden=\"true\" class=\"fas fa-check\"><\/i>\t\t\t\t\t\t<\/span>\n\t\t\t\t\t\t\t\t\t\t<span class=\"elementor-icon-list-text\">Documentos Personalizados<\/span>\n\t\t\t\t\t\t\t\t\t<\/li>\n\t\t\t\t\t\t\t\t<li class=\"elementor-icon-list-item\">\n\t\t\t\t\t\t\t\t\t\t\t<span class=\"elementor-icon-list-icon\">\n\t\t\t\t\t\t\t<i aria-hidden=\"true\" class=\"fas fa-check\"><\/i>\t\t\t\t\t\t<\/span>\n\t\t\t\t\t\t\t\t\t\t<span class=\"elementor-icon-list-text\">Prontos para Utiliza\u00e7\u00e3o<\/span>\n\t\t\t\t\t\t\t\t\t<\/li>\n\t\t\t\t\t\t\t\t<li class=\"elementor-icon-list-item\">\n\t\t\t\t\t\t\t\t\t\t\t<span class=\"elementor-icon-list-icon\">\n\t\t\t\t\t\t\t<i aria-hidden=\"true\" class=\"fas fa-check\"><\/i>\t\t\t\t\t\t<\/span>\n\t\t\t\t\t\t\t\t\t\t<span class=\"elementor-icon-list-text\">Detalhamento de 61 Procedimentos<\/span>\n\t\t\t\t\t\t\t\t\t<\/li>\n\t\t\t\t\t\t<\/ul>\n\t\t\t\t\t\t<\/div>\n\t\t\t\t<\/div>\n\t\t\t\t<div class=\"elementor-element elementor-element-af2c905 elementor-widget elementor-widget-price-table\" data-id=\"af2c905\" data-element_type=\"widget\" data-widget_type=\"price-table.default\">\n\t\t\t\t<div class=\"elementor-widget-container\">\n\t\t\t\t\t\n\t\t<div class=\"elementor-price-table\">\n\t\t\t\n\t\t\t<div class=\"elementor-price-table__price\">\n\t\t\t\t\t\t\t\t<span class=\"elementor-price-table__currency\">R$<\/span>\t\t\t\t\t\t\t\t\t<span class=\"elementor-price-table__integer-part\">\n\t\t\t\t\t\t149,90\t\t\t\t\t<\/span>\n\t\t\t\t\n\t\t\t\t\n\t\t\t\t\n\t\t\t\t\t\t\t\t\t<span class=\"elementor-price-table__period elementor-typo-excluded\">Acesso Vital\u00edcio<br><\/span>\t\t\t\t\t\t\t<\/div>\n\n\t\t\t\t\t\t\t<ul class=\"elementor-price-table__features-list\">\n\t\t\t\t\t\t\t\t\t\t\t<li class=\"elementor-repeater-item-9d90a7b\">\n\t\t\t\t\t\t\t<div class=\"elementor-price-table__feature-inner\">\n\t\t\t\t\t\t\t\t\t\t\t\t\t\t\t\t&nbsp;\t\t\t\t\t\t\t<\/div>\n\t\t\t\t\t\t<\/li>\n\t\t\t\t\t\t\t\t\t<\/ul>\n\t\t\t\n\t\t\t\t\t<\/div>\n\n\t\t\t\t\t\t<\/div>\n\t\t\t\t<\/div>\n\t\t\t\t<div class=\"elementor-element elementor-element-9023914 elementor-align-center elementor-widget elementor-widget-button\" data-id=\"9023914\" data-element_type=\"widget\" data-widget_type=\"button.default\">\n\t\t\t\t<div class=\"elementor-widget-container\">\n\t\t\t\t\t\t\t\t\t<div class=\"elementor-button-wrapper\">\n\t\t\t\t\t<a class=\"elementor-button elementor-button-link elementor-size-xs\" href=\"https:\/\/rtpd.com.br\/vigilancia_sanitaria\/?POP=SALAO\">\n\t\t\t\t\t\t<span class=\"elementor-button-content-wrapper\">\n\t\t\t\t\t\t\t\t\t<span class=\"elementor-button-text\">Emitir POPs  Sal\u00e3o de Beleza<\/span>\n\t\t\t\t\t<\/span>\n\t\t\t\t\t<\/a>\n\t\t\t\t<\/div>\n\t\t\t\t\t\t\t\t<\/div>\n\t\t\t\t<\/div>\n\t\t\t\t\t<\/div>\n\t\t<\/div>\n\t\t\t\t<div class=\"elementor-column elementor-col-33 elementor-inner-column elementor-element elementor-element-c915f3e elementor-invisible\" data-id=\"c915f3e\" data-element_type=\"column\" data-settings=\"{&quot;background_background&quot;:&quot;classic&quot;,&quot;animation&quot;:&quot;fadeInUp&quot;,&quot;animation_delay&quot;:200}\">\n\t\t\t<div class=\"elementor-widget-wrap elementor-element-populated\">\n\t\t\t\t\t\t<div class=\"elementor-element elementor-element-3483ecd elementor-widget elementor-widget-image\" data-id=\"3483ecd\" data-element_type=\"widget\" data-widget_type=\"image.default\">\n\t\t\t\t<div class=\"elementor-widget-container\">\n\t\t\t\t\t\t\t\t\t\t\t\t\t\t\t<img decoding=\"async\" width=\"1280\" height=\"720\" src=\"https:\/\/rtpd.com.br\/solucoes\/wp-content\/uploads\/2024\/02\/a3.webp\" class=\"attachment-full size-full wp-image-2099\" alt=\"Pop para Cl\u00ednica de Est\u00e9tica\" srcset=\"https:\/\/rtpd.com.br\/solucoes\/wp-content\/uploads\/2024\/02\/a3.webp 1280w, https:\/\/rtpd.com.br\/solucoes\/wp-content\/uploads\/2024\/02\/a3-300x169.webp 300w, https:\/\/rtpd.com.br\/solucoes\/wp-content\/uploads\/2024\/02\/a3-1024x576.webp 1024w, https:\/\/rtpd.com.br\/solucoes\/wp-content\/uploads\/2024\/02\/a3-768x432.webp 768w\" sizes=\"(max-width: 1280px) 100vw, 1280px\" style=\"width:100%;height:56.25%;max-width:1280px\" \/>\t\t\t\t\t\t\t\t\t\t\t\t\t\t\t<\/div>\n\t\t\t\t<\/div>\n\t\t\t\t<div class=\"elementor-element elementor-element-2793afb elementor-widget elementor-widget-heading\" data-id=\"2793afb\" data-element_type=\"widget\" data-widget_type=\"heading.default\">\n\t\t\t\t<div class=\"elementor-widget-container\">\n\t\t\t\t\t<h2 class=\"elementor-heading-title elementor-size-default\">Emissor de POP para Cl\u00ednica de Est\u00e9tica<\/h2>\t\t\t\t<\/div>\n\t\t\t\t<\/div>\n\t\t\t\t<div class=\"elementor-element elementor-element-00a1282 elementor-widget__width-inherit elementor-widget elementor-widget-text-editor\" data-id=\"00a1282\" data-element_type=\"widget\" data-widget_type=\"text-editor.default\">\n\t\t\t\t<div class=\"elementor-widget-container\">\n\t\t\t\t\t\t\t\t\t<p>S\u00e3o&nbsp;<b>43&nbsp;<\/b>documentos&nbsp;<b>POPs<\/b>&nbsp;obrigat\u00f3rios na pasta sanit\u00e1ria da <b>Cl\u00ednica de Est\u00e9tica<\/b> com detalhamento das melhores pr\u00e1ticas no padr\u00e3o de qualidade&nbsp;<b>Anvisa<\/b>.<\/p>\t\t\t\t\t\t\t\t<\/div>\n\t\t\t\t<\/div>\n\t\t\t\t<div class=\"elementor-element elementor-element-a7609f0 elementor-icon-list--layout-traditional elementor-list-item-link-full_width elementor-widget elementor-widget-icon-list\" data-id=\"a7609f0\" data-element_type=\"widget\" data-widget_type=\"icon-list.default\">\n\t\t\t\t<div class=\"elementor-widget-container\">\n\t\t\t\t\t\t\t<ul class=\"elementor-icon-list-items\">\n\t\t\t\t\t\t\t<li class=\"elementor-icon-list-item\">\n\t\t\t\t\t\t\t\t\t\t\t<span class=\"elementor-icon-list-icon\">\n\t\t\t\t\t\t\t<i aria-hidden=\"true\" class=\"fas fa-check\"><\/i>\t\t\t\t\t\t<\/span>\n\t\t\t\t\t\t\t\t\t\t<span class=\"elementor-icon-list-text\">Acesso Vital\u00edcio ao Emissor<\/span>\n\t\t\t\t\t\t\t\t\t<\/li>\n\t\t\t\t\t\t\t\t<li class=\"elementor-icon-list-item\">\n\t\t\t\t\t\t\t\t\t\t\t<span class=\"elementor-icon-list-icon\">\n\t\t\t\t\t\t\t<i aria-hidden=\"true\" class=\"fas fa-check\"><\/i>\t\t\t\t\t\t<\/span>\n\t\t\t\t\t\t\t\t\t\t<span class=\"elementor-icon-list-text\">Acesso Imediato aos Documentos<\/span>\n\t\t\t\t\t\t\t\t\t<\/li>\n\t\t\t\t\t\t\t\t<li class=\"elementor-icon-list-item\">\n\t\t\t\t\t\t\t\t\t\t\t<span class=\"elementor-icon-list-icon\">\n\t\t\t\t\t\t\t<i aria-hidden=\"true\" class=\"fas fa-check\"><\/i>\t\t\t\t\t\t<\/span>\n\t\t\t\t\t\t\t\t\t\t<span class=\"elementor-icon-list-text\">Atualiza\u00e7\u00f5es Autom\u00e1ticas<\/span>\n\t\t\t\t\t\t\t\t\t<\/li>\n\t\t\t\t\t\t\t\t<li class=\"elementor-icon-list-item\">\n\t\t\t\t\t\t\t\t\t\t\t<span class=\"elementor-icon-list-icon\">\n\t\t\t\t\t\t\t<i aria-hidden=\"true\" class=\"fas fa-check\"><\/i>\t\t\t\t\t\t<\/span>\n\t\t\t\t\t\t\t\t\t\t<span class=\"elementor-icon-list-text\">Detalhamento das Boas Pr\u00e1ticas<\/span>\n\t\t\t\t\t\t\t\t\t<\/li>\n\t\t\t\t\t\t\t\t<li class=\"elementor-icon-list-item\">\n\t\t\t\t\t\t\t\t\t\t\t<span class=\"elementor-icon-list-icon\">\n\t\t\t\t\t\t\t<i aria-hidden=\"true\" class=\"fas fa-check\"><\/i>\t\t\t\t\t\t<\/span>\n\t\t\t\t\t\t\t\t\t\t<span class=\"elementor-icon-list-text\">Documentos Personalizados<\/span>\n\t\t\t\t\t\t\t\t\t<\/li>\n\t\t\t\t\t\t\t\t<li class=\"elementor-icon-list-item\">\n\t\t\t\t\t\t\t\t\t\t\t<span class=\"elementor-icon-list-icon\">\n\t\t\t\t\t\t\t<i aria-hidden=\"true\" class=\"fas fa-check\"><\/i>\t\t\t\t\t\t<\/span>\n\t\t\t\t\t\t\t\t\t\t<span class=\"elementor-icon-list-text\">Prontos para Utiliza\u00e7\u00e3o<\/span>\n\t\t\t\t\t\t\t\t\t<\/li>\n\t\t\t\t\t\t\t\t<li class=\"elementor-icon-list-item\">\n\t\t\t\t\t\t\t\t\t\t\t<span class=\"elementor-icon-list-icon\">\n\t\t\t\t\t\t\t<i aria-hidden=\"true\" class=\"fas fa-check\"><\/i>\t\t\t\t\t\t<\/span>\n\t\t\t\t\t\t\t\t\t\t<span class=\"elementor-icon-list-text\">Detalhamento de 43 Procedimentos<\/span>\n\t\t\t\t\t\t\t\t\t<\/li>\n\t\t\t\t\t\t<\/ul>\n\t\t\t\t\t\t<\/div>\n\t\t\t\t<\/div>\n\t\t\t\t<div class=\"elementor-element elementor-element-1c9be57 elementor-widget elementor-widget-price-table\" data-id=\"1c9be57\" data-element_type=\"widget\" data-widget_type=\"price-table.default\">\n\t\t\t\t<div class=\"elementor-widget-container\">\n\t\t\t\t\t\n\t\t<div class=\"elementor-price-table\">\n\t\t\t\n\t\t\t<div class=\"elementor-price-table__price\">\n\t\t\t\t\t\t\t\t<span class=\"elementor-price-table__currency\">R$<\/span>\t\t\t\t\t\t\t\t\t<span class=\"elementor-price-table__integer-part\">\n\t\t\t\t\t\t249,90\t\t\t\t\t<\/span>\n\t\t\t\t\n\t\t\t\t\n\t\t\t\t\n\t\t\t\t\t\t\t\t\t<span class=\"elementor-price-table__period elementor-typo-excluded\">Acesso Vital\u00edcio<\/span>\t\t\t\t\t\t\t<\/div>\n\n\t\t\t\t\t\t\t<ul class=\"elementor-price-table__features-list\">\n\t\t\t\t\t\t\t\t\t\t\t<li class=\"elementor-repeater-item-9d90a7b\">\n\t\t\t\t\t\t\t<div class=\"elementor-price-table__feature-inner\">\n\t\t\t\t\t\t\t\t\t\t\t\t\t\t\t\t&nbsp;\t\t\t\t\t\t\t<\/div>\n\t\t\t\t\t\t<\/li>\n\t\t\t\t\t\t\t\t\t<\/ul>\n\t\t\t\n\t\t\t\t\t<\/div>\n\n\t\t\t\t\t\t<\/div>\n\t\t\t\t<\/div>\n\t\t\t\t<div class=\"elementor-element elementor-element-f71c729 elementor-align-center elementor-widget elementor-widget-button\" data-id=\"f71c729\" data-element_type=\"widget\" data-widget_type=\"button.default\">\n\t\t\t\t<div class=\"elementor-widget-container\">\n\t\t\t\t\t\t\t\t\t<div class=\"elementor-button-wrapper\">\n\t\t\t\t\t<a class=\"elementor-button elementor-button-link elementor-size-xs\" href=\"https:\/\/rtpd.com.br\/vigilancia_sanitaria\/?POP=ESTETICA\">\n\t\t\t\t\t\t<span class=\"elementor-button-content-wrapper\">\n\t\t\t\t\t\t\t\t\t<span class=\"elementor-button-text\">Emitir POPs Cl\u00ednica de Est\u00e9tica<\/span>\n\t\t\t\t\t<\/span>\n\t\t\t\t\t<\/a>\n\t\t\t\t<\/div>\n\t\t\t\t\t\t\t\t<\/div>\n\t\t\t\t<\/div>\n\t\t\t\t\t<\/div>\n\t\t<\/div>\n\t\t\t\t<div class=\"elementor-column elementor-col-33 elementor-inner-column elementor-element elementor-element-a5b37c9 animated-fast elementor-invisible\" data-id=\"a5b37c9\" data-element_type=\"column\" data-settings=\"{&quot;background_background&quot;:&quot;classic&quot;,&quot;animation&quot;:&quot;fadeInUp&quot;,&quot;animation_delay&quot;:400}\">\n\t\t\t<div class=\"elementor-widget-wrap elementor-element-populated\">\n\t\t\t\t\t\t<div class=\"elementor-element elementor-element-81fc5da elementor-position-top elementor-widget elementor-widget-image-box\" data-id=\"81fc5da\" data-element_type=\"widget\" data-widget_type=\"image-box.default\">\n\t\t\t\t<div class=\"elementor-widget-container\">\n\t\t\t\t\t<div class=\"elementor-image-box-wrapper\"><figure class=\"elementor-image-box-img\"><img decoding=\"async\" width=\"1280\" height=\"720\" src=\"https:\/\/rtpd.com.br\/solucoes\/wp-content\/uploads\/2024\/02\/seu-espaco-3.png\" class=\"attachment-full size-full wp-image-2101\" alt=\"Procedimento Operacional Padr\u00e3o POP para Barbearias.\" style=\"width:100%;height:56.25%;max-width:1280px\" srcset=\"https:\/\/rtpd.com.br\/solucoes\/wp-content\/uploads\/2024\/02\/seu-espaco-3.png 1280w, https:\/\/rtpd.com.br\/solucoes\/wp-content\/uploads\/2024\/02\/seu-espaco-3-300x169.png 300w, https:\/\/rtpd.com.br\/solucoes\/wp-content\/uploads\/2024\/02\/seu-espaco-3-1024x576.png 1024w, https:\/\/rtpd.com.br\/solucoes\/wp-content\/uploads\/2024\/02\/seu-espaco-3-768x432.png 768w\" sizes=\"(max-width: 1280px) 100vw, 1280px\" \/><\/figure><\/div>\t\t\t\t<\/div>\n\t\t\t\t<\/div>\n\t\t\t\t<div class=\"elementor-element elementor-element-edf4139 elementor-widget elementor-widget-heading\" data-id=\"edf4139\" data-element_type=\"widget\" data-widget_type=\"heading.default\">\n\t\t\t\t<div class=\"elementor-widget-container\">\n\t\t\t\t\t<h2 class=\"elementor-heading-title elementor-size-default\">Emissor de POP para Barbearias<\/h2>\t\t\t\t<\/div>\n\t\t\t\t<\/div>\n\t\t\t\t<div class=\"elementor-element elementor-element-3b91e2a elementor-widget__width-inherit elementor-widget elementor-widget-text-editor\" data-id=\"3b91e2a\" data-element_type=\"widget\" data-widget_type=\"text-editor.default\">\n\t\t\t\t<div class=\"elementor-widget-container\">\n\t\t\t\t\t\t\t\t\t<p><span style=\"color: var( --e-global-color-secondary ); letter-spacing: -0.1px; background-color: var( --e-global-color-text );\">S\u00e3o\u00a0<\/span><b style=\"color: var( --e-global-color-secondary ); letter-spacing: -0.1px; background-color: var( --e-global-color-text );\">61<\/b><span style=\"color: var( --e-global-color-secondary ); letter-spacing: -0.1px; background-color: var( --e-global-color-text );\">\u00a0documentos\u00a0<\/span><b style=\"color: var( --e-global-color-secondary ); letter-spacing: -0.1px; background-color: var( --e-global-color-text );\">POPs<\/b><span style=\"color: var( --e-global-color-secondary ); letter-spacing: -0.1px; background-color: var( --e-global-color-text );\"> obrigat\u00f3rios na pasta sanit\u00e1ria de <\/span><b style=\"color: var( --e-global-color-secondary ); letter-spacing: -0.1px; background-color: var( --e-global-color-text );\">Barbearias<\/b><span style=\"color: var( --e-global-color-secondary ); letter-spacing: -0.1px; background-color: var( --e-global-color-text );\"> com detalhamento das melhores pr\u00e1ticas no padr\u00e3o de qualidade <\/span><b style=\"color: var( --e-global-color-secondary ); letter-spacing: -0.1px; background-color: var( --e-global-color-text );\">Anvisa<\/b><span style=\"color: var( --e-global-color-secondary ); letter-spacing: -0.1px; background-color: var( --e-global-color-text );\">.<\/span><\/p>\t\t\t\t\t\t\t\t<\/div>\n\t\t\t\t<\/div>\n\t\t\t\t<div class=\"elementor-element elementor-element-f4dfdc4 elementor-icon-list--layout-traditional elementor-list-item-link-full_width elementor-widget elementor-widget-icon-list\" data-id=\"f4dfdc4\" data-element_type=\"widget\" data-widget_type=\"icon-list.default\">\n\t\t\t\t<div class=\"elementor-widget-container\">\n\t\t\t\t\t\t\t<ul class=\"elementor-icon-list-items\">\n\t\t\t\t\t\t\t<li class=\"elementor-icon-list-item\">\n\t\t\t\t\t\t\t\t\t\t\t<span class=\"elementor-icon-list-icon\">\n\t\t\t\t\t\t\t<i aria-hidden=\"true\" class=\"fas fa-check\"><\/i>\t\t\t\t\t\t<\/span>\n\t\t\t\t\t\t\t\t\t\t<span class=\"elementor-icon-list-text\">Acesso Vital\u00edcio ao Emissor<\/span>\n\t\t\t\t\t\t\t\t\t<\/li>\n\t\t\t\t\t\t\t\t<li class=\"elementor-icon-list-item\">\n\t\t\t\t\t\t\t\t\t\t\t<span class=\"elementor-icon-list-icon\">\n\t\t\t\t\t\t\t<i aria-hidden=\"true\" class=\"fas fa-check\"><\/i>\t\t\t\t\t\t<\/span>\n\t\t\t\t\t\t\t\t\t\t<span class=\"elementor-icon-list-text\">Acesso Imediato aos Documentos<\/span>\n\t\t\t\t\t\t\t\t\t<\/li>\n\t\t\t\t\t\t\t\t<li class=\"elementor-icon-list-item\">\n\t\t\t\t\t\t\t\t\t\t\t<span class=\"elementor-icon-list-icon\">\n\t\t\t\t\t\t\t<i aria-hidden=\"true\" class=\"fas fa-check\"><\/i>\t\t\t\t\t\t<\/span>\n\t\t\t\t\t\t\t\t\t\t<span class=\"elementor-icon-list-text\">Atualiza\u00e7\u00f5es Autom\u00e1ticas<\/span>\n\t\t\t\t\t\t\t\t\t<\/li>\n\t\t\t\t\t\t\t\t<li class=\"elementor-icon-list-item\">\n\t\t\t\t\t\t\t\t\t\t\t<span class=\"elementor-icon-list-icon\">\n\t\t\t\t\t\t\t<i aria-hidden=\"true\" class=\"fas fa-check\"><\/i>\t\t\t\t\t\t<\/span>\n\t\t\t\t\t\t\t\t\t\t<span class=\"elementor-icon-list-text\">Detalhamento das Boas Pr\u00e1ticas<\/span>\n\t\t\t\t\t\t\t\t\t<\/li>\n\t\t\t\t\t\t\t\t<li class=\"elementor-icon-list-item\">\n\t\t\t\t\t\t\t\t\t\t\t<span class=\"elementor-icon-list-icon\">\n\t\t\t\t\t\t\t<i aria-hidden=\"true\" class=\"fas fa-check\"><\/i>\t\t\t\t\t\t<\/span>\n\t\t\t\t\t\t\t\t\t\t<span class=\"elementor-icon-list-text\">Documentos Personalizados<\/span>\n\t\t\t\t\t\t\t\t\t<\/li>\n\t\t\t\t\t\t\t\t<li class=\"elementor-icon-list-item\">\n\t\t\t\t\t\t\t\t\t\t\t<span class=\"elementor-icon-list-icon\">\n\t\t\t\t\t\t\t<i aria-hidden=\"true\" class=\"fas fa-check\"><\/i>\t\t\t\t\t\t<\/span>\n\t\t\t\t\t\t\t\t\t\t<span class=\"elementor-icon-list-text\">Prontos para Utiliza\u00e7\u00e3o<\/span>\n\t\t\t\t\t\t\t\t\t<\/li>\n\t\t\t\t\t\t\t\t<li class=\"elementor-icon-list-item\">\n\t\t\t\t\t\t\t\t\t\t\t<span class=\"elementor-icon-list-icon\">\n\t\t\t\t\t\t\t<i aria-hidden=\"true\" class=\"fas fa-check\"><\/i>\t\t\t\t\t\t<\/span>\n\t\t\t\t\t\t\t\t\t\t<span class=\"elementor-icon-list-text\">Detalhamento de 61 Procedimentos<\/span>\n\t\t\t\t\t\t\t\t\t<\/li>\n\t\t\t\t\t\t<\/ul>\n\t\t\t\t\t\t<\/div>\n\t\t\t\t<\/div>\n\t\t\t\t<div class=\"elementor-element elementor-element-c8f4a20 elementor-widget elementor-widget-price-table\" data-id=\"c8f4a20\" data-element_type=\"widget\" data-widget_type=\"price-table.default\">\n\t\t\t\t<div class=\"elementor-widget-container\">\n\t\t\t\t\t\n\t\t<div class=\"elementor-price-table\">\n\t\t\t\n\t\t\t<div class=\"elementor-price-table__price\">\n\t\t\t\t\t\t\t\t<span class=\"elementor-price-table__currency\">R$<\/span>\t\t\t\t\t\t\t\t\t<span class=\"elementor-price-table__integer-part\">\n\t\t\t\t\t\t149,90\t\t\t\t\t<\/span>\n\t\t\t\t\n\t\t\t\t\n\t\t\t\t\n\t\t\t\t\t\t\t\t\t<span class=\"elementor-price-table__period elementor-typo-excluded\">Acesso Vital\u00edcio<br><\/span>\t\t\t\t\t\t\t<\/div>\n\n\t\t\t\t\t\t\t<ul class=\"elementor-price-table__features-list\">\n\t\t\t\t\t\t\t\t\t\t\t<li class=\"elementor-repeater-item-9d90a7b\">\n\t\t\t\t\t\t\t<div class=\"elementor-price-table__feature-inner\">\n\t\t\t\t\t\t\t\t\t\t\t\t\t\t\t\t&nbsp;\t\t\t\t\t\t\t<\/div>\n\t\t\t\t\t\t<\/li>\n\t\t\t\t\t\t\t\t\t<\/ul>\n\t\t\t\n\t\t\t\t\t<\/div>\n\n\t\t\t\t\t\t<\/div>\n\t\t\t\t<\/div>\n\t\t\t\t<div class=\"elementor-element elementor-element-068e527 elementor-align-center elementor-widget elementor-widget-button\" data-id=\"068e527\" data-element_type=\"widget\" data-widget_type=\"button.default\">\n\t\t\t\t<div class=\"elementor-widget-container\">\n\t\t\t\t\t\t\t\t\t<div class=\"elementor-button-wrapper\">\n\t\t\t\t\t<a class=\"elementor-button elementor-button-link elementor-size-xs\" href=\"https:\/\/rtpd.com.br\/vigilancia_sanitaria\/?POP=BARBEARIA\">\n\t\t\t\t\t\t<span class=\"elementor-button-content-wrapper\">\n\t\t\t\t\t\t\t\t\t<span class=\"elementor-button-text\">Emitir POPs Barbearia<\/span>\n\t\t\t\t\t<\/span>\n\t\t\t\t\t<\/a>\n\t\t\t\t<\/div>\n\t\t\t\t\t\t\t\t<\/div>\n\t\t\t\t<\/div>\n\t\t\t\t\t<\/div>\n\t\t<\/div>\n\t\t\t\t\t<\/div>\n\t\t<\/section>\n\t\t\t\t<section class=\"elementor-section elementor-inner-section elementor-element elementor-element-2bf1cfcc elementor-section-content-middle elementor-section-boxed elementor-section-height-default elementor-section-height-default elementor-invisible\" data-id=\"2bf1cfcc\" data-element_type=\"section\" data-settings=\"{&quot;background_background&quot;:&quot;gradient&quot;,&quot;animation&quot;:&quot;fadeInUp&quot;,&quot;animation_delay&quot;:200}\">\n\t\t\t\t\t\t\t<div class=\"elementor-background-overlay\"><\/div>\n\t\t\t\t\t\t\t<div class=\"elementor-container elementor-column-gap-default\">\n\t\t\t\t\t<div class=\"elementor-column elementor-col-50 elementor-inner-column elementor-element elementor-element-45350de7\" data-id=\"45350de7\" data-element_type=\"column\">\n\t\t\t<div class=\"elementor-widget-wrap elementor-element-populated\">\n\t\t\t\t\t\t<div class=\"elementor-element elementor-element-38da5633 elementor-widget elementor-widget-heading\" data-id=\"38da5633\" data-element_type=\"widget\" data-widget_type=\"heading.default\">\n\t\t\t\t<div class=\"elementor-widget-container\">\n\t\t\t\t\t<h3 class=\"elementor-heading-title elementor-size-default\">Quais os Benef\u00edcios dos POPs para Cl\u00ednica de Est\u00e9tica, Sal\u00e3o e Barberia?<\/h3>\t\t\t\t<\/div>\n\t\t\t\t<\/div>\n\t\t\t\t<div class=\"elementor-element elementor-element-18e9967f elementor-widget elementor-widget-text-editor\" data-id=\"18e9967f\" data-element_type=\"widget\" data-widget_type=\"text-editor.default\">\n\t\t\t\t<div class=\"elementor-widget-container\">\n\t\t\t\t\t\t\t\t\t<ul>\n<li><span style=\"font-family: Manrope, sans-serif; white-space-collapse: preserve;\"><b>Orienta\u00e7\u00f5es claras:<\/b><br>Seu POP fornece diretrizes precisas que abrangem todos os requisitos regulat\u00f3rios, criando um padr\u00e3o para seu pessoal seguir.<br> <\/span><\/li>\n<li><span style=\"font-family: Manrope, sans-serif; white-space-collapse: preserve;\">&nbsp;<\/span><b>Treinamento simplificado:<\/b><br>Com um POP bem elaborado, a capacita\u00e7\u00e3o de novos funcion\u00e1rios se torna mais eficiente, pois eles t\u00eam um guia claro para suas responsabilidades.<br><br><\/li>\n<li>&nbsp;<b>Conformidade cont\u00ednua:<\/b> Atualiza\u00e7\u00f5es regulat\u00f3rias s\u00e3o incorporadas automaticamente ao POP, garantindo que sua opera\u00e7\u00e3o permane\u00e7a em conformidade.<br><br><\/li>\n<li><span style=\"font-family: Manrope, sans-serif; white-space-collapse: preserve;\">N\u00e3o corra o risco de multas ou problemas com a vigil\u00e2ncia sanit\u00e1ria. Certifique-se de que seus servi\u00e7os estejam em conformidade com as normas sanit\u00e1rias vigentes, ao mesmo tempo em que padroniza sua opera\u00e7\u00e3o para proporcionar seguran\u00e7a e qualidade aos seus clientes.<\/span><\/li>\n<\/ul>\t\t\t\t\t\t\t\t<\/div>\n\t\t\t\t<\/div>\n\t\t\t\t\t<\/div>\n\t\t<\/div>\n\t\t\t\t<div class=\"elementor-column elementor-col-50 elementor-inner-column elementor-element elementor-element-797bac13\" data-id=\"797bac13\" data-element_type=\"column\">\n\t\t\t<div class=\"elementor-widget-wrap elementor-element-populated\">\n\t\t\t\t\t\t<div class=\"elementor-element elementor-element-6f8a4509 elementor-align-right elementor-mobile-align-center elementor-widget elementor-widget-button\" data-id=\"6f8a4509\" data-element_type=\"widget\" data-widget_type=\"button.default\">\n\t\t\t\t<div class=\"elementor-widget-container\">\n\t\t\t\t\t\t\t\t\t<div class=\"elementor-button-wrapper\">\n\t\t\t\t\t<a class=\"elementor-button elementor-button-link elementor-size-md\" href=\"https:\/\/rtpd.com.br\/vigilancia_sanitaria\/?ANVISA=B2-PAGINA-FAQ-ANVISA-CLI\">\n\t\t\t\t\t\t<span class=\"elementor-button-content-wrapper\">\n\t\t\t\t\t\t\t\t\t<span class=\"elementor-button-text\">Emitir Agora<\/span>\n\t\t\t\t\t<\/span>\n\t\t\t\t\t<\/a>\n\t\t\t\t<\/div>\n\t\t\t\t\t\t\t\t<\/div>\n\t\t\t\t<\/div>\n\t\t\t\t\t<\/div>\n\t\t<\/div>\n\t\t\t\t\t<\/div>\n\t\t<\/section>\n\t\t\t\t<div class=\"elementor-element elementor-element-5da1eddc elementor-widget-divider--view-line elementor-widget elementor-widget-divider\" data-id=\"5da1eddc\" data-element_type=\"widget\" data-widget_type=\"divider.default\">\n\t\t\t\t<div class=\"elementor-widget-container\">\n\t\t\t\t\t\t\t<div class=\"elementor-divider\">\n\t\t\t<span class=\"elementor-divider-separator\">\n\t\t\t\t\t\t<\/span>\n\t\t<\/div>\n\t\t\t\t\t\t<\/div>\n\t\t\t\t<\/div>\n\t\t\t\t<div class=\"elementor-element elementor-element-2bbdefde elementor-widget elementor-widget-text-editor\" data-id=\"2bbdefde\" data-element_type=\"widget\" data-widget_type=\"text-editor.default\">\n\t\t\t\t<div class=\"elementor-widget-container\">\n\t\t\t\t\t\t\t\t\t<p>Para mais informa\u00e7\u00f5es sobre as regulamenta\u00e7\u00f5es da&nbsp;<b>Anvisa<\/b>&nbsp;e a import\u00e2ncia do POP, acesse os links abaixo:<\/p>\t\t\t\t\t\t\t\t<\/div>\n\t\t\t\t<\/div>\n\t\t\t\t<div class=\"elementor-element elementor-element-2f5a29c2 elementor-icon-list--layout-traditional elementor-list-item-link-full_width elementor-widget elementor-widget-icon-list\" data-id=\"2f5a29c2\" data-element_type=\"widget\" data-widget_type=\"icon-list.default\">\n\t\t\t\t<div class=\"elementor-widget-container\">\n\t\t\t\t\t\t\t<ul class=\"elementor-icon-list-items\">\n\t\t\t\t\t\t\t<li class=\"elementor-icon-list-item\">\n\t\t\t\t\t\t\t\t\t\t\t<a href=\"https:\/\/www.gov.br\/anvisa\/pt-br\/acessoainformacao\/perguntasfrequentes\/servicos-de-saude\/servicos-de-embelezamento\" target=\"_blank\">\n\n\t\t\t\t\t\t\t\t\t\t\t\t<span class=\"elementor-icon-list-icon\">\n\t\t\t\t\t\t\t<i aria-hidden=\"true\" class=\"fas fa-link\"><\/i>\t\t\t\t\t\t<\/span>\n\t\t\t\t\t\t\t\t\t\t<span class=\"elementor-icon-list-text\">Normas Anvisa Embelezamento<\/span>\n\t\t\t\t\t\t\t\t\t\t\t<\/a>\n\t\t\t\t\t\t\t\t\t<\/li>\n\t\t\t\t\t\t\t\t<li class=\"elementor-icon-list-item\">\n\t\t\t\t\t\t\t\t\t\t\t<a href=\"https:\/\/www.gov.br\/anvisa\/pt-br\/assuntos\/noticias-anvisa\/2024\/anvisa-republica-nota-tecnica-sobre-servicos-de-estetica-e-embelezamento\" target=\"_blank\">\n\n\t\t\t\t\t\t\t\t\t\t\t\t<span class=\"elementor-icon-list-icon\">\n\t\t\t\t\t\t\t<i aria-hidden=\"true\" class=\"fas fa-link\"><\/i>\t\t\t\t\t\t<\/span>\n\t\t\t\t\t\t\t\t\t\t<span class=\"elementor-icon-list-text\">Nota T\u00e9cnica Anvisa Embelezamento 2024<\/span>\n\t\t\t\t\t\t\t\t\t\t\t<\/a>\n\t\t\t\t\t\t\t\t\t<\/li>\n\t\t\t\t\t\t\t\t<li class=\"elementor-icon-list-item\">\n\t\t\t\t\t\t\t\t\t\t\t<a href=\"https:\/\/www.gov.br\/anvisa\/pt-br\" target=\"_blank\">\n\n\t\t\t\t\t\t\t\t\t\t\t\t<span class=\"elementor-icon-list-icon\">\n\t\t\t\t\t\t\t<i aria-hidden=\"true\" class=\"fas fa-link\"><\/i>\t\t\t\t\t\t<\/span>\n\t\t\t\t\t\t\t\t\t\t<span class=\"elementor-icon-list-text\">Portal Anvisa<\/span>\n\t\t\t\t\t\t\t\t\t\t\t<\/a>\n\t\t\t\t\t\t\t\t\t<\/li>\n\t\t\t\t\t\t<\/ul>\n\t\t\t\t\t\t<\/div>\n\t\t\t\t<\/div>\n\t\t\t\t<div class=\"elementor-element elementor-element-4d98161f elementor-widget elementor-widget-text-editor\" data-id=\"4d98161f\" data-element_type=\"widget\" data-widget_type=\"text-editor.default\">\n\t\t\t\t<div class=\"elementor-widget-container\">\n\t\t\t\t\t\t\t\t\t<section class=\"explanation py-5 bg-light\"><div class=\"container\"><div class=\"row\"><div class=\"col-md-6 text-left\"><p>Em caso de d\u00favidas ou assist\u00eancia, voc\u00ea pode entrar em contato diretamente com a Anvisa pelo e-mail:\u00a0<b><a href=\"mailto:contato@anvisa.gov.br\">contato@anvisa.gov.br<\/a><\/b> ou pelo telefone\u00a0<b>0800 642 9782<\/b><\/p><\/div><\/div><\/div><\/section>\t\t\t\t\t\t\t\t<\/div>\n\t\t\t\t<\/div>\n\t\t\t\t<div class=\"elementor-element elementor-element-5c824747 elementor-widget elementor-widget-text-editor\" data-id=\"5c824747\" data-element_type=\"widget\" data-widget_type=\"text-editor.default\">\n\t\t\t\t<div class=\"elementor-widget-container\">\n\t\t\t\t\t\t\t\t\t<section class=\"explanation py-5 bg-light\"><div class=\"container\"><div class=\"row\"><div class=\"col-md-6 text-left\"><p><span style=\"color: var( --e-global-color-secondary ); font-style: var( --e-global-typography-b2ce6af-font-style ); letter-spacing: var( --e-global-typography-b2ce6af-letter-spacing ); text-transform: var( --e-global-typography-b2ce6af-text-transform ); word-spacing: var( --e-global-typography-b2ce6af-word-spacing );\">Ap\u00f3s o pagamento, o POP ser\u00e1 emitido em formato IMPRESS\u00c3O E PDF configurado para compartilhamento e impress\u00e3o de acordo com as normas da Vigil\u00e2ncia Sanit\u00e1ria. Aqui no nosso portal, a sua empresa poder\u00e1 atualizar e emitir novos POPs sempre que necess\u00e1rio, mantendo-se em conformidade com as regulamenta\u00e7\u00f5es em constante evolu\u00e7\u00e3o.<\/span><\/p><\/div><\/div><\/div><\/section>\t\t\t\t\t\t\t\t<\/div>\n\t\t\t\t<\/div>\n\t\t\t\t\t<\/div>\n\t\t<\/div>\n\t\t\t\t\t<\/div>\n\t\t<\/section>\n\t\t\t\t<section class=\"elementor-section elementor-top-section elementor-element elementor-element-3581cb0b elementor-section-boxed elementor-section-height-default elementor-section-height-default\" data-id=\"3581cb0b\" data-element_type=\"section\">\n\t\t\t\t\t\t<div class=\"elementor-container elementor-column-gap-default\">\n\t\t\t\t\t<div class=\"elementor-column elementor-col-100 elementor-top-column elementor-element elementor-element-e0e0b96\" data-id=\"e0e0b96\" data-element_type=\"column\">\n\t\t\t<div class=\"elementor-widget-wrap elementor-element-populated\">\n\t\t\t\t\t\t<div class=\"elementor-element elementor-element-1af7b2f6 elementor-widget elementor-widget-heading\" data-id=\"1af7b2f6\" data-element_type=\"widget\" data-widget_type=\"heading.default\">\n\t\t\t\t<div class=\"elementor-widget-container\">\n\t\t\t\t\t<h2 class=\"elementor-heading-title elementor-size-default\">Artigos Relacionados<\/h2>\t\t\t\t<\/div>\n\t\t\t\t<\/div>\n\t\t\t\t<div class=\"elementor-element elementor-element-1d5988e2 elementor-widget elementor-widget-shortcode\" data-id=\"1d5988e2\" data-element_type=\"widget\" data-widget_type=\"shortcode.default\">\n\t\t\t\t<div class=\"elementor-widget-container\">\n\t\t\t\t\t\t\t<div class=\"elementor-shortcode\"><ul class=\"lcp_catlist\" id=\"lcp_instance_0\"><li><a href=\"https:\/\/rtpd.com.br\/solucoes\/index.php\/2025\/10\/13\/anvisa-nota-tecnica-10-2025-pops-biosseguranca-odontologia\/\">ANVISA publica Nota T\u00e9cnica n\u00ba 10\/2025 com novas exig\u00eancias de POPs e biosseguran\u00e7a em consult\u00f3rios<\/a><\/li><li><a href=\"https:\/\/rtpd.com.br\/solucoes\/index.php\/2025\/07\/26\/atendimento-automatizado-clinicas-consultorios-aplicativo-proprio\/\">Atendimento Automatizado para Cl\u00ednicas e Consult\u00f3rios com Aplicativo Pr\u00f3prio<\/a><\/li><li><a href=\"https:\/\/rtpd.com.br\/solucoes\/index.php\/2025\/05\/22\/aplicativo-para-fidelizar-clientes\/\">Aplicativo Para Fidelizar Clientes: Como Ele Pode Transformar Seu Neg\u00f3cio<\/a><\/li><li><a href=\"https:\/\/rtpd.com.br\/solucoes\/index.php\/2025\/05\/12\/operacao-estetica-com-seguranca-anvisa-interdita-clinicas\/\">Opera\u00e7\u00e3o &#8220;Est\u00e9tica com Seguran\u00e7a&#8221;: Saiba por que 6 cl\u00ednicas foram interditadas e como garantir conformidade<\/a><\/li><li><a href=\"https:\/\/rtpd.com.br\/solucoes\/index.php\/2025\/05\/07\/por-que-o-aplicativo-da-clinica-de-estetica-e-essencial-para-o-crescimento\/\">Por Que o Aplicativo da Cl\u00ednica de Est\u00e9tica \u00e9 Essencial para o Crescimento do Seu Neg\u00f3cio?<\/a><\/li><li><a href=\"https:\/\/rtpd.com.br\/solucoes\/index.php\/2025\/05\/06\/aplicativo-para-clinica-de-estetica-aumentar-movimento-lucratividade\/\">Aplicativo para Cl\u00ednica de Est\u00e9tica: Como Aumentar o Movimento e a Lucratividade<\/a><\/li><li><a href=\"https:\/\/rtpd.com.br\/solucoes\/index.php\/2025\/04\/28\/aplicativo-proprio-para-clinica-de-estetica-triplica-lucratividade\/\">Descubra Como um Aplicativo Pr\u00f3prio Pode Triplicar a Lucratividade da Sua Cl\u00ednica de Est\u00e9tica!<\/a><\/li><li><a href=\"https:\/\/rtpd.com.br\/solucoes\/index.php\/2025\/04\/27\/beneficios-aplicativo-proprio-clinicas-estetica\/\">Benef\u00edcios que Somente Cl\u00ednicas com Aplicativo Pr\u00f3prio T\u00eam<\/a><\/li><li><a href=\"https:\/\/rtpd.com.br\/solucoes\/index.php\/2025\/04\/15\/lancamento-aplicativo-personalizado-para-clinica-de-estetica\/\">Lan\u00e7amento do Apl\u00edcativo Personalizado para Cl\u00ednica de Est\u00e9tica<\/a><\/li><li><a href=\"https:\/\/rtpd.com.br\/solucoes\/index.php\/2025\/03\/27\/seu-consultorio-esta-preparado-para-as-novas-exigencias-da-anvisa\/\">Seu consult\u00f3rio est\u00e1 preparado para as novas exig\u00eancias da ANVISA?<\/a><\/li><\/ul><\/div>\n\t\t\t\t\t\t<\/div>\n\t\t\t\t<\/div>\n\t\t\t\t\t<\/div>\n\t\t<\/div>\n\t\t\t\t\t<\/div>\n\t\t<\/section>\n\t\t\t\t<\/div>\n\t\t","protected":false},"excerpt":{"rendered":"<p>Normas da Anvisa para Sal\u00f5es de Beleza, Cl\u00ednicas e Barbearias D\u00eduvidas e Orienta\u00e7\u00f5es Sobre Formaliza\u00e7\u00e3o Fique em Dia com as Normas da Anvisa Nesta se\u00e7\u00e3o, apresentamos um resumo das normas e regulamenta\u00e7\u00f5es estabelecidas pela Ag\u00eancia Nacional de Vigil\u00e2ncia Sanit\u00e1ria (Anvisa) para garantir a seguran\u00e7a e a qualidade dos servi\u00e7os oferecidos em sal\u00f5es de beleza, cl\u00ednicas&hellip; <a class=\"more-link\" href=\"https:\/\/rtpd.com.br\/solucoes\/index.php\/normas-da-anvisa-para-saloes-de-beleza-clinicas-e-barbearias\/\">Continuar lendo <span class=\"screen-reader-text\">Normas da Anvisa para Sal\u00f5es de Beleza, Cl\u00ednicas e Barbearias\u200b<\/span><\/a><\/p>\n","protected":false},"author":1,"featured_media":0,"parent":0,"menu_order":0,"comment_status":"closed","ping_status":"closed","template":"elementor_header_footer","meta":{"footnotes":""},"class_list":["post-3376","page","type-page","status-publish","hentry","entry"],"yoast_head":"<!-- This site is optimized with the Yoast SEO Premium plugin v22.0 (Yoast SEO v21.7) - https:\/\/yoast.com\/wordpress\/plugins\/seo\/ -->\n<title>Normas da Anvisa para Sal\u00f5es de Beleza, Cl\u00ednicas e Barbearias\u200b<\/title>\n<meta name=\"description\" content=\"Nesta se\u00e7\u00e3o, apresentamos um resumo das normas e regulamenta\u00e7\u00f5es estabelecidas pela Ag\u00eancia Nacional de Vigil\u00e2ncia Sanit\u00e1ria (Anvisa) .\" \/>\n<meta name=\"robots\" content=\"index, follow, max-snippet:-1, max-image-preview:large, max-video-preview:-1\" \/>\n<link rel=\"canonical\" href=\"https:\/\/rtpd.com.br\/solucoes\/index.php\/normas-da-anvisa-para-saloes-de-beleza-clinicas-e-barbearias\/\" \/>\n<meta property=\"og:locale\" content=\"pt_BR\" \/>\n<meta property=\"og:type\" content=\"article\" \/>\n<meta property=\"og:title\" content=\"Normas da Anvisa para Sal\u00f5es de Beleza, Cl\u00ednicas e Barbearias\u200b\" \/>\n<meta property=\"og:description\" content=\"Desenvolvimento de solu\u00e7\u00f5es personalizadas que otimizam processos e aumentam a efici\u00eancia das opera\u00e7\u00f5es. Aplica\u00e7\u00f5es: Cria\u00e7\u00e3o de aplicativos e sistemas para web, Android e iOS.Sistemas em Nuvem: Implementa\u00e7\u00e3o de solu\u00e7\u00f5es em nuvem que garantem maior escalabilidade, seguran\u00e7a e acessibilidade aos dados na gest\u00e3o de processos e opera\u00e7\u00f5es.Automa\u00e7\u00e3o: Desenvolvemos sistemas de automa\u00e7\u00e3o de processos para os setores industrial, comercial e log\u00edstico, visando a redu\u00e7\u00e3o de custos e efici\u00eancia operacional.\" \/>\n<meta property=\"og:url\" content=\"https:\/\/rtpd.com.br\/solucoes\/index.php\/normas-da-anvisa-para-saloes-de-beleza-clinicas-e-barbearias\/\" \/>\n<meta property=\"og:site_name\" content=\"RT Plataformas Digitais\" \/>\n<meta property=\"article:publisher\" content=\"https:\/\/www.facebook.com\/rtplataformas\/\" \/>\n<meta property=\"article:modified_time\" content=\"2025-04-14T16:23:05+00:00\" \/>\n<meta property=\"og:image\" content=\"https:\/\/rtpd.com.br\/solucoes\/wp-content\/uploads\/2024\/02\/Padrao-de-Qualidade-Anvisa-12.png\" \/>\n<meta name=\"twitter:card\" content=\"summary_large_image\" \/>\n<meta name=\"twitter:site\" content=\"@digitaisrt\" \/>\n<meta name=\"twitter:label1\" content=\"Est. tempo de leitura\" \/>\n\t<meta name=\"twitter:data1\" content=\"30 minutos\" \/>\n<script type=\"application\/ld+json\" class=\"yoast-schema-graph\">{\"@context\":\"https:\/\/schema.org\",\"@graph\":[{\"@type\":\"WebPage\",\"@id\":\"https:\/\/rtpd.com.br\/solucoes\/index.php\/normas-da-anvisa-para-saloes-de-beleza-clinicas-e-barbearias\/\",\"url\":\"https:\/\/rtpd.com.br\/solucoes\/index.php\/normas-da-anvisa-para-saloes-de-beleza-clinicas-e-barbearias\/\",\"name\":\"Normas da Anvisa para Sal\u00f5es de Beleza, Cl\u00ednicas e Barbearias\u200b\",\"isPartOf\":{\"@id\":\"https:\/\/rtpd.com.br\/solucoes\/#website\"},\"datePublished\":\"2024-03-05T11:50:29+00:00\",\"dateModified\":\"2025-04-14T16:23:05+00:00\",\"description\":\"Nesta se\u00e7\u00e3o, apresentamos um resumo das normas e regulamenta\u00e7\u00f5es estabelecidas pela Ag\u00eancia Nacional de Vigil\u00e2ncia Sanit\u00e1ria (Anvisa) .\",\"breadcrumb\":{\"@id\":\"https:\/\/rtpd.com.br\/solucoes\/index.php\/normas-da-anvisa-para-saloes-de-beleza-clinicas-e-barbearias\/#breadcrumb\"},\"inLanguage\":\"pt-BR\",\"potentialAction\":[{\"@type\":\"ReadAction\",\"target\":[\"https:\/\/rtpd.com.br\/solucoes\/index.php\/normas-da-anvisa-para-saloes-de-beleza-clinicas-e-barbearias\/\"]}]},{\"@type\":\"BreadcrumbList\",\"@id\":\"https:\/\/rtpd.com.br\/solucoes\/index.php\/normas-da-anvisa-para-saloes-de-beleza-clinicas-e-barbearias\/#breadcrumb\",\"itemListElement\":[{\"@type\":\"ListItem\",\"position\":1,\"name\":\"In\u00edcio\",\"item\":\"https:\/\/rtpd.com.br\/solucoes\/\"},{\"@type\":\"ListItem\",\"position\":2,\"name\":\"Normas da Anvisa para Sal\u00f5es de Beleza, Cl\u00ednicas e Barbearias\u200b\"}]},{\"@type\":\"WebSite\",\"@id\":\"https:\/\/rtpd.com.br\/solucoes\/#website\",\"url\":\"https:\/\/rtpd.com.br\/solucoes\/\",\"name\":\"RT Plataformas Digitais\",\"description\":\"Desenvolvimento de Aplica\u00e7\u00f5es Cloud, Android e iOS. Emiss\u00e3o de POP Est\u00e9tica, Barbearias e Espa\u00e7o de Beleza.\",\"publisher\":{\"@id\":\"https:\/\/rtpd.com.br\/solucoes\/#organization\"},\"alternateName\":\"RTPD\",\"potentialAction\":[{\"@type\":\"SearchAction\",\"target\":{\"@type\":\"EntryPoint\",\"urlTemplate\":\"https:\/\/rtpd.com.br\/solucoes\/?s={search_term_string}\"},\"query-input\":\"required name=search_term_string\"}],\"inLanguage\":\"pt-BR\"},{\"@type\":[\"Organization\",\"Place\"],\"@id\":\"https:\/\/rtpd.com.br\/solucoes\/#organization\",\"name\":\"RT Plataformas Digitais\",\"alternateName\":\"RTPD\",\"url\":\"https:\/\/rtpd.com.br\/solucoes\/\",\"logo\":{\"@type\":\"ImageObject\",\"inLanguage\":\"pt-BR\",\"@id\":\"https:\/\/rtpd.com.br\/solucoes\/#\/schema\/logo\/image\/\",\"url\":\"https:\/\/rtpd.com.br\/solucoes\/wp-content\/uploads\/2025\/07\/RT-Plataformas-Digitais.png\",\"contentUrl\":\"https:\/\/rtpd.com.br\/solucoes\/wp-content\/uploads\/2025\/07\/RT-Plataformas-Digitais.png\",\"width\":512,\"height\":512,\"caption\":\"RT Plataformas Digitais\"},\"image\":{\"@id\":\"https:\/\/rtpd.com.br\/solucoes\/#\/schema\/logo\/image\/\"},\"sameAs\":[\"https:\/\/www.facebook.com\/rtplataformas\/\",\"https:\/\/twitter.com\/digitaisrt\"],\"location\":{\"@id\":\"https:\/\/rtpd.com.br\/solucoes\/index.php\/normas-da-anvisa-para-saloes-de-beleza-clinicas-e-barbearias\/#local-place\"},\"address\":{\"@id\":\"https:\/\/rtpd.com.br\/solucoes\/index.php\/normas-da-anvisa-para-saloes-de-beleza-clinicas-e-barbearias\/#local-place-address\"},\"email\":\"comercial@rtpd.com.br\",\"telephone\":\"(37) 99842-5465\",\"areaServed\":\"Brasil\",\"vatID\":\"14.999.798\/0001-31\",\"taxID\":\"028.577.876-50\"},{\"@type\":\"Place\",\"@id\":\"https:\/\/rtpd.com.br\/solucoes\/index.php\/normas-da-anvisa-para-saloes-de-beleza-clinicas-e-barbearias\/#local-place\",\"address\":{\"@type\":\"PostalAddress\",\"@id\":\"https:\/\/rtpd.com.br\/solucoes\/index.php\/normas-da-anvisa-para-saloes-de-beleza-clinicas-e-barbearias\/#local-place-address\",\"streetAddress\":\"Rua Marcio Francisco Rabelo, 127 Maria Fernanda II\",\"addressLocality\":\"Lagoa da Prata\",\"postalCode\":\"35592-168\",\"addressRegion\":\"Minas Gerais\",\"addressCountry\":\"BR\"},\"geo\":{\"@type\":\"GeoCoordinates\",\"latitude\":\"-20.031445\",\"longitude\":\"-45.5202471\"},\"openingHoursSpecification\":[],\"telephone\":\"(37) 99842-5465\"}]}<\/script>\n<meta name=\"geo.placename\" content=\"Lagoa da Prata\" \/>\n<meta name=\"geo.position\" content=\"-20.031445;-45.5202471\" \/>\n<meta name=\"geo.region\" content=\"Brasil\" \/>\n<!-- \/ Yoast SEO Premium plugin. -->","yoast_head_json":{"title":"Normas da Anvisa para Sal\u00f5es de Beleza, Cl\u00ednicas e Barbearias\u200b","description":"Nesta se\u00e7\u00e3o, apresentamos um resumo das normas e regulamenta\u00e7\u00f5es estabelecidas pela Ag\u00eancia Nacional de Vigil\u00e2ncia Sanit\u00e1ria (Anvisa) .","robots":{"index":"index","follow":"follow","max-snippet":"max-snippet:-1","max-image-preview":"max-image-preview:large","max-video-preview":"max-video-preview:-1"},"canonical":"https:\/\/rtpd.com.br\/solucoes\/index.php\/normas-da-anvisa-para-saloes-de-beleza-clinicas-e-barbearias\/","og_locale":"pt_BR","og_type":"article","og_title":"Normas da Anvisa para Sal\u00f5es de Beleza, Cl\u00ednicas e Barbearias\u200b","og_description":"Desenvolvimento de solu\u00e7\u00f5es personalizadas que otimizam processos e aumentam a efici\u00eancia das opera\u00e7\u00f5es. Aplica\u00e7\u00f5es: Cria\u00e7\u00e3o de aplicativos e sistemas para web, Android e iOS.Sistemas em Nuvem: Implementa\u00e7\u00e3o de solu\u00e7\u00f5es em nuvem que garantem maior escalabilidade, seguran\u00e7a e acessibilidade aos dados na gest\u00e3o de processos e opera\u00e7\u00f5es.Automa\u00e7\u00e3o: Desenvolvemos sistemas de automa\u00e7\u00e3o de processos para os setores industrial, comercial e log\u00edstico, visando a redu\u00e7\u00e3o de custos e efici\u00eancia operacional.","og_url":"https:\/\/rtpd.com.br\/solucoes\/index.php\/normas-da-anvisa-para-saloes-de-beleza-clinicas-e-barbearias\/","og_site_name":"RT Plataformas Digitais","article_publisher":"https:\/\/www.facebook.com\/rtplataformas\/","article_modified_time":"2025-04-14T16:23:05+00:00","og_image":[{"url":"https:\/\/rtpd.com.br\/solucoes\/wp-content\/uploads\/2024\/02\/Padrao-de-Qualidade-Anvisa-12.png"}],"twitter_card":"summary_large_image","twitter_site":"@digitaisrt","twitter_misc":{"Est. tempo de leitura":"30 minutos"},"schema":{"@context":"https:\/\/schema.org","@graph":[{"@type":"WebPage","@id":"https:\/\/rtpd.com.br\/solucoes\/index.php\/normas-da-anvisa-para-saloes-de-beleza-clinicas-e-barbearias\/","url":"https:\/\/rtpd.com.br\/solucoes\/index.php\/normas-da-anvisa-para-saloes-de-beleza-clinicas-e-barbearias\/","name":"Normas da Anvisa para Sal\u00f5es de Beleza, Cl\u00ednicas e Barbearias\u200b","isPartOf":{"@id":"https:\/\/rtpd.com.br\/solucoes\/#website"},"datePublished":"2024-03-05T11:50:29+00:00","dateModified":"2025-04-14T16:23:05+00:00","description":"Nesta se\u00e7\u00e3o, apresentamos um resumo das normas e regulamenta\u00e7\u00f5es estabelecidas pela Ag\u00eancia Nacional de Vigil\u00e2ncia Sanit\u00e1ria (Anvisa) .","breadcrumb":{"@id":"https:\/\/rtpd.com.br\/solucoes\/index.php\/normas-da-anvisa-para-saloes-de-beleza-clinicas-e-barbearias\/#breadcrumb"},"inLanguage":"pt-BR","potentialAction":[{"@type":"ReadAction","target":["https:\/\/rtpd.com.br\/solucoes\/index.php\/normas-da-anvisa-para-saloes-de-beleza-clinicas-e-barbearias\/"]}]},{"@type":"BreadcrumbList","@id":"https:\/\/rtpd.com.br\/solucoes\/index.php\/normas-da-anvisa-para-saloes-de-beleza-clinicas-e-barbearias\/#breadcrumb","itemListElement":[{"@type":"ListItem","position":1,"name":"In\u00edcio","item":"https:\/\/rtpd.com.br\/solucoes\/"},{"@type":"ListItem","position":2,"name":"Normas da Anvisa para Sal\u00f5es de Beleza, Cl\u00ednicas e Barbearias\u200b"}]},{"@type":"WebSite","@id":"https:\/\/rtpd.com.br\/solucoes\/#website","url":"https:\/\/rtpd.com.br\/solucoes\/","name":"RT Plataformas Digitais","description":"Desenvolvimento de Aplica\u00e7\u00f5es Cloud, Android e iOS. Emiss\u00e3o de POP Est\u00e9tica, Barbearias e Espa\u00e7o de Beleza.","publisher":{"@id":"https:\/\/rtpd.com.br\/solucoes\/#organization"},"alternateName":"RTPD","potentialAction":[{"@type":"SearchAction","target":{"@type":"EntryPoint","urlTemplate":"https:\/\/rtpd.com.br\/solucoes\/?s={search_term_string}"},"query-input":"required name=search_term_string"}],"inLanguage":"pt-BR"},{"@type":["Organization","Place"],"@id":"https:\/\/rtpd.com.br\/solucoes\/#organization","name":"RT Plataformas Digitais","alternateName":"RTPD","url":"https:\/\/rtpd.com.br\/solucoes\/","logo":{"@type":"ImageObject","inLanguage":"pt-BR","@id":"https:\/\/rtpd.com.br\/solucoes\/#\/schema\/logo\/image\/","url":"https:\/\/rtpd.com.br\/solucoes\/wp-content\/uploads\/2025\/07\/RT-Plataformas-Digitais.png","contentUrl":"https:\/\/rtpd.com.br\/solucoes\/wp-content\/uploads\/2025\/07\/RT-Plataformas-Digitais.png","width":512,"height":512,"caption":"RT Plataformas Digitais"},"image":{"@id":"https:\/\/rtpd.com.br\/solucoes\/#\/schema\/logo\/image\/"},"sameAs":["https:\/\/www.facebook.com\/rtplataformas\/","https:\/\/twitter.com\/digitaisrt"],"location":{"@id":"https:\/\/rtpd.com.br\/solucoes\/index.php\/normas-da-anvisa-para-saloes-de-beleza-clinicas-e-barbearias\/#local-place"},"address":{"@id":"https:\/\/rtpd.com.br\/solucoes\/index.php\/normas-da-anvisa-para-saloes-de-beleza-clinicas-e-barbearias\/#local-place-address"},"email":"comercial@rtpd.com.br","telephone":"(37) 99842-5465","areaServed":"Brasil","vatID":"14.999.798\/0001-31","taxID":"028.577.876-50"},{"@type":"Place","@id":"https:\/\/rtpd.com.br\/solucoes\/index.php\/normas-da-anvisa-para-saloes-de-beleza-clinicas-e-barbearias\/#local-place","address":{"@type":"PostalAddress","@id":"https:\/\/rtpd.com.br\/solucoes\/index.php\/normas-da-anvisa-para-saloes-de-beleza-clinicas-e-barbearias\/#local-place-address","streetAddress":"Rua Marcio Francisco Rabelo, 127 Maria Fernanda II","addressLocality":"Lagoa da Prata","postalCode":"35592-168","addressRegion":"Minas Gerais","addressCountry":"BR"},"geo":{"@type":"GeoCoordinates","latitude":"-20.031445","longitude":"-45.5202471"},"openingHoursSpecification":[],"telephone":"(37) 99842-5465"}]}},"_links":{"self":[{"href":"https:\/\/rtpd.com.br\/solucoes\/index.php\/wp-json\/wp\/v2\/pages\/3376","targetHints":{"allow":["GET"]}}],"collection":[{"href":"https:\/\/rtpd.com.br\/solucoes\/index.php\/wp-json\/wp\/v2\/pages"}],"about":[{"href":"https:\/\/rtpd.com.br\/solucoes\/index.php\/wp-json\/wp\/v2\/types\/page"}],"author":[{"embeddable":true,"href":"https:\/\/rtpd.com.br\/solucoes\/index.php\/wp-json\/wp\/v2\/users\/1"}],"replies":[{"embeddable":true,"href":"https:\/\/rtpd.com.br\/solucoes\/index.php\/wp-json\/wp\/v2\/comments?post=3376"}],"version-history":[{"count":19,"href":"https:\/\/rtpd.com.br\/solucoes\/index.php\/wp-json\/wp\/v2\/pages\/3376\/revisions"}],"predecessor-version":[{"id":8625,"href":"https:\/\/rtpd.com.br\/solucoes\/index.php\/wp-json\/wp\/v2\/pages\/3376\/revisions\/8625"}],"wp:attachment":[{"href":"https:\/\/rtpd.com.br\/solucoes\/index.php\/wp-json\/wp\/v2\/media?parent=3376"}],"curies":[{"name":"wp","href":"https:\/\/api.w.org\/{rel}","templated":true}]}}